{"id":1379,"date":"2025-03-26T12:55:52","date_gmt":"2025-03-26T12:55:52","guid":{"rendered":"https:\/\/build-care.codip.tu-dresden.de\/?page_id=1379"},"modified":"2026-02-11T14:00:39","modified_gmt":"2026-02-11T13:00:39","slug":"personas","status":"publish","type":"page","link":"https:\/\/build-care.eu\/de\/personas\/","title":{"rendered":"PERSONAS"},"content":{"rendered":"<!--themify_builder_content-->\n<div id=\"themify_builder_content-1379\" data-postid=\"1379\" class=\"themify_builder_content themify_builder_content-1379 themify_builder tf_clear\">\n                    <div  data-css_id=\"svwi788\" data-lazy=\"1\" class=\"module_row themify_builder_row fullwidth tb_svwi788 tb_first tf_w\">\n                        <div class=\"row_inner col_align_top tb_col_count_2 tf_box tf_rel\">\n                        <div  data-lazy=\"1\" class=\"module_column tb-column col4-2 tb_acml788 first\">\n                    <!-- module text -->\n<div  class=\"module module-text tb_srym788\" data-lazy=\"1\">\n        <div  class=\"tb_text_wrap\">\n        <h1>Personas<\/h1>\n<h2><span style=\"font-weight: normal;\">PROFILE VON KINDERN, DIE VON EINEM SCHLAGANFALL BETROFFEN SIND<\/span><\/h2>\n<p style=\"text-align: left;\"><span style=\"font-weight: normal;\">Um die Erfahrungen von Kindern mit Schlaganfall im Designprozess besser sichtbar zu machen, haben wir auf der Grundlage unserer Forschung detaillierte Personas entwickelt. Eine Persona ist ein fiktives, aber forschungsbasiertes Profil, das wesentliche Merkmale, Bed\u00fcrfnisse und Verhaltensweisen einer Nutzergruppe darstellt. In diesem Projekt erfasst jede Persona typische Alltagssituationen, Herausforderungen und Hoffnungen von Kindern, die einen Schlaganfall erlitten haben, und ihren Familien. Diese Profile k\u00f6nnen Designern, Forschern und Entscheidungstr\u00e4gern helfen, sich besser in die Situation der Betroffenen hineinzuversetzen und Umgebungen zu schaffen, die den tats\u00e4chlichen Bed\u00fcrfnissen besser entsprechen. Um den Kontext und die Methodik hinter dem Persona-Set besser zu verstehen, besuchen Sie die Einleitung und das Glossar. Die Personas k\u00f6nnen auch als druckbare A4- und A3-PDFs f\u00fcr Workshops, Unterricht, Designprojekte und den pers\u00f6nlichen Gebrauch heruntergeladen werden.\u00a0<\/span><\/p>\n<p style=\"text-align: left;\"><span style=\"font-weight: normal;\">\u00a0<\/span><\/p>\n<p style=\"text-align: left;\"><span style=\"font-weight: normal;\">Die anklickbaren Personas unten bieten eine kurze Einf\u00fchrung in unsere Ergebnisse. Um alle Details zu erfahren, laden Sie bitte das komplette Set herunter.\u00a0<\/span><br><br><span style=\"font-weight: normal;\">Unten auf dieser Seite werden ausgew\u00e4hlte anonyme Reflexionen von zwei Expertengremien \u00fcber das Persona-Set vorgestellt, <\/span><span style=\"text-align: justify; font-weight: normal;\">Der vollst\u00e4ndige Bericht steht als PDF-Download zur Verf\u00fcgung.<\/span><\/p>\n<div id=\"ConnectiveDocSignExtentionInstalled\" data-extension-version=\"1.0.4\">\u00a0<\/div>    <\/div>\n<\/div>\n<!-- \/module text --><!-- module accordion -->\n<div  class=\"module module-accordion tb_9c4u406\" data-behavior=\"toggle\" data-lazy=\"1\">\n    \n    <ul class=\"ui module-accordion  rounded tb_default_color\">\n            <li>\n            <div class=\"accordion-title tf_rel\">\n                <a href=\"#acc-9c4u406-0\" class=\"tb_title_accordion\" aria-controls=\"acc-9c4u406-0-content\" aria-expanded=\"false\">\n                                                            <span class=\"accordion-title-wrap\">\u00dcBER DIESEN PERSONA-SATZ<\/span>                <\/a>\n            <\/div><!-- .accordion-title -->\n            <div id=\"acc-9c4u406-0-content\" data-id=\"acc-9c4u406-0\" aria-hidden=\"true\" class=\"accordion-content tf_hide tf_clearfix\">\n                        <div  data-lazy=\"1\" class=\"module_subrow themify_builder_sub_row tf_w col_align_top tb_col_count_1 tb_0wzb454\">\n                <div  data-lazy=\"1\" class=\"module_column sub_column tb_8077454 first\">\n                    <!-- module text -->\n<div  class=\"module module-text tb_j7w5454\" data-lazy=\"1\">\n        <div  class=\"tb_text_wrap\">\n        <p>Ein Persona-Set ist eine Sammlung von forschungsbasierten Profilen, die verschiedene Arten von Menschen, ihre Bed\u00fcrfnisse und ihr Alltagsleben darstellen. Sie werden auf der Grundlage von Daten erstellt, die die Erfahrungen echter Menschen widerspiegeln, und sollen anderen dabei helfen, sich vorzustellen, wie verschiedene Personen den Alltag, die Herausforderungen und die M\u00f6glichkeiten erleben.<\/p>\n<p><br>In diesem Persona-Set werden die Geschichten von Kindern, die sich von einem Schlaganfall erholen, und ihren Familien festgehalten. Dieses Set wurde im Rahmen von BUILD CARE entwickelt, einem multidisziplin\u00e4ren Forschungsprojekt, das untersucht, wie die R\u00e4ume, in denen diese Kinder leben, lernen und versorgt werden, ihre Genesung und Lebensqualit\u00e4t beeinflussen. In die Untersuchung wurden Familien in drei europ\u00e4ischen L\u00e4ndern (\u00d6sterreich, Belgien und Deutschland) einbezogen. Es wurden Einblicke in die Erfahrungen sowohl mit informellen Umgebungen wie Wohnungen, Nachbarschaften und Schulen als auch mit formellen Pflegeeinrichtungen wie Krankenh\u00e4usern, Kliniken und Rehabilitationszentren gewonnen.<\/p>\n<p>Diese Pers\u00f6nlichkeitsentwicklung basierte auf Interviews mit 30 Familien, die von einem Schlaganfall im Kindesalter betroffen waren, auf kognitiven Daten aus standardisierten neuropsychologischen Tests mit 15 Kindern und auf den Ergebnissen einer Online-Umfrage, die das Wohlbefinden und die sozio\u00f6konomischen Auswirkungen auf diese Familien untersuchte und von \u00fcber 100 Familien in den drei teilnehmenden L\u00e4ndern ausgef\u00fcllt wurde.<\/p>    <\/div>\n<\/div>\n<!-- \/module text -->        <\/div>\n                    <\/div>\n                    <\/div><!-- .accordion-content -->\n        <\/li>\n            <li>\n            <div class=\"accordion-title tf_rel\">\n                <a href=\"#acc-9c4u406-1\" class=\"tb_title_accordion\" aria-controls=\"acc-9c4u406-1-content\" aria-expanded=\"false\">\n                                                            <span class=\"accordion-title-wrap\">F\u00dcR WEN IST DIESES PERSONA-SET GEDACHT?<\/span>                <\/a>\n            <\/div><!-- .accordion-title -->\n            <div id=\"acc-9c4u406-1-content\" data-id=\"acc-9c4u406-1\" aria-hidden=\"true\" class=\"accordion-content tf_hide tf_clearfix\">\n                        <div  data-lazy=\"1\" class=\"module_subrow themify_builder_sub_row tf_w col_align_top tb_col_count_1 tb_bq36213\">\n                <div  data-lazy=\"1\" class=\"module_column sub_column tb_aj9a214 first\">\n                    <!-- module text -->\n<div  class=\"module module-text tb_weck214\" data-lazy=\"1\">\n        <div  class=\"tb_text_wrap\">\n        <p><span style=\"font-weight: bold;\">Architekten, Designer, Fachleute im Gesundheitswesen<\/span> - Die Personas k\u00f6nnen Ihnen helfen, den Alltag von Kindern, die von einem Schlaganfall betroffen sind, besser zu verstehen, einschlie\u00dflich derjenigen, die sich vollst\u00e4ndig erholen, und derjenigen, die mit bleibenden Behinderungen leben. Sie verdeutlichen sowohl die Herausforderungen, denen sich Kinder und ihre Familien in der baulichen Umwelt gegen\u00fcbersehen, als auch die kreativen Strategien, die sie zur Bew\u00e4ltigung anwenden. Die Personas erfassen nicht nur die k\u00f6rperlichen Bed\u00fcrfnisse, sondern auch die kognitiven und emotionalen Aspekte des Lebens nach einem Schlaganfall. Durch die Weitergabe dieser Erkenntnisse k\u00f6nnen die Personas dazu anregen, integrativere, unterst\u00fctzende und f\u00f6rdernde Umgebungen zu schaffen.<\/p>\n<p><br><span style=\"font-weight: bold;\">Familien, die von einem Schlaganfall im Kindesalter betroffen sind<\/span> - k\u00f6nnen die Personas f\u00fcr Sie genauso wertvoll sein. Viele von Ihnen werden Teile ihrer eigenen Geschichte in diesen Personas wiedererkennen, was dazu beitragen kann, sich gesehen und verstanden zu f\u00fchlen. Sie k\u00f6nnen auch Gespr\u00e4che dar\u00fcber er\u00f6ffnen, welche Art von R\u00e4umen und Merkmalen in der baulichen Umgebung im t\u00e4glichen Leben wirklich einen Unterschied machen. Bei der allt\u00e4glichen Gestaltung von Pflegeumgebungen und bei formellen Entscheidungen w\u00e4hrend des Planungsprozesses kann diese Ressource Ihnen dabei helfen, sich M\u00f6glichkeiten vorzustellen, die \u00fcber Ihre eigenen pers\u00f6nlichen Erfahrungen hinausgehen. Auf diese Weise werden die Personas zu einem gemeinsamen Bezugspunkt, der Familien, Praktiker und Forscher verbindet, um ein gemeinsames Verst\u00e4ndnis daf\u00fcr zu entwickeln, was es bedeuten kann, mit den dauerhaften Auswirkungen eines Schlaganfalls in der Kindheit zu leben.<\/p>    <\/div>\n<\/div>\n<!-- \/module text -->        <\/div>\n                    <\/div>\n                    <\/div><!-- .accordion-content -->\n        <\/li>\n        <\/ul>\n\n<\/div><!-- \/module accordion --><!-- module buttons -->\n<div  class=\"module module-buttons tb_7jvm829 buttons-horizontal solid  large circle buttons-fullwidth\" data-lazy=\"1\">\n        <div class=\"module-buttons-item tf_in_flx\">\n                        <a href=\"https:\/\/build-care.codip.tu-dresden.de\/wp-content\/uploads\/2025\/10\/BC_PERSONA_SET_INTRODUCTION_AND_GLOSSARY.pdf\" class=\"ui builder_button tf_in_flx blue\" target=\"_blank\" rel=\"noopener\">\n                                                Download Einf\u00fchrung &amp; Glossar                                        <\/a>\n                <\/div>\n                    <div class=\"module-buttons-item tf_in_flx\">\n                        <a href=\"https:\/\/build-care.codip.tu-dresden.de\/wp-content\/uploads\/2025\/12\/BC_Persona_set_A4_printable.pdf\" class=\"ui builder_button tf_in_flx blue\" target=\"_blank\" rel=\"noopener\">\n                                                A4 Persona-Satz herunterladen                                        <\/a>\n                <\/div>\n                    <div class=\"module-buttons-item tf_in_flx\">\n                        <a href=\"https:\/\/build-care.codip.tu-dresden.de\/wp-content\/uploads\/2025\/12\/BC_persona_set_A3_printable.pdf\" class=\"ui builder_button tf_in_flx blue\" target=\"_blank\" rel=\"noopener\">\n                                                A3-Persona-Satz herunterladen                                        <\/a>\n                <\/div>\n            <\/div>\n<!-- \/module buttons -->\n        <\/div>\n                    <div  data-lazy=\"1\" class=\"module_column tb-column col4-2 tb_ooqk186 last\">\n                    <!-- module image -->\n<div  class=\"module module-image tb_w8u5186 image-left   tf_mw\" data-lazy=\"1\">\n        <div class=\"image-wrap tf_rel tf_mw\">\n            <img loading=\"lazy\" decoding=\"async\" src=\"https:\/\/build-care.codip.tu-dresden.de\/wp-content\/uploads\/2025\/07\/Puzzel-Persona.svg\" width=\"150\" height=\"189\" title=\"PERSONAS\" alt=\"PERSONAS\">    \n        <\/div>\n    <!-- \/image-wrap -->\n    \n        <\/div>\n<!-- \/module image -->        <\/div>\n                        <\/div>\n        <\/div>\n                        <div  data-css_id=\"m2kd220\" data-lazy=\"1\" class=\"module_row themify_builder_row fullwidth tb_m2kd220 tf_w\">\n                        <div class=\"row_inner col_align_top tb_col_count_1 tf_box tf_rel\">\n                        <div  data-lazy=\"1\" class=\"module_column tb-column col-full tb_hbpx221 first\">\n                            <div  data-lazy=\"1\" class=\"module_subrow themify_builder_sub_row tf_w col_align_top gutter-none tb_col_count_3 tb_7q4o221\">\n                <div  data-lazy=\"1\" class=\"module_column sub_column col3-1 tb_olkz221 first tb_link_outline\" data-tb_link=\"#1\">\n        <span  class=\"builder_row_cover tf_abs\" data-lazy=\"1\"><\/span>            <!-- module image -->\n<div  class=\"module module-image tb_ac6w221 image-center bordered circle  tf_mw\" data-lazy=\"1\">\n        <div class=\"image-wrap tf_rel tf_mw\">\n            <img loading=\"lazy\" decoding=\"async\" src=\"https:\/\/build-care.codip.tu-dresden.de\/wp-content\/uploads\/2025\/11\/Ben.jpg\" width=\"200\" height=\"200\" title=\"Ben\" alt=\"Ben\">    \n        <\/div>\n    <!-- \/image-wrap -->\n    \n        <div class=\"image-content\">\n                    <h3 class=\"image-title\">\n                                    Ben                            <\/h3>\n                    <\/div>\n    <!-- \/image-content -->\n        <\/div>\n<!-- \/module image --><!-- module text -->\n<div  class=\"module module-text tb_eaiq808\" data-lazy=\"1\">\n        <div  class=\"tb_text_wrap\">\n        <h3 style=\"text-align: center;\"><strong>Ben<\/strong><\/h3>\n<div style=\"text-align: center;\"><span style=\"font-weight: bold;\">8-j\u00e4hriger Junge<\/span><\/div>    <\/div>\n<\/div>\n<!-- \/module text -->        <\/div>\n                    <div  data-lazy=\"1\" class=\"module_column sub_column col3-1 tb_f4ci221 tb_link_outline\" data-tb_link=\"#2\">\n        <span  class=\"builder_row_cover tf_abs\" data-lazy=\"1\"><\/span>            <!-- module image -->\n<div  class=\"module module-image tb_g993428 image-center bordered circle  tf_mw\" data-lazy=\"1\">\n        <div class=\"image-wrap tf_rel tf_mw\">\n            <img loading=\"lazy\" decoding=\"async\" src=\"https:\/\/build-care.codip.tu-dresden.de\/wp-content\/uploads\/2025\/11\/Ella.jpg\" width=\"200\" height=\"200\" title=\"Ella\" alt=\"ALTER: 18 Jahre altART DES SCHLAGES: Perinatal\">    \n        <\/div>\n    <!-- \/image-wrap -->\n    \n        <div class=\"image-content\">\n                    <h3 class=\"image-title\">\n                                    Ella                            <\/h3>\n                        <div class=\"image-caption tb_text_wrap\">\n            ALTER: 18 Jahre alt\nART DES SCHLAGES: Perinatal        <\/div>\n        <!-- \/image-caption -->\n            <\/div>\n    <!-- \/image-content -->\n        <\/div>\n<!-- \/module image --><!-- module text -->\n<div  class=\"module module-text tb_cmkw940\" data-lazy=\"1\">\n        <div  class=\"tb_text_wrap\">\n        <h3 style=\"text-align: center;\"><strong>Ella<\/strong><\/h3>\n<div style=\"text-align: center;\"><span style=\"font-weight: bold;\">12-j\u00e4hriges M\u00e4dchen<\/span><\/div>    <\/div>\n<\/div>\n<!-- \/module text -->        <\/div>\n                    <div  data-lazy=\"1\" class=\"module_column sub_column col3-1 tb_1nsj221 last tb_link_outline\" data-tb_link=\"#3\">\n        <span  class=\"builder_row_cover tf_abs\" data-lazy=\"1\"><\/span>            <!-- module image -->\n<div  class=\"module module-image tb_9acq680 image-center bordered circle  tf_mw\" data-lazy=\"1\">\n        <div class=\"image-wrap tf_rel tf_mw\">\n            <img loading=\"lazy\" decoding=\"async\" src=\"https:\/\/build-care.codip.tu-dresden.de\/wp-content\/uploads\/2025\/11\/Lenny.jpg\" width=\"200\" height=\"200\" title=\"Lenny\" alt=\"ALTER: 18 Jahre altART DES SCHLAGES: Perinatal\">    \n        <\/div>\n    <!-- \/image-wrap -->\n    \n        <div class=\"image-content\">\n                    <h3 class=\"image-title\">\n                                    Lenny                            <\/h3>\n                        <div class=\"image-caption tb_text_wrap\">\n            ALTER: 18 Jahre alt\nART DES SCHLAGES: Perinatal        <\/div>\n        <!-- \/image-caption -->\n            <\/div>\n    <!-- \/image-content -->\n        <\/div>\n<!-- \/module image --><!-- module text -->\n<div  class=\"module module-text tb_ef8g270\" data-lazy=\"1\">\n        <div  class=\"tb_text_wrap\">\n        <h3 style=\"text-align: center;\"><strong>Lenny<\/strong><\/h3>\n<div style=\"text-align: center;\"><span style=\"font-weight: bold;\">9-j\u00e4hrige nicht-bin\u00e4re<\/span><\/div>    <\/div>\n<\/div>\n<!-- \/module text -->        <\/div>\n                    <\/div>\n                <div  data-lazy=\"1\" class=\"module_subrow themify_builder_sub_row tf_w col_align_top gutter-none tb_col_count_3 tb_3iv3820\">\n                <div  data-lazy=\"1\" class=\"module_column sub_column col3-1 tb_e6lj821 first tb_link_outline\" data-tb_link=\"#4\">\n        <span  class=\"builder_row_cover tf_abs\" data-lazy=\"1\"><\/span>            <!-- module image -->\n<div  class=\"module module-image tb_yqdy526 image-center bordered circle  tf_mw\" data-lazy=\"1\">\n        <div class=\"image-wrap tf_rel tf_mw\">\n            <img loading=\"lazy\" decoding=\"async\" src=\"https:\/\/build-care.codip.tu-dresden.de\/wp-content\/uploads\/2025\/11\/Mia.jpg\" width=\"200\" height=\"200\" title=\"Mia\" alt=\"ALTER: 18 Jahre altART DES SCHLAGES: Perinatal\">    \n        <\/div>\n    <!-- \/image-wrap -->\n    \n        <div class=\"image-content\">\n                    <h3 class=\"image-title\">\n                                    Mia                            <\/h3>\n                        <div class=\"image-caption tb_text_wrap\">\n            ALTER: 18 Jahre alt\nART DES SCHLAGES: Perinatal        <\/div>\n        <!-- \/image-caption -->\n            <\/div>\n    <!-- \/image-content -->\n        <\/div>\n<!-- \/module image --><!-- module text -->\n<div  class=\"module module-text tb_e4tq716\" data-lazy=\"1\">\n        <div  class=\"tb_text_wrap\">\n        <h3 style=\"text-align: center;\"><strong>Mia<\/strong><\/h3>\n<div style=\"text-align: center;\"><span style=\"font-weight: bold;\">6-j\u00e4hriges M\u00e4dchen<\/span><\/div>    <\/div>\n<\/div>\n<!-- \/module text -->        <\/div>\n                    <div  data-lazy=\"1\" class=\"module_column sub_column col3-1 tb_vfld821 tb_link_outline\" data-tb_link=\"#5\">\n        <span  class=\"builder_row_cover tf_abs\" data-lazy=\"1\"><\/span>            <!-- module image -->\n<div  class=\"module module-image tb_33d0407 image-center bordered circle  tf_mw\" data-lazy=\"1\">\n        <div class=\"image-wrap tf_rel tf_mw\">\n            <img loading=\"lazy\" decoding=\"async\" src=\"https:\/\/build-care.codip.tu-dresden.de\/wp-content\/uploads\/2025\/11\/Theo.jpg\" width=\"200\" height=\"200\" title=\"Theo\" alt=\"ALTER: 18 Jahre altART DES SCHLAGES: Perinatal\">    \n        <\/div>\n    <!-- \/image-wrap -->\n    \n        <div class=\"image-content\">\n                    <h3 class=\"image-title\">\n                                    Theo                            <\/h3>\n                        <div class=\"image-caption tb_text_wrap\">\n            ALTER: 18 Jahre alt\nART DES SCHLAGES: Perinatal        <\/div>\n        <!-- \/image-caption -->\n            <\/div>\n    <!-- \/image-content -->\n        <\/div>\n<!-- \/module image --><!-- module text -->\n<div  class=\"module module-text tb_yc21252\" data-lazy=\"1\">\n        <div  class=\"tb_text_wrap\">\n        <h3 style=\"text-align: center;\"><strong>Theo<\/strong><\/h3>\n<div style=\"text-align: center;\"><span style=\"font-weight: bold;\">10-j\u00e4hriger Junge<\/span><\/div>    <\/div>\n<\/div>\n<!-- \/module text -->        <\/div>\n                    <div  data-lazy=\"1\" class=\"module_column sub_column col3-1 tb_bu6q820 last tb_link_outline\" data-tb_link=\"#6\">\n        <span  class=\"builder_row_cover tf_abs\" data-lazy=\"1\"><\/span>            <!-- module image -->\n<div  class=\"module module-image tb_q7gr729 image-center bordered circle  tf_mw\" data-lazy=\"1\">\n        <div class=\"image-wrap tf_rel tf_mw\">\n            <img loading=\"lazy\" decoding=\"async\" src=\"https:\/\/build-care.codip.tu-dresden.de\/wp-content\/uploads\/2025\/11\/Zack.jpg\" width=\"200\" height=\"200\" title=\"Zack\" alt=\"ALTER: 18 Jahre altART DES SCHLAGES: Perinatal\">    \n        <\/div>\n    <!-- \/image-wrap -->\n    \n        <div class=\"image-content\">\n                    <h3 class=\"image-title\">\n                                    Zack                            <\/h3>\n                        <div class=\"image-caption tb_text_wrap\">\n            ALTER: 18 Jahre alt\nART DES SCHLAGES: Perinatal        <\/div>\n        <!-- \/image-caption -->\n            <\/div>\n    <!-- \/image-content -->\n        <\/div>\n<!-- \/module image --><!-- module text -->\n<div  class=\"module module-text tb_xrzb464\" data-lazy=\"1\">\n        <div  class=\"tb_text_wrap\">\n        <h3 style=\"text-align: center;\"><strong>Zack<\/strong><\/h3>\n<div style=\"text-align: center;\"><span style=\"font-weight: bold;\">14-j\u00e4hriger Junge<\/span><\/div>    <\/div>\n<\/div>\n<!-- \/module text -->        <\/div>\n                    <\/div>\n                <div  data-lazy=\"1\" class=\"module_subrow themify_builder_sub_row tf_w col_align_top tb_col_count_1 tb_n67b414\">\n                <div  data-lazy=\"1\" class=\"module_column sub_column col-full tb_2lm7414 first\">\n        <span  class=\"builder_row_cover tf_abs\" data-lazy=\"1\"><\/span>            <!-- module buttons -->\n<div  class=\"module module-buttons tb_isdi55 buttons-horizontal solid feedback-button small squared\" data-lazy=\"1\">\n        <div class=\"module-buttons-item tf_in_flx\">\n                                                Feedback                                        <\/div>\n            <\/div>\n<!-- \/module buttons -->\n        <\/div>\n                    <\/div>\n                <\/div>\n                        <\/div>\n        <\/div>\n                        <div  data-anchor=\"1\" data-css_id=\"tc6l744\" data-lazy=\"1\" class=\"module_row themify_builder_row fullwidth tb_has_section tb_section-1 tb_tc6l744 tf_w\">\n                        <div class=\"row_inner col_align_top tb_col_count_1 tf_box tf_rel\">\n                        <div  data-lazy=\"1\" class=\"module_column tb-column col-full tb_xciw745 first\">\n                            <div  data-lazy=\"1\" class=\"module_subrow themify_builder_sub_row tf_w col_align_top tb_col_count_2 tb_fufg745\">\n                <div  data-lazy=\"1\" class=\"module_column sub_column col4-2 tb_zd0k745 first\">\n                    <!-- module image -->\n<div  class=\"module module-image tb_8omb24 image-center   tf_mw\" data-lazy=\"1\">\n        <div class=\"image-wrap tf_rel tf_mw\">\n            <img loading=\"lazy\" decoding=\"async\" src=\"https:\/\/build-care.codip.tu-dresden.de\/wp-content\/uploads\/2025\/11\/Ben.jpg\" width=\"293\" height=\"293\" title=\"PERSONAS\" alt=\"PERSONAS\">    \n        <\/div>\n    <!-- \/image-wrap -->\n    \n        <\/div>\n<!-- \/module image -->        <\/div>\n                    <div  data-lazy=\"1\" class=\"module_column sub_column col4-2 tb_c5ks745 last\">\n                            <div  data-lazy=\"1\" class=\"module_subrow themify_builder_sub_row tf_w col_align_top tb_col_count_2 tb_44jn745\">\n                <div  data-lazy=\"1\" class=\"module_column sub_column col4-2 tb_oq6u745 first\">\n                    <!-- module text -->\n<div  class=\"module module-text tb_c7is745\" data-lazy=\"1\">\n        <div  class=\"tb_text_wrap\">\n        <h3>Ben<\/h3>    <\/div>\n<\/div>\n<!-- \/module text -->        <\/div>\n                    <div  data-lazy=\"1\" class=\"module_column sub_column col4-2 tb_4ux0745 last\">\n                            <\/div>\n                    <\/div>\n        <!-- module text -->\n<div  class=\"module module-text tb_zqxn745\" data-lazy=\"1\">\n        <div  class=\"tb_text_wrap\">\n        <p><strong>Pers\u00f6nlich<\/strong><\/p>\n<ul>\n<li style=\"text-align: left;\">8-j\u00e4hriger Junge<\/li>\n<li style=\"text-align: left;\">Einzelkind, steht gerne im Mittelpunkt der Aufmerksamkeit<\/li>\n<li style=\"text-align: left;\">Lebt in einem freistehenden Haus<\/li>\n<li style=\"text-align: left;\">Er besucht eine integrative Schule, wo er auch eine Therapie erh\u00e4lt<\/li>\n<li style=\"text-align: left;\">Findet Mathe schwierig, sagt aber stolz, dass er bis ins Unendliche z\u00e4hlen kann<\/li>\n<\/ul>\n<p>\u00a0<\/p>\n<p><span style=\"font-weight: bold;\">Mag:<\/span> Sein Lieblingsessen ist Sushi (er isst und schreibt mit der linken Hand)<\/p>\n<p><span style=\"font-weight: bold;\">Abneigungen:<\/span> Knifflige Dinge, die kleine Fingerbewegungen erfordern, wie Kn\u00f6pfe oder die Verwendung einer Schere<\/p>    <\/div>\n<\/div>\n<!-- \/module text -->        <\/div>\n                    <\/div>\n        <!-- module accordion -->\n<div  class=\"module module-accordion tb_mphl745\" data-behavior=\"toggle\" data-lazy=\"1\">\n    \n    <ul class=\"ui module-accordion separate rounded gradient embossed tb_default_color\">\n            <li>\n            <div class=\"accordion-title tf_rel\">\n                <a href=\"#acc-mphl745-0\" class=\"tb_title_accordion\" aria-controls=\"acc-mphl745-0-content\" aria-expanded=\"false\">\n                    <i class=\"accordion-icon\"><svg  class=\"tf_fa tf-ti-angle-down\" xmlns:xlink=\"http:\/\/www.w3.org\/1999\/xlink\" aria-hidden=\"true\"><use href=\"#tf-ti-angle-down\" xlink:href=\"#tf-ti-angle-down\"><\/use><\/svg><\/i>                    <i class=\"accordion-active-icon tf_hide\"><svg  class=\"tf_fa tf-ti-angle-up\" xmlns:xlink=\"http:\/\/www.w3.org\/1999\/xlink\" aria-hidden=\"true\"><use href=\"#tf-ti-angle-up\" xlink:href=\"#tf-ti-angle-up\"><\/use><\/svg><\/i>                    <span class=\"accordion-title-wrap\">Schlaganfall<\/span>                <\/a>\n            <\/div><!-- .accordion-title -->\n            <div id=\"acc-mphl745-0-content\" data-id=\"acc-mphl745-0\" aria-hidden=\"true\" class=\"accordion-content tf_hide tf_clearfix\">\n                        <div  data-lazy=\"1\" class=\"module_subrow themify_builder_sub_row tf_w col_align_top tb_col_count_1 tb_toab745\">\n                <div  data-lazy=\"1\" class=\"module_column sub_column tb_mg7y745 first\">\n                    <!-- module text -->\n<div  class=\"module module-text tb_yvzk745\" data-lazy=\"1\">\n        <div  class=\"tb_text_wrap\">\n        <div style=\"text-align: left;\"><span style=\"color: #000000;\">Kurz nach der Geburt<\/span><\/div>\n<div style=\"text-align: left;\">In der linken Hemisph\u00e4re des Gehirns<\/div>\n<div style=\"text-align: left;\">\u00a0<\/div>\n<div style=\"text-align: left;\">Dies ist nach wie vor der Fall:<\/div>\n<ul>\n<li style=\"text-align: left;\">Rechtsseitige Hemiparese (betrifft den rechten Arm und das rechte Bein); benutzt eine Orthese zum Gehen<\/li>\n<li style=\"text-align: left;\">Krampfanf\u00e4lle, die mit antiepileptischen Medikamenten behandelt werden<\/li>\n<li style=\"text-align: left;\">Sprach-, Ged\u00e4chtnis-, visuoperzeptive und Aufmerksamkeitsdefizite, die zu Schwierigkeiten mit Symbolen, dem Ausrichten von Kn\u00f6pfen und Rei\u00dfverschl\u00fcssen sowie zu einer gewissen Ungeschicklichkeit bei der r\u00e4umlichen Beurteilung f\u00fchren<\/li>\n<\/ul>    <\/div>\n<\/div>\n<!-- \/module text -->        <\/div>\n                    <\/div>\n                    <\/div><!-- .accordion-content -->\n        <\/li>\n            <li>\n            <div class=\"accordion-title tf_rel\">\n                <a href=\"#acc-mphl745-1\" class=\"tb_title_accordion\" aria-controls=\"acc-mphl745-1-content\" aria-expanded=\"false\">\n                    <i class=\"accordion-icon\"><svg  class=\"tf_fa tf-ti-angle-down\" xmlns:xlink=\"http:\/\/www.w3.org\/1999\/xlink\" aria-hidden=\"true\"><use href=\"#tf-ti-angle-down\" xlink:href=\"#tf-ti-angle-down\"><\/use><\/svg><\/i>                    <i class=\"accordion-active-icon tf_hide\"><svg  class=\"tf_fa tf-ti-angle-up\" xmlns:xlink=\"http:\/\/www.w3.org\/1999\/xlink\" aria-hidden=\"true\"><use href=\"#tf-ti-angle-up\" xlink:href=\"#tf-ti-angle-up\"><\/use><\/svg><\/i>                    <span class=\"accordion-title-wrap\">Betreuungspersonen und Kosten<\/span>                <\/a>\n            <\/div><!-- .accordion-title -->\n            <div id=\"acc-mphl745-1-content\" data-id=\"acc-mphl745-1\" aria-hidden=\"true\" class=\"accordion-content tf_hide tf_clearfix\">\n                        <div  data-lazy=\"1\" class=\"module_subrow themify_builder_sub_row tf_w col_align_top tb_col_count_1 tb_ak25745\">\n                <div  data-lazy=\"1\" class=\"module_column sub_column tb_qe19745 first\">\n                            <div  data-lazy=\"1\" class=\"module_subrow themify_builder_sub_row tf_w col_align_top tb_col_count_2 tb_xabz857\">\n                <div  data-lazy=\"1\" class=\"module_column sub_column col4-2 tb_tl7p857 first\">\n                    <!-- module text -->\n<div  class=\"module module-text tb_jt78277\" data-lazy=\"1\">\n        <div  class=\"tb_text_wrap\">\n        <ul>\n<li style=\"text-align: left;\"><span style=\"color: #000000;\">Beide Elternteile sind erwerbst\u00e4tig<\/span><\/li>\n<li style=\"text-align: left;\"><span style=\"color: #000000;\">Vater arbeitet Vollzeit<\/span><\/li>\n<li style=\"text-align: left;\"><span style=\"color: #000000;\">Mutter arbeitet Teilzeit<\/span><\/li>\n<\/ul>\n<p>\u00a0<\/p>\n<p><span style=\"color: #000000;\">Bens Mutter \u00fcbernimmt den gr\u00f6\u00dften Teil von Bens Betreuung, von der Organisation von Therapien und Terminen \u00fcber den Kontakt zu den Lehrern bis hin zur Organisation des Tagesablaufs. Sein besonderer Betreuungsbedarf erfordert etwa 40 zus\u00e4tzliche Stunden pro Woche, manchmal sogar mehr.<\/span><\/p>\n<p><span style=\"color: #000000;\">\u00a0<\/span><\/p>\n<p><span style=\"color: #000000;\">Die Familie kommt mit einem Jahreseinkommen von rund 65.000 \u20ac aus, obwohl sie f\u00fcr Umbauten und spezielle Ausr\u00fcstung f\u00fcr Ben aufkommen musste.<\/span><\/p>\n<p><span style=\"color: #000000;\">\u00a0<\/span><\/p>\n<p><span style=\"color: #000000;\">Die Gesamtausgaben der Familie f\u00fcr diesen Bedarf beliefen sich auf etwa 5 000 \u20ac, von denen fast 2 000 \u20ac von der Krankenkasse erstattet wurden. Derzeit sparen sie 2.000 \u20ac f\u00fcr den Kauf eines Therapiefahrrads, das Ben zu mehr Mobilit\u00e4t im Alltag verhelfen soll.<\/span><\/p>    <\/div>\n<\/div>\n<!-- \/module text -->        <\/div>\n                    <div  data-lazy=\"1\" class=\"module_column sub_column col4-2 tb_bmtr857 last\">\n                    <!-- module image -->\n<div  class=\"module module-image tb_f7dx39 image-center   tf_mw\" data-lazy=\"1\">\n        <div class=\"image-wrap tf_rel tf_mw\">\n            <a href=\"https:\/\/build-care.codip.tu-dresden.de\/wp-content\/uploads\/2026\/01\/Ben_expenses-scaled.jpg\">\n                   <img loading=\"lazy\" decoding=\"async\" src=\"https:\/\/build-care.codip.tu-dresden.de\/wp-content\/uploads\/2026\/01\/Ben_expenses-scaled.jpg\" width=\"250\" height=\"2560\" title=\"PERSONAS\" alt=\"PERSONAS\">        <\/a>\n    \n        <\/div>\n    <!-- \/image-wrap -->\n    \n        <\/div>\n<!-- \/module image -->        <\/div>\n                    <\/div>\n                <\/div>\n                    <\/div>\n                    <\/div><!-- .accordion-content -->\n        <\/li>\n            <li>\n            <div class=\"accordion-title tf_rel\">\n                <a href=\"#acc-mphl745-2\" class=\"tb_title_accordion\" aria-controls=\"acc-mphl745-2-content\" aria-expanded=\"false\">\n                    <i class=\"accordion-icon\"><svg  class=\"tf_fa tf-ti-angle-down\" xmlns:xlink=\"http:\/\/www.w3.org\/1999\/xlink\" aria-hidden=\"true\"><use href=\"#tf-ti-angle-down\" xlink:href=\"#tf-ti-angle-down\"><\/use><\/svg><\/i>                    <i class=\"accordion-active-icon tf_hide\"><svg  class=\"tf_fa tf-ti-angle-up\" xmlns:xlink=\"http:\/\/www.w3.org\/1999\/xlink\" aria-hidden=\"true\"><use href=\"#tf-ti-angle-up\" xlink:href=\"#tf-ti-angle-up\"><\/use><\/svg><\/i>                    <span class=\"accordion-title-wrap\">Landschaft der Pflege<\/span>                <\/a>\n            <\/div><!-- .accordion-title -->\n            <div id=\"acc-mphl745-2-content\" data-id=\"acc-mphl745-2\" aria-hidden=\"true\" class=\"accordion-content tf_hide tf_clearfix\">\n                        <div  data-lazy=\"1\" class=\"module_subrow themify_builder_sub_row tf_w col_align_top tb_col_count_1 tb_t42d745\">\n                <div  data-lazy=\"1\" class=\"module_column sub_column tb_vx70745 first\">\n                    <!-- module image -->\n<div  class=\"module module-image tb_1avp632 image-top   auto_fullwidth tf_mw\" data-lazy=\"1\">\n        <div class=\"image-wrap tf_rel tf_mw\">\n            <a href=\"https:\/\/build-care.codip.tu-dresden.de\/wp-content\/uploads\/2025\/12\/Ben_wILLUSTR-scaled.jpg\">\n                   <img loading=\"lazy\" decoding=\"async\" src=\"https:\/\/build-care.codip.tu-dresden.de\/wp-content\/uploads\/2025\/12\/Ben_wILLUSTR-scaled.jpg\" width=\"2560\" height=\"1364\" title=\"PERSONAS\" alt=\"PERSONAS\">        <\/a>\n    \n        <\/div>\n    <!-- \/image-wrap -->\n    \n        <\/div>\n<!-- \/module image -->        <\/div>\n                    <\/div>\n                    <\/div><!-- .accordion-content -->\n        <\/li>\n            <li>\n            <div class=\"accordion-title tf_rel\">\n                <a href=\"#acc-mphl745-3\" class=\"tb_title_accordion\" aria-controls=\"acc-mphl745-3-content\" aria-expanded=\"false\">\n                    <i class=\"accordion-icon\"><svg  class=\"tf_fa tf-ti-angle-down\" xmlns:xlink=\"http:\/\/www.w3.org\/1999\/xlink\" aria-hidden=\"true\"><use href=\"#tf-ti-angle-down\" xlink:href=\"#tf-ti-angle-down\"><\/use><\/svg><\/i>                    <i class=\"accordion-active-icon tf_hide\"><svg  class=\"tf_fa tf-ti-angle-up\" xmlns:xlink=\"http:\/\/www.w3.org\/1999\/xlink\" aria-hidden=\"true\"><use href=\"#tf-ti-angle-up\" xlink:href=\"#tf-ti-angle-up\"><\/use><\/svg><\/i>                    <span class=\"accordion-title-wrap\">Szenarien<\/span>                <\/a>\n            <\/div><!-- .accordion-title -->\n            <div id=\"acc-mphl745-3-content\" data-id=\"acc-mphl745-3\" aria-hidden=\"true\" class=\"accordion-content tf_hide tf_clearfix\">\n                        <div  data-lazy=\"1\" class=\"module_subrow themify_builder_sub_row tf_w col_align_top tb_col_count_1 tb_f41514\">\n                <div  data-lazy=\"1\" class=\"module_column sub_column col-full tb_xt2m14 first\">\n                    <!-- module accordion -->\n<div  class=\"module module-accordion tb_uaag689\" data-behavior=\"toggle\" data-lazy=\"1\">\n    \n    <ul class=\"ui module-accordion separate rounded shadow light-blue\">\n            <li>\n            <div class=\"accordion-title tf_rel\">\n                <a href=\"#acc-uaag689-0\" class=\"tb_title_accordion\" aria-controls=\"acc-uaag689-0-content\" aria-expanded=\"false\">\n                                                            <span class=\"accordion-title-wrap\">Seine rechte Seite braucht eine Extra-Einladung<\/span>                <\/a>\n            <\/div><!-- .accordion-title -->\n            <div id=\"acc-uaag689-0-content\" data-id=\"acc-uaag689-0\" aria-hidden=\"true\" class=\"accordion-content tf_hide tf_clearfix\">\n                        <div  data-lazy=\"1\" class=\"module_subrow themify_builder_sub_row tf_w col_align_top tb_col_count_1 tb_am01770\">\n                <div  data-lazy=\"1\" class=\"module_column sub_column tb_icjk770 first\">\n                    <!-- module text -->\n<div  class=\"module module-text tb_8ymn771\" data-lazy=\"1\">\n        <div  class=\"tb_text_wrap\">\n        <p style=\"text-align: left;\"><span style=\"font-family: atk; color: #000000;\">Wenn Ben allein ins Haus kommt, kann man ihn meist schon h\u00f6ren, bevor man ihn sieht. Das rhythmische Kratzen seiner Fu\u00dforthese auf den Fliesen - klack, klack, klack - und dann ein leises Aufschlagen, wenn er seinen Rucksack fallen l\u00e4sst. Manchmal nennt er sein rechtes Bein sein \u201cLieblingsbein\u201d. Es ist das Bein, das nicht immer mitspielt. Seine Eltern l\u00e4cheln und sagen: \u201cDieses Bein braucht manchmal einfach eine Extraeinladung.\u201d Ben ist acht Jahre alt und hatte einen Schlaganfall, als er noch sehr jung war, zu jung, um es damals zu verstehen. Heute erkl\u00e4rt er es folgenderma\u00dfen: \u201cIn meinem Kopf ist etwas zerbrochen. Als w\u00fcrde ein Wasserballon platzen. Seitdem f\u00fchlen sich mein rechter Arm und mein rechtes Bein irgendwie taub an. Ich kann sie nicht richtig sp\u00fcren.\u201d Zu Hause gibt es \u00fcberall hilfreiche Hilfsmittel: ein Schneidebrett und einen automatischen Seifenspender, der mit einer Hand bedient werden kann, Haltegriffe im Badezimmer und ein zweites Gel\u00e4nder an der Treppe. Trotzdem stolpert Ben mehr als andere Kinder. Es f\u00e4llt ihm schwer, das Gleichgewicht zu halten, vor allem drau\u00dfen, wie auf dem Spielplatz am Ende der Stra\u00dfe. Dieser Spielplatz ist schwierig f\u00fcr ihn: die Stufen sind zu hoch, das Klettern zu wackelig, die Rutschen zu steil.\u00a0<\/span><span style=\"color: #000000; font-family: atk;\">Oft beobachtet er nur die anderen Kinder. \u201cIch habe es besser <\/span><span style=\"color: #000000; font-family: atk;\">Dinge zu tun\u201d, sagt er. Aber seine Mutter wei\u00df, dass er sich verlassen f\u00fchlt <\/span><span style=\"color: #000000; font-family: atk;\">und ungl\u00fccklich, wenn sie ohne ihn rennen und lachen.<\/span><\/p>\n<p style=\"text-align: left;\"><span style=\"color: #000000; font-family: atk;\">\u00a0<\/span><\/p>\n<blockquote>\n<p style=\"text-align: center;\"><span style=\"color: #374c9b;\"><em><strong><span style=\"font-family: atk;\"> \u201cSpielpl\u00e4tze sind ein echtes Problem - sogar hier in unserer eigenen Nachbarschaft. Er will einfach nicht mehr hingehen.\u201d <\/span><\/strong><\/em><span style=\"font-family: atk;\">Mutter<\/span><span style=\"font-size: 1.52087rem;\">\u00a0<\/span><\/span><\/p>\n<\/blockquote>    <\/div>\n<\/div>\n<!-- \/module text -->        <\/div>\n                    <\/div>\n                    <\/div><!-- .accordion-content -->\n        <\/li>\n            <li>\n            <div class=\"accordion-title tf_rel\">\n                <a href=\"#acc-uaag689-1\" class=\"tb_title_accordion\" aria-controls=\"acc-uaag689-1-content\" aria-expanded=\"false\">\n                                                            <span class=\"accordion-title-wrap\">Unterricht und Therapie gehen Hand in Hand<\/span>                <\/a>\n            <\/div><!-- .accordion-title -->\n            <div id=\"acc-uaag689-1-content\" data-id=\"acc-uaag689-1\" aria-hidden=\"true\" class=\"accordion-content tf_hide tf_clearfix\">\n                        <div  data-lazy=\"1\" class=\"module_subrow themify_builder_sub_row tf_w col_align_top tb_col_count_1 tb_pl0y483\">\n                <div  data-lazy=\"1\" class=\"module_column sub_column tb_azel484 first\">\n                    <!-- module text -->\n<div  class=\"module module-text tb_23yo484\" data-lazy=\"1\">\n        <div  class=\"tb_text_wrap\">\n        <p style=\"text-align: left;\"><span style=\"color: #000000;\">Ben ist in der dritten Klasse einer integrativen Schule. Mathe ist nicht sein Lieblingsfach: Er mag die Zahlen, aber \u00fcber sie zu sprechen, f\u00e4llt ihm schwer. Trotzdem ist er stolz darauf, dass er bis ins Unendliche z\u00e4hlen kann. Und das tut er auch - oft beim Essen, wenn er versucht, mit seinen bunten St\u00e4bchen Sushi zu essen. \u201cDreiundneunzig, vierundneunzig...\u201d Der Reis klebt an seinen Fingern. Seine Mutter l\u00e4chelt nur und wischt leise die Sojasauce vom Boden auf. In Bens Schule gehen Lernen und Therapie Hand in Hand. Zwischen dem Deutschunterricht (den er nicht wirklich mag) und der Physiotherapie (die er mal liebt, mal hasst) gibt es oft nur einen Korridor. Ben hat Hemiparese, ein kompliziertes Wort. Sein Therapeut erkl\u00e4rt es so: \u201cStellen Sie sich vor, das Gehirn spricht mit dem K\u00f6rper - wie am Telefon. Es sagt: \u2018Bewege deine Hand!\u2019 oder \u2018Hebe deinen Fu\u00df!\u2019 Aber Bens Telefonleitung zur rechten Seite ist besch\u00e4digt. Sie knistert, wird unterbrochen oder verstummt. So kommen die Nachrichten nicht oder nur verz\u00f6gert an.\u201d Es gibt zwar Unterst\u00fctzung, aber jeder Tag ist immer noch ein Balanceakt - zwischen Konzentration, M\u00fcdigkeit, Therapie und dem einfachen Wunsch, einfach nur ein Kind zu sein.<\/span><\/p>\n<p style=\"text-align: left;\"><span style=\"color: #000000;\">\u00a0<\/span><\/p>\n<blockquote>\n<p><span style=\"color: #374c9b;\"><em><strong>\u201cSelbst wenn man ihn dazu bringt, seine rechte Hand \u00fcberhaupt zu benutzen - um <\/strong><\/em><\/span><em style=\"color: #374c9b; font-size: 1.52087rem;\"><strong>Das ist etwas, woran wir w\u00e4hrend der Reha auch viel gearbeitet haben.\u201d<\/strong><\/em><span style=\"color: #374c9b; font-size: 1.52087rem;\"> Mutter<\/span><\/p>\n<\/blockquote>    <\/div>\n<\/div>\n<!-- \/module text -->        <\/div>\n                    <\/div>\n                    <\/div><!-- .accordion-content -->\n        <\/li>\n            <li>\n            <div class=\"accordion-title tf_rel\">\n                <a href=\"#acc-uaag689-2\" class=\"tb_title_accordion\" aria-controls=\"acc-uaag689-2-content\" aria-expanded=\"false\">\n                                                            <span class=\"accordion-title-wrap\">Eine Taste nach der anderen<\/span>                <\/a>\n            <\/div><!-- .accordion-title -->\n            <div id=\"acc-uaag689-2-content\" data-id=\"acc-uaag689-2\" aria-hidden=\"true\" class=\"accordion-content tf_hide tf_clearfix\">\n                        <div  data-lazy=\"1\" class=\"module_subrow themify_builder_sub_row tf_w col_align_top tb_col_count_1 tb_cbaq770\">\n                <div  data-lazy=\"1\" class=\"module_column sub_column tb_alt2770 first\">\n                    <!-- module text -->\n<div  class=\"module module-text tb_sga6770\" data-lazy=\"1\">\n        <div  class=\"tb_text_wrap\">\n        <p style=\"text-align: left;\"><span style=\"font-family: atk; color: #000000;\">Vor einem Jahr verbrachte Ben vier Wochen in einem Rehabilitationszentrum. Jeder Tag war voller Therapie: Physiotherapie, Ergotherapie und Sprachtherapie. Sein Lieblingsteil?<br>Schwimmen. \u201cIm Wasser f\u00fchle ich mich leicht\u201d, sagt er. Dort hat er gelernt, die rechte Seite seines K\u00f6rpers aktiver zu nutzen.<br><br><\/span><\/p>\n<p style=\"text-align: left;\"><span style=\"font-family: atk; color: #000000;\">Die Mutter: \u201cBis letztes Jahr trug er nur Jogginghosen, weil er keine Kn\u00f6pfe machen konnte. Das haben wir in der Reha ge\u00fcbt. F\u00fcr andere Kinder ist es ein Kinderspiel, eine Hose zuzukn\u00f6pfen - f\u00fcr ihn brauchte es mehrere Sitzungen in der Physiotherapie, bis er es konnte.\u201d<br><br><\/span><\/p>\n<p style=\"text-align: left;\"><span style=\"font-family: atk; color: #000000;\">Sein Arzt im Sozialp\u00e4diatrischen Zentrum, wo Ben alle sechs Monate zur Untersuchung geht, erkl\u00e4rt: \u201cDie linke Seite des Gehirns steuert die rechte Seite des K\u00f6rpers. In Bens Fall wurde diese Verbindung besch\u00e4digt. Aber das Gehirn kann neue Bahnen bilden. Wir nennen das Neuroplastizit\u00e4t. Das ist wirklich unglaublich.\u201d N\u00e4chste Woche muss seine Orthese wieder angepasst werden - Ben w\u00e4chst. Fr\u00fcher hat er sie gehasst. Jetzt nennt er sie seinen \u201cPower-Schuh\u201d. \u201cEr macht mich zu einem Superhelden\u201d, sagt er. \u201cMeine rechte Seite braucht besondere Kr\u00e4fte.\u201d<\/span><\/p>    <\/div>\n<\/div>\n<!-- \/module text -->        <\/div>\n                    <\/div>\n                    <\/div><!-- .accordion-content -->\n        <\/li>\n        <\/ul>\n\n<\/div><!-- \/module accordion -->        <\/div>\n                    <\/div>\n                    <\/div><!-- .accordion-content -->\n        <\/li>\n        <\/ul>\n\n<\/div><!-- \/module accordion -->        <\/div>\n                        <\/div>\n        <\/div>\n                        <div  data-anchor=\"2\" data-css_id=\"nvnu753\" data-lazy=\"1\" class=\"module_row themify_builder_row fullwidth tb_has_section tb_section-2 tb_nvnu753 tf_w\">\n                        <div class=\"row_inner col_align_top tb_col_count_1 tf_box tf_rel\">\n                        <div  data-lazy=\"1\" class=\"module_column tb-column col-full tb_8eln753 first\">\n                            <div  data-lazy=\"1\" class=\"module_subrow themify_builder_sub_row tf_w col_align_top tb_col_count_2 tb_l3p253\">\n                <div  data-lazy=\"1\" class=\"module_column sub_column col4-2 tb_u8m353 first\">\n                    <!-- module image -->\n<div  class=\"module module-image tb_9yq553 image-center   tf_mw\" data-lazy=\"1\">\n        <div class=\"image-wrap tf_rel tf_mw\">\n            <img loading=\"lazy\" decoding=\"async\" src=\"https:\/\/build-care.codip.tu-dresden.de\/wp-content\/uploads\/2025\/11\/Ella.jpg\" width=\"368\" height=\"369\" title=\"Anna\" alt=\"Anna\">    \n        <\/div>\n    <!-- \/image-wrap -->\n    \n        <div class=\"image-content\">\n                    <h3 class=\"image-title\">\n                                    Anna                            <\/h3>\n                    <\/div>\n    <!-- \/image-content -->\n        <\/div>\n<!-- \/module image -->        <\/div>\n                    <div  data-lazy=\"1\" class=\"module_column sub_column col4-2 tb_tb4853 last\">\n                            <div  data-lazy=\"1\" class=\"module_subrow themify_builder_sub_row tf_w col_align_top tb_col_count_2 tb_b3ys53\">\n                <div  data-lazy=\"1\" class=\"module_column sub_column col4-2 tb_c6jm53 first\">\n                    <!-- module text -->\n<div  class=\"module module-text tb_th1n53\" data-lazy=\"1\">\n        <div  class=\"tb_text_wrap\">\n        <h3>Ella<\/h3>    <\/div>\n<\/div>\n<!-- \/module text -->        <\/div>\n                    <div  data-lazy=\"1\" class=\"module_column sub_column col4-2 tb_4bhd53 last\">\n                            <\/div>\n                    <\/div>\n        <!-- module text -->\n<div  class=\"module module-text tb_whbe53\" data-lazy=\"1\">\n        <div  class=\"tb_text_wrap\">\n        <p style=\"text-align: left;\"><strong>\u00a0<\/strong><strong>Pers\u00f6nlich<\/strong><\/p>\n<ul>\n<li style=\"text-align: left;\">12-j\u00e4hriges M\u00e4dchen<\/li>\n<li style=\"text-align: left;\">Hat eine Zwillingsschwester und vier weitere Geschwister<\/li>\n<li style=\"text-align: left;\">Die Familie lebt in einem Reihenhaus mit gutem Zugang zu Therapie- und Unterst\u00fctzungsdiensten<\/li>\n<li style=\"text-align: left;\">Besucht eine regul\u00e4re Schule<\/li>\n<li style=\"text-align: left;\">Ein bisschen sch\u00fcchtern, hat nur wenige enge Freunde<\/li>\n<\/ul>\n<p>\u00a0<\/p>\n<div><span style=\"font-family: 'Atkinson hyperlegible', sans-serif; font-weight: bold;\">Mag: <\/span><span style=\"font-family: 'Atkinson hyperlegible', sans-serif;\">Musik h\u00f6ren, allein in ihrer Wohnung <\/span><span style=\"font-family: 'Atkinson hyperlegible', sans-serif;\">Zimmer<\/span><\/div>\n<div><strong>Abneigungen: <\/strong>\u00dcberf\u00fcllte oder laute Orte<\/div>    <\/div>\n<\/div>\n<!-- \/module text -->        <\/div>\n                    <\/div>\n        <!-- module accordion -->\n<div  class=\"module module-accordion tb_9koe753\" data-behavior=\"toggle\" data-lazy=\"1\">\n    \n    <ul class=\"ui module-accordion separate rounded gradient embossed tb_default_color\">\n            <li>\n            <div class=\"accordion-title tf_rel\">\n                <a href=\"#acc-9koe753-0\" class=\"tb_title_accordion\" aria-controls=\"acc-9koe753-0-content\" aria-expanded=\"false\">\n                    <i class=\"accordion-icon\"><svg  class=\"tf_fa tf-ti-angle-down\" xmlns:xlink=\"http:\/\/www.w3.org\/1999\/xlink\" aria-hidden=\"true\"><use href=\"#tf-ti-angle-down\" xlink:href=\"#tf-ti-angle-down\"><\/use><\/svg><\/i>                    <i class=\"accordion-active-icon tf_hide\"><svg  class=\"tf_fa tf-ti-angle-up\" xmlns:xlink=\"http:\/\/www.w3.org\/1999\/xlink\" aria-hidden=\"true\"><use href=\"#tf-ti-angle-up\" xlink:href=\"#tf-ti-angle-up\"><\/use><\/svg><\/i>                    <span class=\"accordion-title-wrap\">Schlaganfall<\/span>                <\/a>\n            <\/div><!-- .accordion-title -->\n            <div id=\"acc-9koe753-0-content\" data-id=\"acc-9koe753-0\" aria-hidden=\"true\" class=\"accordion-content tf_hide tf_clearfix\">\n                        <div  data-lazy=\"1\" class=\"module_subrow themify_builder_sub_row tf_w col_align_top tb_col_count_1 tb_juw0176\">\n                <div  data-lazy=\"1\" class=\"module_column sub_column tb_uqd2176 first\">\n                    <!-- module text -->\n<div  class=\"module module-text tb_hyk5176\" data-lazy=\"1\">\n        <div  class=\"tb_text_wrap\">\n        <div style=\"text-align: left;\">Im Vorschulalter<br>In der rechten Hemisph\u00e4re des Gehirns<\/div>\n<div style=\"text-align: left;\">\u00a0<\/div>\n<div style=\"text-align: left;\">Dies ist nach wie vor der Fall:<\/div>\n<ul>\n<li style=\"text-align: left;\">Linksseitige Hemiparese, Beindominanz (benutzt f\u00fcr l\u00e4ngere Strecken einen Rollstuhl)<\/li>\n<li style=\"text-align: left;\">Lern- und Aufmerksamkeitsprobleme<\/li>\n<\/ul>    <\/div>\n<\/div>\n<!-- \/module text -->        <\/div>\n                    <\/div>\n                    <\/div><!-- .accordion-content -->\n        <\/li>\n            <li>\n            <div class=\"accordion-title tf_rel\">\n                <a href=\"#acc-9koe753-1\" class=\"tb_title_accordion\" aria-controls=\"acc-9koe753-1-content\" aria-expanded=\"false\">\n                    <i class=\"accordion-icon\"><svg  class=\"tf_fa tf-ti-angle-down\" xmlns:xlink=\"http:\/\/www.w3.org\/1999\/xlink\" aria-hidden=\"true\"><use href=\"#tf-ti-angle-down\" xlink:href=\"#tf-ti-angle-down\"><\/use><\/svg><\/i>                    <i class=\"accordion-active-icon tf_hide\"><svg  class=\"tf_fa tf-ti-angle-up\" xmlns:xlink=\"http:\/\/www.w3.org\/1999\/xlink\" aria-hidden=\"true\"><use href=\"#tf-ti-angle-up\" xlink:href=\"#tf-ti-angle-up\"><\/use><\/svg><\/i>                    <span class=\"accordion-title-wrap\">Betreuungspersonen und Kosten<\/span>                <\/a>\n            <\/div><!-- .accordion-title -->\n            <div id=\"acc-9koe753-1-content\" data-id=\"acc-9koe753-1\" aria-hidden=\"true\" class=\"accordion-content tf_hide tf_clearfix\">\n                        <div  data-lazy=\"1\" class=\"module_subrow themify_builder_sub_row tf_w col_align_top tb_col_count_1 tb_ssev177\">\n                <div  data-lazy=\"1\" class=\"module_column sub_column tb_v8di177 first\">\n                            <div  data-lazy=\"1\" class=\"module_subrow themify_builder_sub_row tf_w col_align_top tb_col_count_2 tb_7n8j187\">\n                <div  data-lazy=\"1\" class=\"module_column sub_column col4-2 tb_nydv187 first\">\n                    <!-- module text -->\n<div  class=\"module module-text tb_i2gn277\" data-lazy=\"1\">\n        <div  class=\"tb_text_wrap\">\n        <ul>\n<li>Beide Eltern versuchen, Arbeit und Pflege unter einen Hut zu bringen<\/li>\n<li>Ellas Mutter arbeitet 30 Stunden pro Woche<\/li>\n<li>Ellas Vater arbeitet Vollzeit und macht manchmal Nachtschichten, damit er Ella und ihre Geschwister zur Schule bringen und tags\u00fcber da sein kann<br><br><\/li>\n<\/ul>\n<p><span style=\"color: #000000;\">Ellas Eltern sind beide berufst\u00e4tig, aber ihre Mutter musste ihre Arbeitszeit reduzieren und arbeitet jetzt 30 Stunden pro Woche. Sie k\u00fcmmert sich jeden Tag mehrere Stunden um Ellas besondere Bed\u00fcrfnisse, aber mit f\u00fcnf anderen Kindern ist es manchmal schwer, ihr die n\u00f6tige Aufmerksamkeit zu schenken. Sie ist diejenige, die sich um die Therapiesitzungen f\u00fcr Ella, die Termine im Krankenhaus und die Kommunikation mit der Schule k\u00fcmmert.<\/span><\/p>\n<p><span style=\"color: #000000;\"><br>Mit einem Haushaltseinkommen von 49 000 \u20ac k\u00f6nnen sie gerade so die t\u00e4glichen Ausgaben bestreiten, aber mit einer achtk\u00f6pfigen Familie ist es manchmal schwierig, allen gerecht zu werden, vor allem, wenn sie zu Hause Anpassungen vornehmen oder spezielle Ger\u00e4te f\u00fcr Ella kaufen m\u00fcssen.<\/span><\/p>\n<p><span style=\"color: #000000;\"><br>Insgesamt hat die Familie rund 7 000 Euro f\u00fcr diese Umbauten und Hilfsmittel ausgegeben, wobei fast alles von der Krankenkasse \u00fcbernommen wurde. Zurzeit legen sie 2 000 Euro zur\u00fcck, um einen zweiten Handlauf an der Treppe anzubringen, damit Ella sich sicherer zwischen den Etagen bewegen und zu Hause unabh\u00e4ngiger werden kann.<\/span><\/p>    <\/div>\n<\/div>\n<!-- \/module text -->        <\/div>\n                    <div  data-lazy=\"1\" class=\"module_column sub_column col4-2 tb_oy23187 last\">\n                    <!-- module image -->\n<div  class=\"module module-image tb_9le9260 image-center   tf_mw\" data-lazy=\"1\">\n        <div class=\"image-wrap tf_rel tf_mw\">\n            <a href=\"https:\/\/build-care.codip.tu-dresden.de\/wp-content\/uploads\/2026\/01\/Ella_expenses-scaled.jpg\">\n                   <img loading=\"lazy\" decoding=\"async\" src=\"https:\/\/build-care.codip.tu-dresden.de\/wp-content\/uploads\/2026\/01\/Ella_expenses-scaled.jpg\" width=\"250\" height=\"2560\" title=\"PERSONAS\" alt=\"PERSONAS\">        <\/a>\n    \n        <\/div>\n    <!-- \/image-wrap -->\n    \n        <\/div>\n<!-- \/module image -->        <\/div>\n                    <\/div>\n                <\/div>\n                    <\/div>\n                    <\/div><!-- .accordion-content -->\n        <\/li>\n            <li>\n            <div class=\"accordion-title tf_rel\">\n                <a href=\"#acc-9koe753-2\" class=\"tb_title_accordion\" aria-controls=\"acc-9koe753-2-content\" aria-expanded=\"false\">\n                    <i class=\"accordion-icon\"><svg  class=\"tf_fa tf-ti-angle-down\" xmlns:xlink=\"http:\/\/www.w3.org\/1999\/xlink\" aria-hidden=\"true\"><use href=\"#tf-ti-angle-down\" xlink:href=\"#tf-ti-angle-down\"><\/use><\/svg><\/i>                    <i class=\"accordion-active-icon tf_hide\"><svg  class=\"tf_fa tf-ti-angle-up\" xmlns:xlink=\"http:\/\/www.w3.org\/1999\/xlink\" aria-hidden=\"true\"><use href=\"#tf-ti-angle-up\" xlink:href=\"#tf-ti-angle-up\"><\/use><\/svg><\/i>                    <span class=\"accordion-title-wrap\">Landschaft der Pflege<\/span>                <\/a>\n            <\/div><!-- .accordion-title -->\n            <div id=\"acc-9koe753-2-content\" data-id=\"acc-9koe753-2\" aria-hidden=\"true\" class=\"accordion-content tf_hide tf_clearfix\">\n                        <div  data-lazy=\"1\" class=\"module_subrow themify_builder_sub_row tf_w col_align_top tb_col_count_1 tb_c55m178\">\n                <div  data-lazy=\"1\" class=\"module_column sub_column tb_1ath178 first\">\n                    <!-- module image -->\n<div  class=\"module module-image tb_m7xu510 image-top   auto_fullwidth tf_mw\" data-lazy=\"1\">\n        <div class=\"image-wrap tf_rel tf_mw\">\n            <a href=\"https:\/\/build-care.codip.tu-dresden.de\/wp-content\/uploads\/2025\/12\/Ella_wILLUSTR-scaled.jpg\">\n                   <img loading=\"lazy\" decoding=\"async\" src=\"https:\/\/build-care.codip.tu-dresden.de\/wp-content\/uploads\/2025\/12\/Ella_wILLUSTR-scaled.jpg\" width=\"2560\" height=\"1206\" title=\"PERSONAS\" alt=\"PERSONAS\">        <\/a>\n    \n        <\/div>\n    <!-- \/image-wrap -->\n    \n        <\/div>\n<!-- \/module image -->        <\/div>\n                    <\/div>\n                    <\/div><!-- .accordion-content -->\n        <\/li>\n            <li>\n            <div class=\"accordion-title tf_rel\">\n                <a href=\"#acc-9koe753-3\" class=\"tb_title_accordion\" aria-controls=\"acc-9koe753-3-content\" aria-expanded=\"false\">\n                    <i class=\"accordion-icon\"><svg  class=\"tf_fa tf-ti-angle-down\" xmlns:xlink=\"http:\/\/www.w3.org\/1999\/xlink\" aria-hidden=\"true\"><use href=\"#tf-ti-angle-down\" xlink:href=\"#tf-ti-angle-down\"><\/use><\/svg><\/i>                    <i class=\"accordion-active-icon tf_hide\"><svg  class=\"tf_fa tf-ti-angle-up\" xmlns:xlink=\"http:\/\/www.w3.org\/1999\/xlink\" aria-hidden=\"true\"><use href=\"#tf-ti-angle-up\" xlink:href=\"#tf-ti-angle-up\"><\/use><\/svg><\/i>                    <span class=\"accordion-title-wrap\">Szenarien<\/span>                <\/a>\n            <\/div><!-- .accordion-title -->\n            <div id=\"acc-9koe753-3-content\" data-id=\"acc-9koe753-3\" aria-hidden=\"true\" class=\"accordion-content tf_hide tf_clearfix\">\n                        <div  data-lazy=\"1\" class=\"module_subrow themify_builder_sub_row tf_w col_align_top tb_col_count_1 tb_6l1z28\">\n                <div  data-lazy=\"1\" class=\"module_column sub_column col-full tb_az2i28 first\">\n                    <!-- module accordion -->\n<div  class=\"module module-accordion tb_66no19\" data-behavior=\"toggle\" data-lazy=\"1\">\n    \n    <ul class=\"ui module-accordion separate rounded shadow light-blue\">\n            <li>\n            <div class=\"accordion-title tf_rel\">\n                <a href=\"#acc-66no19-0\" class=\"tb_title_accordion\" aria-controls=\"acc-66no19-0-content\" aria-expanded=\"false\">\n                                                            <span class=\"accordion-title-wrap\">Wo sie sich nicht \u201canders\u201d f\u00fchlte\u201d<\/span>                <\/a>\n            <\/div><!-- .accordion-title -->\n            <div id=\"acc-66no19-0-content\" data-id=\"acc-66no19-0\" aria-hidden=\"true\" class=\"accordion-content tf_hide tf_clearfix\">\n                        <div  data-lazy=\"1\" class=\"module_subrow themify_builder_sub_row tf_w col_align_top tb_col_count_1 tb_043077\">\n                <div  data-lazy=\"1\" class=\"module_column sub_column tb_o4ak77 first\">\n                    <!-- module text -->\n<div  class=\"module module-text tb_54qu77\" data-lazy=\"1\">\n        <div  class=\"tb_text_wrap\">\n        <p style=\"text-align: left;\"><span style=\"color: #000000;\">Die Mutter: \u201cW\u00e4hrend unseres Aufenthalts im Rehabilitationszentrum wurde uns bewusst, wie selbst die kleinste T\u00fcrschwelle zu einem Hindernis werden kann. Ella hatte gro\u00dfe Schwierigkeiten, mit ihrem Rollstuhl den Behandlungsraum zu betreten, vor allem im \u00e4lteren Teil des Geb\u00e4udes. Ihre Hemiparese beeintr\u00e4chtigt die linke K\u00f6rperh\u00e4lfte, einschlie\u00dflich des Beins, so dass sie l\u00e4ngere Strecken nur schwer ohne Pausen bew\u00e4ltigen kann. Unser Kinderarzt hatte ihr die Reha empfohlen, damit sie lernt, sicherer zu gehen. Zum ersten Mal f\u00fchlte sich Ella nicht \u201canders\u201d. Es gab andere Kinder, die vor \u00e4hnlichen Herausforderungen standen. In dieser Umgebung konnte sie einfach sie selbst sein, ohne st\u00e4ndig ihre Beeintr\u00e4chtigung erkl\u00e4ren zu m\u00fcssen. Trotzdem war es nicht immer einfach. Ihre Geschwister kamen an den Wochenenden zu Besuch und brachten etwas dringend ben\u00f6tigte famili\u00e4re Freude in eine ansonsten klinische Umgebung. Die Therapiesitzungen erforderten viel Energie und Konzentration, und ihre Aufmerksamkeitsschwierigkeiten machten es ihr schwer, bei der Sache zu bleiben. Der Bereich au\u00dferhalb der Therapier\u00e4ume war immer chaotisch - wenn alle Kinder gleichzeitig ihre Sitzungen beendeten, f\u00fchlte es sich an wie ein \u00fcberf\u00fcllter Bahnhof. Auch der Speisesaal war \u00fcberw\u00e4ltigend, mit so vielen Stimmen, so viel L\u00e4rm. Sie wurde schnell \u00fcberreizt. Es gab nur wenige R\u00fcckzugsm\u00f6glichkeiten, und da sie ein Zimmer mit mir teilte, hatte sie wenig Raum f\u00fcr sich selbst.\u201d<\/span><\/p>\n<p style=\"text-align: left;\"><span style=\"color: #000000;\">\u00a0<\/span><\/p>\n<blockquote>\n<p><span style=\"color: #374c9b;\"><em><strong>\u201cDas war nicht ihre erste Reha - eigentlich war es schon die vierte. Am Anfang hatte sie wirklich M\u00fche, ihren Weg zu finden. <\/strong><\/em><em><strong>um die gro\u00dfe Klinik herum.\u201d<\/strong><\/em> Mutter<\/span><\/p>\n<\/blockquote>    <\/div>\n<\/div>\n<!-- \/module text -->        <\/div>\n                    <\/div>\n                    <\/div><!-- .accordion-content -->\n        <\/li>\n            <li>\n            <div class=\"accordion-title tf_rel\">\n                <a href=\"#acc-66no19-1\" class=\"tb_title_accordion\" aria-controls=\"acc-66no19-1-content\" aria-expanded=\"false\">\n                                                            <span class=\"accordion-title-wrap\">Schon anstrengend genug<\/span>                <\/a>\n            <\/div><!-- .accordion-title -->\n            <div id=\"acc-66no19-1-content\" data-id=\"acc-66no19-1\" aria-hidden=\"true\" class=\"accordion-content tf_hide tf_clearfix\">\n                        <div  data-lazy=\"1\" class=\"module_subrow themify_builder_sub_row tf_w col_align_top tb_col_count_1 tb_ylw5878\">\n                <div  data-lazy=\"1\" class=\"module_column sub_column tb_vvcv878 first\">\n                    <!-- module text -->\n<div  class=\"module module-text tb_thcd878\" data-lazy=\"1\">\n        <div  class=\"tb_text_wrap\">\n        <p style=\"text-align: left;\"><span style=\"color: #030303;\">Vater: \u201cIch bringe Ella und ihre Zwillingsschwester zur Schule. Wir fahren die gleiche Strecke durch die Stadt. Sie sind zw\u00f6lf, aber ich m\u00f6chte nicht, dass sie mit dem Schulbus fahren - das ist schon anstrengend genug f\u00fcr Ella. Ich m\u00f6chte nicht, dass sie Druck oder Stress versp\u00fcrt. Als wir das Geb\u00e4ude durch die automatische Glast\u00fcr betreten, sehen wir die Lehrerin, die uns herzlich begr\u00fc\u00dft, Witze macht und f\u00fcr gute Stimmung sorgt. Ella scherzt immer, dass sie nicht zur Schule gehen will, aber ich wei\u00df, dass es ihr hier gef\u00e4llt - viel besser als in ihrer vorherigen Schule. Der Aufzug steht schon bereit, aber ich ermutige sie, die Treppe zu benutzen, so wie sie es in der Reha getan hat. Damals schaffte sie es, ohne Hilfe in die oberste Etage zu gelangen - etwas, das wir kurz nach dem Schlaganfall nie f\u00fcr m\u00f6glich gehalten h\u00e4tten. Andere Kinder eilen vorbei, unachtsam, ahnungslos. Ich sp\u00fcre, wie viel M\u00fche Ella jeder Schritt macht. Ich bestehe darauf, sie ins Klassenzimmer zu begleiten. Der Gedanke, dass sie fallen k\u00f6nnte, ist unertr\u00e4glich. Ich will mir gar nicht ausmalen, was passieren k\u00f6nnte. Sie \u00e4rgert sich, dass ich sie so genau beobachte, aber ich will einfach nur da sein - nur f\u00fcr den Fall. Schritt f\u00fcr Schritt helfe ich ihr, ihren Fu\u00df richtig zu positionieren, genau so, wie es uns die Physiotherapeutin beigebracht hat. Sie sagte, dass das Treppensteigen die von der Hemiparese betroffenen Muskeln st\u00e4rken w\u00fcrde. Und so \u00fcben wir.\u201d<\/span><\/p>    <\/div>\n<\/div>\n<!-- \/module text -->        <\/div>\n                    <\/div>\n                    <\/div><!-- .accordion-content -->\n        <\/li>\n            <li>\n            <div class=\"accordion-title tf_rel\">\n                <a href=\"#acc-66no19-2\" class=\"tb_title_accordion\" aria-controls=\"acc-66no19-2-content\" aria-expanded=\"false\">\n                                                            <span class=\"accordion-title-wrap\">Der Schlaganfall wandelt mit ihr<\/span>                <\/a>\n            <\/div><!-- .accordion-title -->\n            <div id=\"acc-66no19-2-content\" data-id=\"acc-66no19-2\" aria-hidden=\"true\" class=\"accordion-content tf_hide tf_clearfix\">\n                        <div  data-lazy=\"1\" class=\"module_subrow themify_builder_sub_row tf_w col_align_top tb_col_count_1 tb_penz95\">\n                <div  data-lazy=\"1\" class=\"module_column sub_column tb_bvlr95 first\">\n                    <!-- module text -->\n<div  class=\"module module-text tb_1bzm95\" data-lazy=\"1\">\n        <div  class=\"tb_text_wrap\">\n        <p style=\"text-align: left;\"><span style=\"color: #000000;\">Mutter: \u201cAls Ellas Mutter w\u00fcrde ich sagen, dass der Schlaganfall immer eine Rolle in ihrem Leben spielt. Sie kann zum Beispiel nicht einfach alleine zur Therapie gehen, wie es andere in ihrem Alter tun. Ella hat zweimal in der Woche Physiotherapie, dazu kommen regelm\u00e4\u00dfige Kontrolluntersuchungen im Kinderkrankenhaus oder im Sozialp\u00e4diatrischen Zentrum in einer nahe gelegenen Stadt. Selbst so einfache Dinge wie das \u00d6ffnen der schweren Glast\u00fcr zum Therapiegeb\u00e4ude sind ohne Hilfe unm\u00f6glich. In der Stadt wird das noch deutlicher. Es gibt kaum B\u00e4nke, keine Orte, an denen sie sich ausruhen kann, wenn ihr das Gehen zu anstrengend wird. Sie erm\u00fcdet schnell, und jeder Schritt kostet Kraft. Treppen, unebene B\u00fcrgersteige, lange Strecken sind eine Herausforderung f\u00fcr sie. Wenn ich so dar\u00fcber nachdenke, gibt es wohl nur einen Ort, an dem der Schlaganfall keine Rolle spielt: ihr eigenes Zimmer, ihr Bett.\u201d<\/span><\/p>\n<p style=\"text-align: left;\"><span style=\"color: #000000;\">\u00a0<\/span><\/p>\n<blockquote>\n<blockquote>\n<p><em style=\"color: #374c9b; font-size: 1.52087rem;\"><strong>\u201cSie merkt es nicht immer, aber manchmal ist sogar ein <\/strong><\/em><em style=\"color: #374c9b; font-size: 1.52087rem;\"><strong>kleiner Bordstein <\/strong><\/em><em style=\"color: #374c9b; font-size: 1.52087rem;\"><strong>oder ein dumm platzierter Stein kann dazu f\u00fchren, dass er <\/strong><\/em><em style=\"color: #374c9b; font-size: 1.52087rem;\"><strong>fallen. Sie <\/strong><\/em><em style=\"color: #374c9b; font-size: 1.52087rem;\"><strong>stolpert manchmal \u00fcber einen <\/strong><\/em><em style=\"color: #374c9b; font-size: 1.52087rem;\"><strong>stehende Position.\u201d<\/strong><\/em><span style=\"font-style: italic; color: #374c9b; font-size: 1.52087rem;\"> Mutter<\/span><\/p>\n<\/blockquote>\n<\/blockquote>    <\/div>\n<\/div>\n<!-- \/module text -->        <\/div>\n                    <\/div>\n                    <\/div><!-- .accordion-content -->\n        <\/li>\n        <\/ul>\n\n<\/div><!-- \/module accordion -->        <\/div>\n                    <\/div>\n                    <\/div><!-- .accordion-content -->\n        <\/li>\n        <\/ul>\n\n<\/div><!-- \/module accordion -->        <\/div>\n                        <\/div>\n        <\/div>\n                        <div  data-anchor=\"3\" data-css_id=\"u4x3536\" data-lazy=\"1\" class=\"module_row themify_builder_row fullwidth tb_has_section tb_section-3 tb_u4x3536 tf_w\">\n                        <div class=\"row_inner col_align_top tb_col_count_1 tf_box tf_rel\">\n                        <div  data-lazy=\"1\" class=\"module_column tb-column col-full tb_j8ee536 first\">\n                            <div  data-lazy=\"1\" class=\"module_subrow themify_builder_sub_row tf_w col_align_top tb_col_count_2 tb_3fst502\">\n                <div  data-lazy=\"1\" class=\"module_column sub_column col4-2 tb_a8bu502 first\">\n                    <!-- module image -->\n<div  class=\"module module-image tb_h1eo502 image-center   tf_mw\" data-lazy=\"1\">\n        <div class=\"image-wrap tf_rel tf_mw\">\n            <img loading=\"lazy\" decoding=\"async\" src=\"https:\/\/build-care.codip.tu-dresden.de\/wp-content\/uploads\/2025\/11\/Lenny.jpg\" width=\"341\" height=\"334\" title=\"Anna\" alt=\"Anna\">    \n        <\/div>\n    <!-- \/image-wrap -->\n    \n        <div class=\"image-content\">\n                    <h3 class=\"image-title\">\n                                    Anna                            <\/h3>\n                    <\/div>\n    <!-- \/image-content -->\n        <\/div>\n<!-- \/module image -->        <\/div>\n                    <div  data-lazy=\"1\" class=\"module_column sub_column col4-2 tb_lrhe502 last\">\n                            <div  data-lazy=\"1\" class=\"module_subrow themify_builder_sub_row tf_w col_align_top tb_col_count_2 tb_vtv5502\">\n                <div  data-lazy=\"1\" class=\"module_column sub_column col4-2 tb_vgnc502 first\">\n                    <!-- module text -->\n<div  class=\"module module-text tb_i06r502\" data-lazy=\"1\">\n        <div  class=\"tb_text_wrap\">\n        <h3>Lenny<\/h3>    <\/div>\n<\/div>\n<!-- \/module text -->        <\/div>\n                    <div  data-lazy=\"1\" class=\"module_column sub_column col4-2 tb_ailf502 last\">\n                            <\/div>\n                    <\/div>\n        <!-- module text -->\n<div  class=\"module module-text tb_969r502\" data-lazy=\"1\">\n        <div  class=\"tb_text_wrap\">\n        <p><strong>Pers\u00f6nlich<\/strong><\/p>\n<ul>\n<li style=\"text-align: left;\">9 Jahre alt, nicht-bin\u00e4r (sie\/ihr)<\/li>\n<li style=\"text-align: left;\">Hat 1 Bruder (Tigo: 11), 1 Kaninchen, Gro\u00dfeltern in der N\u00e4he<\/li>\n<li style=\"text-align: left;\">Lebt in einem Bungalow<\/li>\n<li style=\"text-align: left;\">Besucht eine integrative Schule<\/li>\n<li style=\"text-align: left;\">liegt nachts oft mit den Eltern im Bett<\/li>\n<li>Hat manchmal Schwierigkeiten, sich zurechtzufinden<\/li>\n<\/ul>\n<p>\u00a0<\/p>\n<p><span style=\"font-weight: bold;\">Mag:\u00a0<\/span>Schaukeln, Schwimmen, ihr Kaninchen\u00a0<\/p>\n<p><span style=\"font-weight: bold;\">Abneigungen:\u00a0<\/span>Allein sein, Krankenh\u00e4user<\/p>    <\/div>\n<\/div>\n<!-- \/module text -->        <\/div>\n                    <\/div>\n        <!-- module accordion -->\n<div  class=\"module module-accordion tb_ttox536\" data-behavior=\"toggle\" data-lazy=\"1\">\n    \n    <ul class=\"ui module-accordion separate rounded gradient embossed tb_default_color\">\n            <li>\n            <div class=\"accordion-title tf_rel\">\n                <a href=\"#acc-ttox536-0\" class=\"tb_title_accordion\" aria-controls=\"acc-ttox536-0-content\" aria-expanded=\"false\">\n                    <i class=\"accordion-icon\"><svg  class=\"tf_fa tf-ti-angle-down\" xmlns:xlink=\"http:\/\/www.w3.org\/1999\/xlink\" aria-hidden=\"true\"><use href=\"#tf-ti-angle-down\" xlink:href=\"#tf-ti-angle-down\"><\/use><\/svg><\/i>                    <i class=\"accordion-active-icon tf_hide\"><svg  class=\"tf_fa tf-ti-angle-up\" xmlns:xlink=\"http:\/\/www.w3.org\/1999\/xlink\" aria-hidden=\"true\"><use href=\"#tf-ti-angle-up\" xlink:href=\"#tf-ti-angle-up\"><\/use><\/svg><\/i>                    <span class=\"accordion-title-wrap\">Schlaganfall<\/span>                <\/a>\n            <\/div><!-- .accordion-title -->\n            <div id=\"acc-ttox536-0-content\" data-id=\"acc-ttox536-0\" aria-hidden=\"true\" class=\"accordion-content tf_hide tf_clearfix\">\n                        <div  data-lazy=\"1\" class=\"module_subrow themify_builder_sub_row tf_w col_align_top tb_col_count_1 tb_twvl536\">\n                <div  data-lazy=\"1\" class=\"module_column sub_column tb_0bul536 first\">\n                    <!-- module text -->\n<div  class=\"module module-text tb_v18m536\" data-lazy=\"1\">\n        <div  class=\"tb_text_wrap\">\n        <div style=\"text-align: left;\">Mit 4 Monaten, w\u00e4hrend einer Herzoperation<br>In der rechten Hemisph\u00e4re des Gehirns<\/div>\n<div style=\"text-align: left;\">\u00a0<\/div>\n<div style=\"text-align: left;\">Dies ist nach wie vor der Fall:<\/div>\n<ul>\n<li style=\"text-align: left;\">Hemiparese des linken Arms<\/li>\n<li style=\"text-align: left;\">Sehbehinderung (teilweise)<\/li>\n<li style=\"text-align: left;\">Beeintr\u00e4chtigung des visuellen Ged\u00e4chtnisses; beeintr\u00e4chtigt die F\u00e4higkeit, sich an Gesichter zu erinnern oder einen Weg zu finden (so genannte \u2018Orientierungspunkte\u2019 sind wichtig)<\/li>\n<li style=\"text-align: left;\">Die Notwendigkeit der Einnahme von Medikamenten gegen Epilepsie<\/li>\n<\/ul>    <\/div>\n<\/div>\n<!-- \/module text -->        <\/div>\n                    <\/div>\n                    <\/div><!-- .accordion-content -->\n        <\/li>\n            <li>\n            <div class=\"accordion-title tf_rel\">\n                <a href=\"#acc-ttox536-1\" class=\"tb_title_accordion\" aria-controls=\"acc-ttox536-1-content\" aria-expanded=\"false\">\n                    <i class=\"accordion-icon\"><svg  class=\"tf_fa tf-ti-angle-down\" xmlns:xlink=\"http:\/\/www.w3.org\/1999\/xlink\" aria-hidden=\"true\"><use href=\"#tf-ti-angle-down\" xlink:href=\"#tf-ti-angle-down\"><\/use><\/svg><\/i>                    <i class=\"accordion-active-icon tf_hide\"><svg  class=\"tf_fa tf-ti-angle-up\" xmlns:xlink=\"http:\/\/www.w3.org\/1999\/xlink\" aria-hidden=\"true\"><use href=\"#tf-ti-angle-up\" xlink:href=\"#tf-ti-angle-up\"><\/use><\/svg><\/i>                    <span class=\"accordion-title-wrap\">Betreuungspersonen und Kosten<\/span>                <\/a>\n            <\/div><!-- .accordion-title -->\n            <div id=\"acc-ttox536-1-content\" data-id=\"acc-ttox536-1\" aria-hidden=\"true\" class=\"accordion-content tf_hide tf_clearfix\">\n                        <div  data-lazy=\"1\" class=\"module_subrow themify_builder_sub_row tf_w col_align_top tb_col_count_1 tb_cezq536\">\n                <div  data-lazy=\"1\" class=\"module_column sub_column tb_t7gv536 first\">\n                            <div  data-lazy=\"1\" class=\"module_subrow themify_builder_sub_row tf_w col_align_top tb_col_count_2 tb_lnlz600\">\n                <div  data-lazy=\"1\" class=\"module_column sub_column col4-2 tb_fuh7600 first\">\n                    <!-- module text -->\n<div  class=\"module module-text tb_qsnb808\" data-lazy=\"1\">\n        <div  class=\"tb_text_wrap\">\n        <ul>\n<li style=\"text-align: left;\"><span style=\"font-family: atk; color: #000000;\">Eltern haben ihr eigenes Gesch\u00e4ft<\/span><\/li>\n<li style=\"text-align: left;\"><span style=\"font-family: atk; color: #000000;\">Vater arbeitet (mehr als) Vollzeit<\/span><\/li>\n<li style=\"text-align: left;\"><span style=\"font-family: atk; color: #000000;\">Mutter arbeitet 60%; normalerweise mehr, aber flexibel und oft von zu Hause aus<\/span><\/li>\n<li style=\"text-align: left;\"><span style=\"font-family: atk; color: #000000;\">Gro\u00dfeltern<\/span><br><br><\/li>\n<\/ul>\n<p style=\"text-align: left;\"><span style=\"color: #000000;\">Beide Elternteile von Lenny sind berufst\u00e4tig, aber Lennys Mutter hat ihre Arbeitszeit auf Teilzeit reduziert, um die besonderen Bed\u00fcrfnisse des Kindes besser unterst\u00fctzen zu k\u00f6nnen, das etwa 30 Stunden pro Woche f\u00fcr Anziehen, Waschen und allgemeine Unterst\u00fctzung im Alltag ben\u00f6tigt.<\/span><\/p>\n<p style=\"text-align: left;\"><span style=\"color: #000000;\">\u00a0<\/span><\/p>\n<p style=\"text-align: left;\"><span style=\"color: #000000;\">Mit ihrem Einkommen von rund 80 000 Euro kann die Familie ihren Alltag bew\u00e4ltigen, auch wenn sie in Umbauten an der Wohnung und spezielle Ger\u00e4te f\u00fcr Lenny investieren musste.<\/span><\/p>\n<p style=\"text-align: left;\"><span style=\"color: #000000;\"><br>Insgesamt haben sie fast 8 000 Euro f\u00fcr notwendige Umbauten und Ger\u00e4te ausgegeben, von denen fast die H\u00e4lfte von ihrer Kranken- und Pflegeversicherung erstattet wurde. Jetzt sparen sie 3 500 Euro, um in dem zus\u00e4tzlichen Raum, den sie in eine Art Fitnessstudio verwandeln wollen, ein Kletterger\u00fcst zu installieren, damit Lenny zu Hause trainieren und seine Muskeln st\u00e4rken kann.<\/span><\/p>    <\/div>\n<\/div>\n<!-- \/module text -->        <\/div>\n                    <div  data-lazy=\"1\" class=\"module_column sub_column col4-2 tb_g6ya601 last\">\n                    <!-- module image -->\n<div  class=\"module module-image tb_appw292 image-center   tf_mw\" data-lazy=\"1\">\n        <div class=\"image-wrap tf_rel tf_mw\">\n            <a href=\"https:\/\/build-care.codip.tu-dresden.de\/wp-content\/uploads\/2026\/01\/Lenny_expenses-scaled.jpg\">\n                   <img loading=\"lazy\" decoding=\"async\" src=\"https:\/\/build-care.codip.tu-dresden.de\/wp-content\/uploads\/2026\/01\/Lenny_expenses-scaled.jpg\" width=\"250\" height=\"2560\" title=\"PERSONAS\" alt=\"PERSONAS\">        <\/a>\n    \n        <\/div>\n    <!-- \/image-wrap -->\n    \n        <\/div>\n<!-- \/module image -->        <\/div>\n                    <\/div>\n                <\/div>\n                    <\/div>\n                    <\/div><!-- .accordion-content -->\n        <\/li>\n            <li>\n            <div class=\"accordion-title tf_rel\">\n                <a href=\"#acc-ttox536-2\" class=\"tb_title_accordion\" aria-controls=\"acc-ttox536-2-content\" aria-expanded=\"false\">\n                    <i class=\"accordion-icon\"><svg  class=\"tf_fa tf-ti-angle-down\" xmlns:xlink=\"http:\/\/www.w3.org\/1999\/xlink\" aria-hidden=\"true\"><use href=\"#tf-ti-angle-down\" xlink:href=\"#tf-ti-angle-down\"><\/use><\/svg><\/i>                    <i class=\"accordion-active-icon tf_hide\"><svg  class=\"tf_fa tf-ti-angle-up\" xmlns:xlink=\"http:\/\/www.w3.org\/1999\/xlink\" aria-hidden=\"true\"><use href=\"#tf-ti-angle-up\" xlink:href=\"#tf-ti-angle-up\"><\/use><\/svg><\/i>                    <span class=\"accordion-title-wrap\">Landschaft der Pflege<\/span>                <\/a>\n            <\/div><!-- .accordion-title -->\n            <div id=\"acc-ttox536-2-content\" data-id=\"acc-ttox536-2\" aria-hidden=\"true\" class=\"accordion-content tf_hide tf_clearfix\">\n                        <div  data-lazy=\"1\" class=\"module_subrow themify_builder_sub_row tf_w col_align_top tb_col_count_1 tb_2mna536\">\n                <div  data-lazy=\"1\" class=\"module_column sub_column tb_fluk536 first\">\n                    <!-- module image -->\n<div  class=\"module module-image tb_d5gn438 image-top   auto_fullwidth tf_mw\" data-lazy=\"1\">\n        <div class=\"image-wrap tf_rel tf_mw\">\n            <a href=\"https:\/\/build-care.codip.tu-dresden.de\/wp-content\/uploads\/2025\/11\/Lenny_wILLUSTR-scaled.jpg\">\n                   <img loading=\"lazy\" decoding=\"async\" src=\"https:\/\/build-care.codip.tu-dresden.de\/wp-content\/uploads\/2025\/11\/Lenny_wILLUSTR-scaled.jpg\" width=\"2560\" height=\"1304\" title=\"PERSONAS\" alt=\"PERSONAS\">        <\/a>\n    \n        <\/div>\n    <!-- \/image-wrap -->\n    \n        <\/div>\n<!-- \/module image -->        <\/div>\n                    <\/div>\n                    <\/div><!-- .accordion-content -->\n        <\/li>\n            <li>\n            <div class=\"accordion-title tf_rel\">\n                <a href=\"#acc-ttox536-3\" class=\"tb_title_accordion\" aria-controls=\"acc-ttox536-3-content\" aria-expanded=\"false\">\n                    <i class=\"accordion-icon\"><svg  class=\"tf_fa tf-ti-angle-down\" xmlns:xlink=\"http:\/\/www.w3.org\/1999\/xlink\" aria-hidden=\"true\"><use href=\"#tf-ti-angle-down\" xlink:href=\"#tf-ti-angle-down\"><\/use><\/svg><\/i>                    <i class=\"accordion-active-icon tf_hide\"><svg  class=\"tf_fa tf-ti-angle-up\" xmlns:xlink=\"http:\/\/www.w3.org\/1999\/xlink\" aria-hidden=\"true\"><use href=\"#tf-ti-angle-up\" xlink:href=\"#tf-ti-angle-up\"><\/use><\/svg><\/i>                    <span class=\"accordion-title-wrap\">Szenarien<\/span>                <\/a>\n            <\/div><!-- .accordion-title -->\n            <div id=\"acc-ttox536-3-content\" data-id=\"acc-ttox536-3\" aria-hidden=\"true\" class=\"accordion-content tf_hide tf_clearfix\">\n                        <div  data-lazy=\"1\" class=\"module_subrow themify_builder_sub_row tf_w col_align_top tb_col_count_1 tb_9syf981\">\n                <div  data-lazy=\"1\" class=\"module_column sub_column tb_a52t981 first\">\n                    <!-- module accordion -->\n<div  class=\"module module-accordion tb_ldp792\" data-behavior=\"toggle\" data-lazy=\"1\">\n    \n    <ul class=\"ui module-accordion separate rounded shadow light-blue\">\n            <li>\n            <div class=\"accordion-title tf_rel\">\n                <a href=\"#acc-ldp792-0\" class=\"tb_title_accordion\" aria-controls=\"acc-ldp792-0-content\" aria-expanded=\"false\">\n                                                            <span class=\"accordion-title-wrap\">In der N\u00e4he, gl\u00fccklich und zunehmend zuversichtlich<\/span>                <\/a>\n            <\/div><!-- .accordion-title -->\n            <div id=\"acc-ldp792-0-content\" data-id=\"acc-ldp792-0\" aria-hidden=\"true\" class=\"accordion-content tf_hide tf_clearfix\">\n                        <div  data-lazy=\"1\" class=\"module_subrow themify_builder_sub_row tf_w col_align_top tb_col_count_1 tb_xkgw159\">\n                <div  data-lazy=\"1\" class=\"module_column sub_column tb_qsq7159 first\">\n                    <!-- module text -->\n<div  class=\"module module-text tb_rhtj159\" data-lazy=\"1\">\n        <div  class=\"tb_text_wrap\">\n        <p style=\"text-align: left;\"><span style=\"color: #000000;\">Gro\u00dfmutter: \u201cAls Gro\u00dfeltern finde ich Trost, wenn ich die Orte kenne, an denen sich meine Enkelkinder sicher und gl\u00fccklich f\u00fchlen. Einer dieser Orte ist bei uns. Ich kann mich an keine Zeit erinnern, in der Lenny ohne seine Eltern war, au\u00dfer in den Momenten, in denen sie bei uns sind. Lenny liebt es, sie zu besuchen, weil sie unsere volle Aufmerksamkeit bekommen.<br><br><\/span><\/p>\n<p style=\"text-align: left;\"><span style=\"color: #000000;\">Die Schule ist nat\u00fcrlich eine weitere Ausnahme und ein Ort, der f\u00fcr sie wichtig ist. Therapien wie Physiotherapie sind in der Schule integriert, ebenso wie regelm\u00e4\u00dfige Kontrolluntersuchungen durch \u00c4rzte der Universit\u00e4tsklinik. Die Mitarbeiter dort verstehen es wirklich, solche Kinder zu unterst\u00fctzen. Mit kleinen Klassen von nicht mehr als 8 Kindern und immer 2 oder 3 anwesenden Lehrern ist die Umgebung f\u00fcr Lenny weniger \u00fcberw\u00e4ltigend als in einer normalen Klasse. Sie f\u00fchlen sich dort sicher, wenn sie etwas tun.<\/span><\/p>\n<p style=\"text-align: left;\"><span style=\"color: #000000;\"><br>Der Unterricht und die M\u00f6bel sind so gestaltet, dass sie Dinge erreichen und sich gegenseitig helfen k\u00f6nnen. Seit sie diese Schule besuchen, ist Lenny regelrecht aufgebl\u00fcht. Sie gehen so gerne zur Schule, dass sie nicht einmal mehr zu Hause bleiben wollen, wenn sie krank sind. Die Schule ist so etwas wie ein zweites Zuhause.\u201d<\/span><\/p>\n<p style=\"text-align: left;\"><span style=\"color: #000000;\"><br>Lenny: \u201cDer Spielplatz ist mein Lieblingsplatz, vor allem die Schaukel. Ich kann einfach immer weiter schaukeln, und manchmal m\u00fcssen mich meine Eltern daran erinnern, dass andere Kinder auch mal drankommen d\u00fcrfen. Beim Schaukeln f\u00fchle ich mich gut!\u201d<\/span><\/p>\n<p style=\"text-align: left;\"><span style=\"font-family: atk; color: #000000;\">\u00a0<\/span><\/p>\n<blockquote>\n<p><span style=\"font-weight: bold; font-style: italic; color: #374c9b;\">\u201cSie f\u00fchlen sich dort verstanden und sicher, so dass es so etwas wie ein zweites Zuhause ist.<\/span><span style=\"color: #374c9b; font-weight: bold;\">\u201d <\/span><span style=\"color: #374c9b;\">Gro\u00dfmutter<\/span><\/p>\n<\/blockquote>\n<p style=\"text-align: left;\"><span style=\"font-family: atk; color: #000000;\">\u00a0<\/span><\/p>    <\/div>\n<\/div>\n<!-- \/module text -->        <\/div>\n                    <\/div>\n                    <\/div><!-- .accordion-content -->\n        <\/li>\n            <li>\n            <div class=\"accordion-title tf_rel\">\n                <a href=\"#acc-ldp792-1\" class=\"tb_title_accordion\" aria-controls=\"acc-ldp792-1-content\" aria-expanded=\"false\">\n                                                            <span class=\"accordion-title-wrap\">Extra Pflege und Sorgen<\/span>                <\/a>\n            <\/div><!-- .accordion-title -->\n            <div id=\"acc-ldp792-1-content\" data-id=\"acc-ldp792-1\" aria-hidden=\"true\" class=\"accordion-content tf_hide tf_clearfix\">\n                        <div  data-lazy=\"1\" class=\"module_subrow themify_builder_sub_row tf_w col_align_top tb_col_count_1 tb_pnqo723\">\n                <div  data-lazy=\"1\" class=\"module_column sub_column tb_nl2n723 first\">\n                    <!-- module text -->\n<div  class=\"module module-text tb_kd6y723\" data-lazy=\"1\">\n        <div  class=\"tb_text_wrap\">\n        <p style=\"text-align: left;\"><span style=\"font-family: atk; color: #000000;\">Die Mutter: \u201cIch mache mir Sorgen dar\u00fcber, was mit Lenny schief gehen k\u00f6nnte. Bei unserem Sohn ist das anders - er ist gesund, und ich mache mir nicht die gleichen Sorgen. Lenny ist auch gesund, aber es ist nicht dasselbe. Jeden Tag finden wir Wege, sie zu ermutigen. Wir m\u00fcssen gegen die Auswirkungen der L\u00e4hmung ank\u00e4mpfen, indem wir \u00fcben, dehnen und massieren. Tigo steht nicht vor denselben Herausforderungen, und ich wei\u00df, dass es ihm gut gehen wird. Sicher, jedes Kind wird ab und zu krank, aber bei Lenny bleibt diese \u00dcberf\u00fcrsorglichkeit.<br><br><\/span><\/p>\n<p style=\"text-align: left;\"><span style=\"font-family: atk; color: #000000;\">Das spiegelt sich auch in anderen Dingen wider. Unser Sohn zum Beispiel findet seinen Weg zur und von der Schule selbst mit dem Fahrrad - sofern das Wetter mitspielt - w\u00e4hrend wir f\u00fcr Lenny das ganze Jahr \u00fcber den Transport mit dem Bus organisieren. Obwohl einer von uns immer versucht, Tigo zum Tennisunterricht zu begleiten, ist er sich durchaus bewusst, dass sein Geschwisterchen st\u00e4ndig zus\u00e4tzliche Aufmerksamkeit bekommt.\u201d<\/span><\/p>\n<p style=\"text-align: left;\"><span style=\"font-family: atk; color: #000000;\"><br>Lenny: \u201cMeine Mutter hilft mir immer beim Anziehen, morgens, vor dem Schlafengehen, beim Baden oder wenn wir schwimmen gehen. Ich kann keine Kleidung anziehen, die mir \u00fcber den Kopf geht. Auch die Schuhe sind schwierig. Wenn wir schwimmen gehen, ziehe ich meine Zahnspange aus.\u201d<\/span><\/p>\n<p style=\"text-align: left;\"><span style=\"font-family: atk; color: #000000;\">\u00a0<\/span><\/p>\n<blockquote>\n<p><em><strong style=\"color: #374c9b;\">\u201cIch gehe gerne ins Wasser mit <\/strong><\/em><em><strong style=\"color: #374c9b;\">mein Vater. Ich gehe auch gerne in die <\/strong><\/em><span style=\"color: #374c9b;\"><em><strong>flachen Becken allein zu sein.\u201d<\/strong><\/em> Lenny<br><br><\/span><\/p>\n<\/blockquote>    <\/div>\n<\/div>\n<!-- \/module text -->        <\/div>\n                    <\/div>\n                    <\/div><!-- .accordion-content -->\n        <\/li>\n            <li>\n            <div class=\"accordion-title tf_rel\">\n                <a href=\"#acc-ldp792-2\" class=\"tb_title_accordion\" aria-controls=\"acc-ldp792-2-content\" aria-expanded=\"false\">\n                                                            <span class=\"accordion-title-wrap\">Ein kontinuierlicher Anpassungsprozess<\/span>                <\/a>\n            <\/div><!-- .accordion-title -->\n            <div id=\"acc-ldp792-2-content\" data-id=\"acc-ldp792-2\" aria-hidden=\"true\" class=\"accordion-content tf_hide tf_clearfix\">\n                        <div  data-lazy=\"1\" class=\"module_subrow themify_builder_sub_row tf_w col_align_top tb_col_count_1 tb_zznw780\">\n                <div  data-lazy=\"1\" class=\"module_column sub_column tb_wkkb780 first\">\n                    <!-- module text -->\n<div  class=\"module module-text tb_zaa6780\" data-lazy=\"1\">\n        <div  class=\"tb_text_wrap\">\n        <p style=\"text-align: left;\"><span style=\"color: #000000; font-family: atk;\">Der Vater: \u201cAls sie j\u00fcnger waren, war es einfacher, ihre Bed\u00fcrfnisse mit einem Kinderwagen zu erf\u00fcllen. Aber je \u00e4lter Lenny wird, desto deutlicher werden die Unterschiede zwischen ihm und anderen Kindern und desto schwieriger ist es, mit ihnen umzugehen. Sie brauchen Hilfe bei allt\u00e4glichen Aktivit\u00e4ten, wie zum Beispiel beim Br\u00f6tchen schmieren. Auch das Schlagen eines Balls mit einem Tennisschl\u00e4ger oder das Skateboardfahren machen deutlich, dass sie mit Gleichgewicht, Sehkraft und Koordination zu k\u00e4mpfen haben.<\/span><\/p>\n<p style=\"text-align: left;\"><span style=\"color: #000000; font-family: atk;\"><br>Am Anfang, nach dem Schlaganfall, gab es so viele Unbekannte, und wir dachten, dass Lenny vielleicht auf einen Rollstuhl angewiesen sein w\u00fcrde. Damals haben wir unser Haus stufenfrei gemacht, um einen leichten Zugang zu gew\u00e4hrleisten. In j\u00fcngster Zeit haben wir jedoch festgestellt, dass Stufen und Treppen die Rehabilitation der beiden tats\u00e4chlich erleichtert h\u00e4tten. Die Ber\u00fccksichtigung von Lenny - auch in Bezug auf die Ver\u00e4nderungen, die wir an unserem Haus vornehmen - ist ein st\u00e4ndiger Lern- und Anpassungsprozess, um seine Entwicklung und Unabh\u00e4ngigkeit zu unterst\u00fctzen. Im Moment verwandeln wir das G\u00e4stezimmer in eine Art Fitnessraum und versuchen, Dinge zu bauen oder zu besorgen, die ihnen bei ihren \u00dcbungen helfen.\u201d<\/span><\/p>    <\/div>\n<\/div>\n<!-- \/module text -->        <\/div>\n                    <\/div>\n                    <\/div><!-- .accordion-content -->\n        <\/li>\n        <\/ul>\n\n<\/div><!-- \/module accordion -->        <\/div>\n                    <\/div>\n                    <\/div><!-- .accordion-content -->\n        <\/li>\n        <\/ul>\n\n<\/div><!-- \/module accordion -->        <\/div>\n                        <\/div>\n        <\/div>\n                        <div  data-anchor=\"4\" data-css_id=\"kv1k468\" data-lazy=\"1\" class=\"module_row themify_builder_row fullwidth tb_has_section tb_section-4 tb_kv1k468 tf_w\">\n                        <div class=\"row_inner col_align_top tb_col_count_1 tf_box tf_rel\">\n                        <div  data-lazy=\"1\" class=\"module_column tb-column col-full tb_aows468 first\">\n                            <div  data-lazy=\"1\" class=\"module_subrow themify_builder_sub_row tf_w col_align_top tb_col_count_2 tb_joiw762\">\n                <div  data-lazy=\"1\" class=\"module_column sub_column col4-2 tb_qnyd762 first\">\n                    <!-- module image -->\n<div  class=\"module module-image tb_r6xu762 image-center   tf_mw\" data-lazy=\"1\">\n        <div class=\"image-wrap tf_rel tf_mw\">\n            <img loading=\"lazy\" decoding=\"async\" src=\"https:\/\/build-care.codip.tu-dresden.de\/wp-content\/uploads\/2025\/11\/Mia.jpg\" width=\"357\" height=\"357\" title=\"Anna\" alt=\"Anna\">    \n        <\/div>\n    <!-- \/image-wrap -->\n    \n        <div class=\"image-content\">\n                    <h3 class=\"image-title\">\n                                    Anna                            <\/h3>\n                    <\/div>\n    <!-- \/image-content -->\n        <\/div>\n<!-- \/module image -->        <\/div>\n                    <div  data-lazy=\"1\" class=\"module_column sub_column col4-2 tb_vr67762 last\">\n                            <div  data-lazy=\"1\" class=\"module_subrow themify_builder_sub_row tf_w col_align_top tb_col_count_2 tb_4cjn762\">\n                <div  data-lazy=\"1\" class=\"module_column sub_column col4-2 tb_fdqj762 first\">\n                    <!-- module text -->\n<div  class=\"module module-text tb_5011762\" data-lazy=\"1\">\n        <div  class=\"tb_text_wrap\">\n        <h3>Mia<\/h3>    <\/div>\n<\/div>\n<!-- \/module text -->        <\/div>\n                    <div  data-lazy=\"1\" class=\"module_column sub_column col4-2 tb_c8ba762 last\">\n                            <\/div>\n                    <\/div>\n        <!-- module text -->\n<div  class=\"module module-text tb_h5ki762\" data-lazy=\"1\">\n        <div  class=\"tb_text_wrap\">\n        <p><strong>Pers\u00f6nlich<\/strong><\/p>\n<ul>\n<li style=\"text-align: left;\">6-j\u00e4hriges M\u00e4dchen<\/li>\n<li style=\"text-align: left;\">Eltern (geschieden), Bruder (4) und Familienhund<\/li>\n<li style=\"text-align: left;\">Lebt in einer Wohnung mit ihrem Vater, in einem Einfamilienhaus mit ihrer Mutter<\/li>\n<li style=\"text-align: left;\">Besucht eine regul\u00e4re Schule<\/li>\n<li style=\"text-align: left;\">Energisch und neugierig; sehr wettbewerbsorientiert, aber schnell frustriert; beliebt in der Schule<\/li>\n<\/ul>\n<p>\u00a0<\/p>\n<p><span style=\"font-weight: bold;\">Mag:<\/span> Sport, insbesondere Fu\u00dfball; mit ihrem Hund kuscheln<\/p>\n<p><span style=\"font-weight: bold;\">Abneigungen:<\/span> Krankenh\u00e4user<\/p>    <\/div>\n<\/div>\n<!-- \/module text -->        <\/div>\n                    <\/div>\n        <!-- module accordion -->\n<div  class=\"module module-accordion tb_9gj7468\" data-behavior=\"toggle\" data-lazy=\"1\">\n    \n    <ul class=\"ui module-accordion separate rounded gradient embossed tb_default_color\">\n            <li>\n            <div class=\"accordion-title tf_rel\">\n                <a href=\"#acc-9gj7468-0\" class=\"tb_title_accordion\" aria-controls=\"acc-9gj7468-0-content\" aria-expanded=\"false\">\n                    <i class=\"accordion-icon\"><svg  class=\"tf_fa tf-ti-angle-down\" xmlns:xlink=\"http:\/\/www.w3.org\/1999\/xlink\" aria-hidden=\"true\"><use href=\"#tf-ti-angle-down\" xlink:href=\"#tf-ti-angle-down\"><\/use><\/svg><\/i>                    <i class=\"accordion-active-icon tf_hide\"><svg  class=\"tf_fa tf-ti-angle-up\" xmlns:xlink=\"http:\/\/www.w3.org\/1999\/xlink\" aria-hidden=\"true\"><use href=\"#tf-ti-angle-up\" xlink:href=\"#tf-ti-angle-up\"><\/use><\/svg><\/i>                    <span class=\"accordion-title-wrap\">Schlaganfall<\/span>                <\/a>\n            <\/div><!-- .accordion-title -->\n            <div id=\"acc-9gj7468-0-content\" data-id=\"acc-9gj7468-0\" aria-hidden=\"true\" class=\"accordion-content tf_hide tf_clearfix\">\n                        <div  data-lazy=\"1\" class=\"module_subrow themify_builder_sub_row tf_w col_align_top tb_col_count_1 tb_6swg468\">\n                <div  data-lazy=\"1\" class=\"module_column sub_column tb_q8o2468 first\">\n                    <!-- module text -->\n<div  class=\"module module-text tb_o407468\" data-lazy=\"1\">\n        <div  class=\"tb_text_wrap\">\n        <div style=\"text-align: left;\"><span style=\"color: #000000;\">Im Alter von 4 Jahren (vor 2 Jahren)<\/span><\/div>\n<div style=\"text-align: left;\">In der linken Hemisph\u00e4re des Gehirns<\/div>\n<div style=\"text-align: left;\">\u00a0<\/div>\n<p style=\"text-align: left;\"><span style=\"color: #000000;\">Dies hat keine dauerhaften motorischen Beeintr\u00e4chtigungen oder offensichtlichen kognitiven Defizite verursacht.<\/span><\/p>    <\/div>\n<\/div>\n<!-- \/module text -->        <\/div>\n                    <\/div>\n                    <\/div><!-- .accordion-content -->\n        <\/li>\n            <li>\n            <div class=\"accordion-title tf_rel\">\n                <a href=\"#acc-9gj7468-1\" class=\"tb_title_accordion\" aria-controls=\"acc-9gj7468-1-content\" aria-expanded=\"false\">\n                    <i class=\"accordion-icon\"><svg  class=\"tf_fa tf-ti-angle-down\" xmlns:xlink=\"http:\/\/www.w3.org\/1999\/xlink\" aria-hidden=\"true\"><use href=\"#tf-ti-angle-down\" xlink:href=\"#tf-ti-angle-down\"><\/use><\/svg><\/i>                    <i class=\"accordion-active-icon tf_hide\"><svg  class=\"tf_fa tf-ti-angle-up\" xmlns:xlink=\"http:\/\/www.w3.org\/1999\/xlink\" aria-hidden=\"true\"><use href=\"#tf-ti-angle-up\" xlink:href=\"#tf-ti-angle-up\"><\/use><\/svg><\/i>                    <span class=\"accordion-title-wrap\">Betreuungspersonen und Kosten<\/span>                <\/a>\n            <\/div><!-- .accordion-title -->\n            <div id=\"acc-9gj7468-1-content\" data-id=\"acc-9gj7468-1\" aria-hidden=\"true\" class=\"accordion-content tf_hide tf_clearfix\">\n                        <div  data-lazy=\"1\" class=\"module_subrow themify_builder_sub_row tf_w col_align_top tb_col_count_1 tb_o0g0468\">\n                <div  data-lazy=\"1\" class=\"module_column sub_column tb_ff50468 first\">\n                            <div  data-lazy=\"1\" class=\"module_subrow themify_builder_sub_row tf_w col_align_top tb_col_count_2 tb_4l2392\">\n                <div  data-lazy=\"1\" class=\"module_column sub_column col4-2 tb_78ow92 first\">\n                    <!-- module text -->\n<div  class=\"module module-text tb_b771337\" data-lazy=\"1\">\n        <div  class=\"tb_text_wrap\">\n        <p><span style=\"color: #000000;\">- Beide Elternteile arbeiten Vollzeit<br><\/span><span style=\"color: #000000;\">- Hoher sozio\u00f6konomischer Hintergrund<br>- Gro\u00dfeltern<\/span><\/p>\n<p><span style=\"color: #000000;\"><br>Mias Eltern sind beide berufst\u00e4tig, deshalb verbringt Mia oft Zeit bei ihren Gro\u00dfeltern. Ihre Eltern sind geschieden und leben getrennt. Sie und ihr Bruder wohnen abwechselnd bei ihrem Vater und ihrer Mutter.\u00a0<\/span><\/p>\n<p><span style=\"color: #000000;\">\u00a0<\/span><\/p>\n<p><span style=\"color: #000000;\">Zum Gl\u00fcck hat die Familie mit einem Gesamteinkommen von etwa 140 000 \u20ac genug Geld, um ihren Alltag zu bew\u00e4ltigen, und ihre Eltern k\u00f6nnen Mia jeden Monat zus\u00e4tzliche Reitstunden (ca. 50 \u20ac pro Stunde) finanzieren.\u00a0<\/span><\/p>\n<p><span style=\"color: #000000;\">\u00a0<\/span><\/p>\n<p><span style=\"color: #000000;\">Da Mias Beeintr\u00e4chtigung nicht schwerwiegend ist, sind keine zus\u00e4tzlichen Ausgaben f\u00fcr Wohnungsanpassungen oder therapeutische Ma\u00dfnahmen erforderlich.<\/span><\/p>    <\/div>\n<\/div>\n<!-- \/module text -->        <\/div>\n                    <div  data-lazy=\"1\" class=\"module_column sub_column col4-2 tb_wmzr92 last\">\n                    <!-- module image -->\n<div  class=\"module module-image tb_u5pp554 image-center   tf_mw\" data-lazy=\"1\">\n        <div class=\"image-wrap tf_rel tf_mw\">\n            <a href=\"https:\/\/build-care.codip.tu-dresden.de\/wp-content\/uploads\/2026\/01\/Mia_expenses-scaled.jpg\">\n                   <img loading=\"lazy\" decoding=\"async\" src=\"https:\/\/build-care.codip.tu-dresden.de\/wp-content\/uploads\/2026\/01\/Mia_expenses-scaled.jpg\" width=\"250\" height=\"2560\" title=\"PERSONAS\" alt=\"PERSONAS\">        <\/a>\n    \n        <\/div>\n    <!-- \/image-wrap -->\n    \n        <\/div>\n<!-- \/module image -->        <\/div>\n                    <\/div>\n                <\/div>\n                    <\/div>\n                    <\/div><!-- .accordion-content -->\n        <\/li>\n            <li>\n            <div class=\"accordion-title tf_rel\">\n                <a href=\"#acc-9gj7468-2\" class=\"tb_title_accordion\" aria-controls=\"acc-9gj7468-2-content\" aria-expanded=\"false\">\n                    <i class=\"accordion-icon\"><svg  class=\"tf_fa tf-ti-angle-down\" xmlns:xlink=\"http:\/\/www.w3.org\/1999\/xlink\" aria-hidden=\"true\"><use href=\"#tf-ti-angle-down\" xlink:href=\"#tf-ti-angle-down\"><\/use><\/svg><\/i>                    <i class=\"accordion-active-icon tf_hide\"><svg  class=\"tf_fa tf-ti-angle-up\" xmlns:xlink=\"http:\/\/www.w3.org\/1999\/xlink\" aria-hidden=\"true\"><use href=\"#tf-ti-angle-up\" xlink:href=\"#tf-ti-angle-up\"><\/use><\/svg><\/i>                    <span class=\"accordion-title-wrap\">Landschaft der Pflege<\/span>                <\/a>\n            <\/div><!-- .accordion-title -->\n            <div id=\"acc-9gj7468-2-content\" data-id=\"acc-9gj7468-2\" aria-hidden=\"true\" class=\"accordion-content tf_hide tf_clearfix\">\n                        <div  data-lazy=\"1\" class=\"module_subrow themify_builder_sub_row tf_w col_align_top tb_col_count_1 tb_k01g468\">\n                <div  data-lazy=\"1\" class=\"module_column sub_column tb_q5p1468 first\">\n                    <!-- module image -->\n<div  class=\"module module-image tb_bv4m78 image-top   auto_fullwidth tf_mw\" data-lazy=\"1\">\n        <div class=\"image-wrap tf_rel tf_mw\">\n            <a href=\"https:\/\/build-care.codip.tu-dresden.de\/wp-content\/uploads\/2025\/12\/Mia_wILLUSTR-scaled.jpg\">\n                   <img loading=\"lazy\" decoding=\"async\" src=\"https:\/\/build-care.codip.tu-dresden.de\/wp-content\/uploads\/2025\/12\/Mia_wILLUSTR-scaled.jpg\" width=\"2560\" height=\"1142\" title=\"PERSONAS\" alt=\"PERSONAS\">        <\/a>\n    \n        <\/div>\n    <!-- \/image-wrap -->\n    \n        <\/div>\n<!-- \/module image -->        <\/div>\n                    <\/div>\n                    <\/div><!-- .accordion-content -->\n        <\/li>\n            <li>\n            <div class=\"accordion-title tf_rel\">\n                <a href=\"#acc-9gj7468-3\" class=\"tb_title_accordion\" aria-controls=\"acc-9gj7468-3-content\" aria-expanded=\"false\">\n                    <i class=\"accordion-icon\"><svg  class=\"tf_fa tf-ti-angle-down\" xmlns:xlink=\"http:\/\/www.w3.org\/1999\/xlink\" aria-hidden=\"true\"><use href=\"#tf-ti-angle-down\" xlink:href=\"#tf-ti-angle-down\"><\/use><\/svg><\/i>                    <i class=\"accordion-active-icon tf_hide\"><svg  class=\"tf_fa tf-ti-angle-up\" xmlns:xlink=\"http:\/\/www.w3.org\/1999\/xlink\" aria-hidden=\"true\"><use href=\"#tf-ti-angle-up\" xlink:href=\"#tf-ti-angle-up\"><\/use><\/svg><\/i>                    <span class=\"accordion-title-wrap\">Szenarien<\/span>                <\/a>\n            <\/div><!-- .accordion-title -->\n            <div id=\"acc-9gj7468-3-content\" data-id=\"acc-9gj7468-3\" aria-hidden=\"true\" class=\"accordion-content tf_hide tf_clearfix\">\n                        <div  data-lazy=\"1\" class=\"module_subrow themify_builder_sub_row tf_w col_align_top tb_col_count_1 tb_8c7a34\">\n                <div  data-lazy=\"1\" class=\"module_column sub_column col-full tb_62vd34 first\">\n                    <!-- module accordion -->\n<div  class=\"module module-accordion tb_apbo516\" data-behavior=\"toggle\" data-lazy=\"1\">\n    \n    <ul class=\"ui module-accordion separate rounded shadow light-blue\">\n            <li>\n            <div class=\"accordion-title tf_rel\">\n                <a href=\"#acc-apbo516-0\" class=\"tb_title_accordion\" aria-controls=\"acc-apbo516-0-content\" aria-expanded=\"false\">\n                                                            <span class=\"accordion-title-wrap\">Zu riskant<\/span>                <\/a>\n            <\/div><!-- .accordion-title -->\n            <div id=\"acc-apbo516-0-content\" data-id=\"acc-apbo516-0\" aria-hidden=\"true\" class=\"accordion-content tf_hide tf_clearfix\">\n                        <div  data-lazy=\"1\" class=\"module_subrow themify_builder_sub_row tf_w col_align_top tb_col_count_1 tb_4ucr580\">\n                <div  data-lazy=\"1\" class=\"module_column sub_column tb_lne4580 first\">\n                    <!-- module text -->\n<div  class=\"module module-text tb_5l38581\" data-lazy=\"1\">\n        <div  class=\"tb_text_wrap\">\n        <p style=\"text-align: left;\"><span style=\"color: #000000;\">Mias Eltern sch\u00e4tzen sich sehr gl\u00fccklich - sie hat sich bemerkenswert gut von ihrem Schlaganfall erholt, ohne bleibende motorische oder kognitive Probleme. Doch die Angst vor einem weiteren Schlaganfall begleitet sie und beeinflusst jede Entscheidung, die sie treffen. Ihre \u00c4rzte treffen strenge Vorsichtsma\u00dfnahmen und verbieten ihr die meisten Sportarten. Fu\u00dfball, das sie liebt, kommt nicht mehr in Frage. Und als sie den Wunsch \u00e4u\u00dferte, einem Karateverein beizutreten, wurde dies sofort als zu riskant abgelehnt. Diese Einschr\u00e4nkungen sind f\u00fcr Mia frustrierend, sie wird sehr w\u00fctend, und ihre Frustration ist f\u00fcr ihre Eltern manchmal schwer zu ertragen, da sie sich zu Hause Luft macht und auf Dinge einschl\u00e4gt. Sie braucht ein Ventil f\u00fcr ihre Wut.<\/span><\/p>\n<p style=\"text-align: left;\"><span style=\"color: #000000;\"><br>Fr\u00fcher haben sie auch Trampolinparks besucht. Technisch gesehen kann sie immer noch hingehen, aber immer im Schatten des Unbehagens ihrer Eltern. Wenn sie eine Freundin besuchen, die ein Trampolin besitzt, darf sie unter Aufsicht darauf laufen oder vorsichtig h\u00fcpfen, aber nicht frei springen wie die anderen Kinder. Um ihr eine Alternative zu bieten, probieren sie andere Aktivit\u00e4ten aus, zum Beispiel Reiten au\u00dferhalb der Stadt.<br><br><\/span><\/p>\n<p style=\"text-align: left;\"><span style=\"color: #000000;\">Vater: \u201cDas Reiten ist ziemlich teuer, aber der Kontakt mit den Tieren beruhigt sie, und es gibt ihr etwas, worauf sie sich zweimal in der Woche freuen kann.\u201d<\/span><\/p>\n<p style=\"text-align: left;\"><span style=\"color: #000000;\">\u00a0<\/span><\/p>\n<blockquote>\n<p><span style=\"color: #374c9b;\"><em><strong>\u201c...der Kontakt mit Tieren\u00a0<\/strong><\/em><em><strong>beruhigt sie\u201c<\/strong> <\/em>Vater<br><\/span><\/p>\n<\/blockquote>    <\/div>\n<\/div>\n<!-- \/module text -->        <\/div>\n                    <\/div>\n                    <\/div><!-- .accordion-content -->\n        <\/li>\n            <li>\n            <div class=\"accordion-title tf_rel\">\n                <a href=\"#acc-apbo516-1\" class=\"tb_title_accordion\" aria-controls=\"acc-apbo516-1-content\" aria-expanded=\"false\">\n                                                            <span class=\"accordion-title-wrap\">Schwierigkeiten mit MRI<\/span>                <\/a>\n            <\/div><!-- .accordion-title -->\n            <div id=\"acc-apbo516-1-content\" data-id=\"acc-apbo516-1\" aria-hidden=\"true\" class=\"accordion-content tf_hide tf_clearfix\">\n                        <div  data-lazy=\"1\" class=\"module_subrow themify_builder_sub_row tf_w col_align_top tb_col_count_1 tb_a9d2487\">\n                <div  data-lazy=\"1\" class=\"module_column sub_column tb_w4us487 first\">\n                    <!-- module text -->\n<div  class=\"module module-text tb_5v52487\" data-lazy=\"1\">\n        <div  class=\"tb_text_wrap\">\n        <p style=\"text-align: left;\"><span style=\"color: #000000;\">Die Mutter: \u201cSeit ihrem Schlaganfall vor 2 Jahren musste sich Mia bereits mehreren MRT-Untersuchungen unterziehen, und jedes Mal war es f\u00fcr Mia - und auch f\u00fcr ihren Vater - eine belastende Erfahrung. Bis jetzt war sie so jung, dass sie f\u00fcr die Untersuchungen sediert und n\u00fcchtern sein musste, was jeden Termin zu einem anstrengenden, stundenlangen Kampf machte. Das Verfahren war mit langen Wartezeiten verbunden, oft mussten sie bis zu drei Stunden auf dem Flur sitzen. Mia erhielt ein Kontrastmittel, wurde gescannt und wartete dann wieder, bis sie vollst\u00e4ndig aufgewacht war. Wenn sie mit der Sedierung k\u00e4mpfte, wurde die Situation noch schlimmer, da kein privater Raum f\u00fcr die Pflege zur Verf\u00fcgung stand und oft kein Personal zur Unterst\u00fctzung da war. F\u00fcr beide war es immer eine schreckliche Erfahrung - sie hasst es so sehr, dass sie sich weigert, das Krankenhaus \u00fcberhaupt zu betreten. Jeder Besuch ist ein echter Kampf und erfordert eine umfangreiche emotionale Vorbereitung, lange bevor der Tag anbricht.\u201d<\/span><\/p>\n<p><span style=\"color: #000000;\">\u00a0<\/span><\/p>\n<blockquote>\n<p style=\"text-align: center;\"><em style=\"color: #374c9b; font-size: 1.52087rem;\"><strong>\u201cDas Verfahren war mit langen Wartezeiten verbunden, die oft <\/strong><\/em><em style=\"color: #374c9b; font-size: 1.52087rem;\"><strong>mussten im Flur sitzen, bis zu\u00a0<\/strong><\/em><em style=\"font-size: 1.52087rem;\"><strong><span style=\"color: #374c9b;\">drei Stunden.\u201d<\/span><\/strong><\/em><span style=\"font-size: 1.52087rem; color: #374c9b;\"> Vater<\/span><span style=\"color: #1d87ff; font-size: 1.52087rem;\">\u00a0<\/span><\/p>\n<\/blockquote>    <\/div>\n<\/div>\n<!-- \/module text -->        <\/div>\n                    <\/div>\n                    <\/div><!-- .accordion-content -->\n        <\/li>\n            <li>\n            <div class=\"accordion-title tf_rel\">\n                <a href=\"#acc-apbo516-2\" class=\"tb_title_accordion\" aria-controls=\"acc-apbo516-2-content\" aria-expanded=\"false\">\n                                                            <span class=\"accordion-title-wrap\">Ein Wochenendhaus<\/span>                <\/a>\n            <\/div><!-- .accordion-title -->\n            <div id=\"acc-apbo516-2-content\" data-id=\"acc-apbo516-2\" aria-hidden=\"true\" class=\"accordion-content tf_hide tf_clearfix\">\n                        <div  data-lazy=\"1\" class=\"module_subrow themify_builder_sub_row tf_w col_align_top tb_col_count_1 tb_9yof166\">\n                <div  data-lazy=\"1\" class=\"module_column sub_column tb_6bk2166 first\">\n                    <!-- module text -->\n<div  class=\"module module-text tb_szll166\" data-lazy=\"1\">\n        <div  class=\"tb_text_wrap\">\n        <p style=\"text-align: left;\"><span style=\"color: #000000;\">Mia hat sich gut erholt und braucht keine Physio- und Sprachtherapie mehr, aber die Zeit kurz nach ihrem Schlaganfall war anders. Sie verbrachte einige Monate im Krankenhaus mit mehreren Therapiesitzungen pro Woche. Als sie das erste Mal f\u00fcr ein Wochenende nach Hause kam, f\u00fchlte es sich an wie ein Familientreffen - ihr Vater, ihre Gro\u00dfeltern und ihr Hund waren alle im Haus ihrer Mutter, um sie zu begr\u00fc\u00dfen. Ihre Familie war \u00fcberrascht, wie schnell sie in ihrer h\u00e4uslichen Umgebung Fortschritte machte. Schon nach zwei Tagen in der gewohnten Umgebung traute sie sich pl\u00f6tzlich Dinge zu, die sie vorher nicht getan hatte: die Treppe allein zu benutzen, jedoch immer mit einer helfenden Hand in der N\u00e4he, da sie anfangs Angst vor St\u00fcrzen hatte und schnell m\u00fcde wurde, oder sich selbstst\u00e4ndig fortzubewegen. Sie erkundete auch den Garten und strahlte beim Spaziergang mit ihrem Hund. Die vertraute Umgebung hat ihr Selbstvertrauen und ihre Unabh\u00e4ngigkeit deutlich gest\u00e4rkt.<\/span><\/p>\n<p style=\"text-align: left;\"><span style=\"color: #000000;\"><br>Gro\u00dfeltern: \u201cMia liebt es, Zeit bei uns zu verbringen. Wir k\u00fcmmern uns oft nachmittags nach der Schule und an den Wochenenden um sie, wenn ihre Eltern arbeiten m\u00fcssen. Die Schlafzimmer befinden sich im ersten Stock, so dass uns die vielen Treppen anfangs Sorgen bereiteten, aber zum Gl\u00fcck hatten wir ein G\u00e4stezimmer im Erdgeschoss, das wir f\u00fcr sie herrichten konnten, um ihr den Aufenthalt zu erleichtern. Auch wenn Mia jetzt selbstbewusst die Treppe hinaufl\u00e4uft, behalten wir sie bei Besuchen immer noch gut im Auge.\u201d<\/span><\/p>    <\/div>\n<\/div>\n<!-- \/module text -->        <\/div>\n                    <\/div>\n                    <\/div><!-- .accordion-content -->\n        <\/li>\n        <\/ul>\n\n<\/div><!-- \/module accordion -->        <\/div>\n                    <\/div>\n                    <\/div><!-- .accordion-content -->\n        <\/li>\n        <\/ul>\n\n<\/div><!-- \/module accordion -->        <\/div>\n                        <\/div>\n        <\/div>\n                        <div  data-anchor=\"5\" data-css_id=\"w7ur701\" data-lazy=\"1\" class=\"module_row themify_builder_row fullwidth tb_has_section tb_section-5 tb_w7ur701 tf_w\">\n                        <div class=\"row_inner col_align_top tb_col_count_1 tf_box tf_rel\">\n                        <div  data-lazy=\"1\" class=\"module_column tb-column col-full tb_qc0j701 first\">\n                            <div  data-lazy=\"1\" class=\"module_subrow themify_builder_sub_row tf_w col_align_top tb_col_count_2 tb_eb7i208\">\n                <div  data-lazy=\"1\" class=\"module_column sub_column col4-2 tb_kagc208 first\">\n                    <!-- module image -->\n<div  class=\"module module-image tb_goqv915 image-center   tf_mw\" data-lazy=\"1\">\n        <div class=\"image-wrap tf_rel tf_mw\">\n            <img loading=\"lazy\" decoding=\"async\" src=\"https:\/\/build-care.codip.tu-dresden.de\/wp-content\/uploads\/2025\/11\/Theo.jpg\" width=\"398\" height=\"404\" title=\"PERSONAS\" alt=\"PERSONAS\">    \n        <\/div>\n    <!-- \/image-wrap -->\n    \n        <\/div>\n<!-- \/module image -->        <\/div>\n                    <div  data-lazy=\"1\" class=\"module_column sub_column col4-2 tb_91oe208 last\">\n                            <div  data-lazy=\"1\" class=\"module_subrow themify_builder_sub_row tf_w col_align_top tb_col_count_2 tb_b74a208\">\n                <div  data-lazy=\"1\" class=\"module_column sub_column col4-2 tb_s6uk208 first\">\n                    <!-- module text -->\n<div  class=\"module module-text tb_8w6s208\" data-lazy=\"1\">\n        <div  class=\"tb_text_wrap\">\n        <h3>Theo<\/h3>    <\/div>\n<\/div>\n<!-- \/module text -->        <\/div>\n                    <div  data-lazy=\"1\" class=\"module_column sub_column col4-2 tb_yfkv208 last\">\n                            <\/div>\n                    <\/div>\n        <!-- module text -->\n<div  class=\"module module-text tb_7pa9208\" data-lazy=\"1\">\n        <div  class=\"tb_text_wrap\">\n        <p style=\"text-align: left;\"><strong>Pers\u00f6nlich<\/strong><\/p>\n<ul>\n<li style=\"text-align: left;\">10-j\u00e4hriger Junge<\/li>\n<li style=\"text-align: left;\">Alleinerziehende Mutter, keine weitere Familie in der N\u00e4he<\/li>\n<li style=\"text-align: left;\">Lebt in einer Wohnung im 3. Stockwerk<\/li>\n<li style=\"text-align: left;\">Besucht eine regul\u00e4re Schule<\/li>\n<li style=\"text-align: left;\">Einf\u00fchlsam und r\u00fccksichtsvoll<\/li>\n<li>Zieht seit dem Schlaganfall die Einsamkeit vor, will nicht, dass jemand davon erf\u00e4hrt<\/li>\n<\/ul>\n<p>\u00a0<\/p>\n<p><span style=\"font-weight: bold;\">Mag: <\/span>Er spielt am Computer, verbringt Zeit in seinem Zimmer<\/p>\n<p><span style=\"font-weight: bold;\">Abneigungen:<\/span> Zeichnen, zu viele Menschen um sich haben<\/p>    <\/div>\n<\/div>\n<!-- \/module text -->        <\/div>\n                    <\/div>\n        <!-- module accordion -->\n<div  class=\"module module-accordion tb_s1s4701\" data-behavior=\"toggle\" data-lazy=\"1\">\n    \n    <ul class=\"ui module-accordion separate rounded gradient embossed tb_default_color\">\n            <li>\n            <div class=\"accordion-title tf_rel\">\n                <a href=\"#acc-s1s4701-0\" class=\"tb_title_accordion\" aria-controls=\"acc-s1s4701-0-content\" aria-expanded=\"false\">\n                    <i class=\"accordion-icon\"><svg  class=\"tf_fa tf-ti-angle-down\" xmlns:xlink=\"http:\/\/www.w3.org\/1999\/xlink\" aria-hidden=\"true\"><use href=\"#tf-ti-angle-down\" xlink:href=\"#tf-ti-angle-down\"><\/use><\/svg><\/i>                    <i class=\"accordion-active-icon tf_hide\"><svg  class=\"tf_fa tf-ti-angle-up\" xmlns:xlink=\"http:\/\/www.w3.org\/1999\/xlink\" aria-hidden=\"true\"><use href=\"#tf-ti-angle-up\" xlink:href=\"#tf-ti-angle-up\"><\/use><\/svg><\/i>                    <span class=\"accordion-title-wrap\">Schlaganfall<\/span>                <\/a>\n            <\/div><!-- .accordion-title -->\n            <div id=\"acc-s1s4701-0-content\" data-id=\"acc-s1s4701-0\" aria-hidden=\"true\" class=\"accordion-content tf_hide tf_clearfix\">\n                        <div  data-lazy=\"1\" class=\"module_subrow themify_builder_sub_row tf_w col_align_top tb_col_count_1 tb_b26h701\">\n                <div  data-lazy=\"1\" class=\"module_column sub_column tb_6ado701 first\">\n                    <!-- module text -->\n<div  class=\"module module-text tb_6qgj701\" data-lazy=\"1\">\n        <div  class=\"tb_text_wrap\">\n        <div style=\"text-align: left;\"><span style=\"color: #000000;\">Im Alter von 7 Jahren (vor 3 Jahren)<\/span><\/div>\n<div style=\"text-align: left;\"><span style=\"color: #000000;\">In der linken Hemisph\u00e4re des Gehirns<\/span><\/div>\n<div style=\"text-align: left;\"><span style=\"color: #000000;\">\u00a0<\/span><\/div>\n<p style=\"text-align: left;\"><span style=\"color: #000000;\">Dies ist nach wie vor der Fall:<\/span><\/p>\n<ul>\n<li style=\"text-align: left;\">Motorische Beeintr\u00e4chtigung (Dyspraxie), die seinen rechten Arm und sein rechtes Bein betrifft<\/li>\n<li style=\"text-align: left;\">Visuoperzeptive Defizite, Aufmerksamkeitsdefizite<\/li>\n<li style=\"text-align: left;\">Sozialer R\u00fcckzug, \u00c4ngstlichkeit, emotionale Verarbeitungsschwierigkeiten<\/li>\n<\/ul>    <\/div>\n<\/div>\n<!-- \/module text -->        <\/div>\n                    <\/div>\n                    <\/div><!-- .accordion-content -->\n        <\/li>\n            <li>\n            <div class=\"accordion-title tf_rel\">\n                <a href=\"#acc-s1s4701-1\" class=\"tb_title_accordion\" aria-controls=\"acc-s1s4701-1-content\" aria-expanded=\"false\">\n                    <i class=\"accordion-icon\"><svg  class=\"tf_fa tf-ti-angle-down\" xmlns:xlink=\"http:\/\/www.w3.org\/1999\/xlink\" aria-hidden=\"true\"><use href=\"#tf-ti-angle-down\" xlink:href=\"#tf-ti-angle-down\"><\/use><\/svg><\/i>                    <i class=\"accordion-active-icon tf_hide\"><svg  class=\"tf_fa tf-ti-angle-up\" xmlns:xlink=\"http:\/\/www.w3.org\/1999\/xlink\" aria-hidden=\"true\"><use href=\"#tf-ti-angle-up\" xlink:href=\"#tf-ti-angle-up\"><\/use><\/svg><\/i>                    <span class=\"accordion-title-wrap\">Betreuungspersonen und Kosten<\/span>                <\/a>\n            <\/div><!-- .accordion-title -->\n            <div id=\"acc-s1s4701-1-content\" data-id=\"acc-s1s4701-1\" aria-hidden=\"true\" class=\"accordion-content tf_hide tf_clearfix\">\n                        <div  data-lazy=\"1\" class=\"module_subrow themify_builder_sub_row tf_w col_align_top tb_col_count_1 tb_kn70701\">\n                <div  data-lazy=\"1\" class=\"module_column sub_column tb_rkc4701 first\">\n                            <div  data-lazy=\"1\" class=\"module_subrow themify_builder_sub_row tf_w col_align_top tb_col_count_2 tb_ochn559\">\n                <div  data-lazy=\"1\" class=\"module_column sub_column col4-2 tb_99bs559 first\">\n                    <!-- module text -->\n<div  class=\"module module-text tb_69gk417\" data-lazy=\"1\">\n        <div  class=\"tb_text_wrap\">\n        <p><span style=\"color: #000000;\">- Die Mutter von Theo arbeitet etwa 25 Stunden pro Woche.<\/span><\/p>\n<p><span style=\"color: #000000;\"><br>Theos Mutter k\u00e4mpft damit, sich um ihren Sohn zu k\u00fcmmern und gleichzeitig zu arbeiten; sie hat keine Zeit f\u00fcr sich selbst. Er braucht jede Woche etwa 10 Stunden zus\u00e4tzliche Betreuung f\u00fcr Haushaltsaufgaben und pers\u00f6nliche Unterst\u00fctzung. Auch wenn sie ihre Arbeitszeit gerne erh\u00f6hen w\u00fcrde, ist das mit der Hilfe und Unterst\u00fctzung, die Theo ben\u00f6tigt, nicht m\u00f6glich, da er sich nur auf sie verl\u00e4sst. Mit einem Einkommen von 20 000 \u20ac im Jahr kommen sie im Alltag zurecht, aber am Ende des Monats bleibt nichts \u00fcbrig. Theo ben\u00f6tigt eine spezielle Ausr\u00fcstung, die das Budget weiter belastet. Insgesamt hat seine Mutter 3 600 \u20ac f\u00fcr spezielle Ger\u00e4te ausgegeben, um Theos Leben zu erleichtern. Keine dieser Anschaffungen wird von der Versicherung \u00fcbernommen.<\/span><\/p>    <\/div>\n<\/div>\n<!-- \/module text -->        <\/div>\n                    <div  data-lazy=\"1\" class=\"module_column sub_column col4-2 tb_xn87559 last\">\n                    <!-- module image -->\n<div  class=\"module module-image tb_67zq776 image-center   tf_mw\" data-lazy=\"1\">\n        <div class=\"image-wrap tf_rel tf_mw\">\n            <a href=\"https:\/\/build-care.codip.tu-dresden.de\/wp-content\/uploads\/2026\/01\/Theo_expenses-scaled.jpg\">\n                   <img loading=\"lazy\" decoding=\"async\" src=\"https:\/\/build-care.codip.tu-dresden.de\/wp-content\/uploads\/2026\/01\/Theo_expenses-scaled.jpg\" width=\"250\" height=\"2560\" title=\"PERSONAS\" alt=\"PERSONAS\">        <\/a>\n    \n        <\/div>\n    <!-- \/image-wrap -->\n    \n        <\/div>\n<!-- \/module image -->        <\/div>\n                    <\/div>\n                <\/div>\n                    <\/div>\n                    <\/div><!-- .accordion-content -->\n        <\/li>\n            <li>\n            <div class=\"accordion-title tf_rel\">\n                <a href=\"#acc-s1s4701-2\" class=\"tb_title_accordion\" aria-controls=\"acc-s1s4701-2-content\" aria-expanded=\"false\">\n                    <i class=\"accordion-icon\"><svg  class=\"tf_fa tf-ti-angle-down\" xmlns:xlink=\"http:\/\/www.w3.org\/1999\/xlink\" aria-hidden=\"true\"><use href=\"#tf-ti-angle-down\" xlink:href=\"#tf-ti-angle-down\"><\/use><\/svg><\/i>                    <i class=\"accordion-active-icon tf_hide\"><svg  class=\"tf_fa tf-ti-angle-up\" xmlns:xlink=\"http:\/\/www.w3.org\/1999\/xlink\" aria-hidden=\"true\"><use href=\"#tf-ti-angle-up\" xlink:href=\"#tf-ti-angle-up\"><\/use><\/svg><\/i>                    <span class=\"accordion-title-wrap\">Landschaft der Pflege<\/span>                <\/a>\n            <\/div><!-- .accordion-title -->\n            <div id=\"acc-s1s4701-2-content\" data-id=\"acc-s1s4701-2\" aria-hidden=\"true\" class=\"accordion-content tf_hide tf_clearfix\">\n                        <div  data-lazy=\"1\" class=\"module_subrow themify_builder_sub_row tf_w col_align_top tb_col_count_1 tb_sc13701\">\n                <div  data-lazy=\"1\" class=\"module_column sub_column tb_m4qg701 first\">\n                    <!-- module image -->\n<div  class=\"module module-image tb_jcbm52 image-top   auto_fullwidth tf_mw\" data-lazy=\"1\">\n        <div class=\"image-wrap tf_rel tf_mw\">\n            <a href=\"https:\/\/build-care.codip.tu-dresden.de\/wp-content\/uploads\/2025\/12\/Theo_wILLUSTR-scaled.jpg\">\n                   <img loading=\"lazy\" decoding=\"async\" src=\"https:\/\/build-care.codip.tu-dresden.de\/wp-content\/uploads\/2025\/12\/Theo_wILLUSTR-scaled.jpg\" width=\"2560\" height=\"1280\" title=\"PERSONAS\" alt=\"PERSONAS\">        <\/a>\n    \n        <\/div>\n    <!-- \/image-wrap -->\n    \n        <\/div>\n<!-- \/module image -->        <\/div>\n                    <\/div>\n                    <\/div><!-- .accordion-content -->\n        <\/li>\n            <li>\n            <div class=\"accordion-title tf_rel\">\n                <a href=\"#acc-s1s4701-3\" class=\"tb_title_accordion\" aria-controls=\"acc-s1s4701-3-content\" aria-expanded=\"false\">\n                    <i class=\"accordion-icon\"><svg  class=\"tf_fa tf-ti-angle-down\" xmlns:xlink=\"http:\/\/www.w3.org\/1999\/xlink\" aria-hidden=\"true\"><use href=\"#tf-ti-angle-down\" xlink:href=\"#tf-ti-angle-down\"><\/use><\/svg><\/i>                    <i class=\"accordion-active-icon tf_hide\"><svg  class=\"tf_fa tf-ti-angle-up\" xmlns:xlink=\"http:\/\/www.w3.org\/1999\/xlink\" aria-hidden=\"true\"><use href=\"#tf-ti-angle-up\" xlink:href=\"#tf-ti-angle-up\"><\/use><\/svg><\/i>                    <span class=\"accordion-title-wrap\">Szenarien<\/span>                <\/a>\n            <\/div><!-- .accordion-title -->\n            <div id=\"acc-s1s4701-3-content\" data-id=\"acc-s1s4701-3\" aria-hidden=\"true\" class=\"accordion-content tf_hide tf_clearfix\">\n                        <div  data-lazy=\"1\" class=\"module_subrow themify_builder_sub_row tf_w col_align_top tb_col_count_1 tb_4g2h978\">\n                <div  data-lazy=\"1\" class=\"module_column sub_column tb_osso978 first\">\n                    <!-- module accordion -->\n<div  class=\"module module-accordion tb_clhe234\" data-behavior=\"toggle\" data-lazy=\"1\">\n    \n    <ul class=\"ui module-accordion separate rounded shadow light-blue\">\n            <li>\n            <div class=\"accordion-title tf_rel\">\n                <a href=\"#acc-clhe234-0\" class=\"tb_title_accordion\" aria-controls=\"acc-clhe234-0-content\" aria-expanded=\"false\">\n                                                            <span class=\"accordion-title-wrap\">Schrittweise Erkundung neuer Bereiche<\/span>                <\/a>\n            <\/div><!-- .accordion-title -->\n            <div id=\"acc-clhe234-0-content\" data-id=\"acc-clhe234-0\" aria-hidden=\"true\" class=\"accordion-content tf_hide tf_clearfix\">\n                        <div  data-lazy=\"1\" class=\"module_subrow themify_builder_sub_row tf_w col_align_top tb_col_count_1 tb_1nl4307\">\n                <div  data-lazy=\"1\" class=\"module_column sub_column tb_8h6u307 first\">\n                    <!-- module text -->\n<div  class=\"module module-text tb_49ly307\" data-lazy=\"1\">\n        <div  class=\"tb_text_wrap\">\n        <p style=\"text-align: left;\"><span style=\"color: #000000;\">Die Mutter: \u201cTheo liebt die Reha. Es ist der einzige Ort, an dem er sich sicher, neugierig und von Gleichaltrigen akzeptiert f\u00fchlt. Je \u00e4lter er wurde, desto mehr wurde er sich seiner Probleme bewusst und f\u00fchlte sich zunehmend von anderen Kindern abgekoppelt. Aber in der Reha hat er das Gef\u00fchl, dazuzugeh\u00f6ren. Es f\u00fchlte sich an wie eine sich st\u00e4ndig erweiternde Umgebung - im ersten Jahr konnte er jeden Tag mehr von der Einrichtung erkunden und eine Herausforderung nach der anderen meistern: In den ersten Jahren in der Reha-Einrichtung konnten wir nicht viel unternehmen. Er verbrachte die meiste Zeit im Bett und brauchte einen Rollstuhl als Hilfe. Unser Zimmer wurde zu unserer Burg - ich benutzte Laken, um sein Bett in eine kleine Festung zu verwandeln. Als es ihm besser ging, entdeckten wir nach und nach neue Bereiche. Zuerst machten wir kurze Spazierg\u00e4nge durch die Flure, hinunter zur Lobby und zur\u00fcck. Sp\u00e4ter gingen wir nach drau\u00dfen, wo er die Beschaffenheit der verschiedenen Oberfl\u00e4chen unter seinen F\u00fc\u00dfen sp\u00fcren konnte, umgeben von B\u00e4umen und der Natur im Sommer. Und als er sich weiter erholt hatte, erkundeten wir die Stadt, in der sich die Einrichtung befand, besuchten Restaurants und g\u00f6nnten uns ein Eis. Er freut sich darauf, jedes Jahr wieder dorthin zu fahren.\u201d<\/span><\/p>\n<p style=\"text-align: left;\"><span style=\"color: #000000;\">&nbsp;<\/span><\/p>\n<blockquote>\n<p style=\"text-align: center;\"><span style=\"color: rgb(55, 76, 155);\"><em><strong>\u201cAls es ihm besser ging, haben wir nach und nach mehr von <\/strong><\/em><em style=\"\"><strong>unsere Umgebung.\u201d<\/strong><\/em> Mutter<\/span><\/p>\n<\/blockquote>    <\/div>\n<\/div>\n<!-- \/module text -->        <\/div>\n                    <\/div>\n                    <\/div><!-- .accordion-content -->\n        <\/li>\n            <li>\n            <div class=\"accordion-title tf_rel\">\n                <a href=\"#acc-clhe234-1\" class=\"tb_title_accordion\" aria-controls=\"acc-clhe234-1-content\" aria-expanded=\"false\">\n                                                            <span class=\"accordion-title-wrap\">Ein Ort des R\u00fcckzugs<\/span>                <\/a>\n            <\/div><!-- .accordion-title -->\n            <div id=\"acc-clhe234-1-content\" data-id=\"acc-clhe234-1\" aria-hidden=\"true\" class=\"accordion-content tf_hide tf_clearfix\">\n                        <div  data-lazy=\"1\" class=\"module_subrow themify_builder_sub_row tf_w col_align_top tb_col_count_1 tb_4nj4941\">\n                <div  data-lazy=\"1\" class=\"module_column sub_column tb_choi941 first\">\n                    <!-- module text -->\n<div  class=\"module module-text tb_h8ts941\" data-lazy=\"1\">\n        <div  class=\"tb_text_wrap\">\n        <p style=\"text-align: left;\"><span style=\"color: #000000;\">Die Mutter: \u201cDie Schule ist seit dem Schlaganfall eine gro\u00dfe Herausforderung f\u00fcr Theo. Er besucht eine Regelschule und kann dem Unterricht gut folgen, vor allem mit der Unterst\u00fctzung seines Assistenzlehrers. Allerdings hat er Probleme mit L\u00e4rm und sehnt sich sowohl nach akustischer als auch nach visueller Abgeschiedenheit. Er war schon immer ein sehr sensibles Kind, aber durch den Schlaganfall sucht er noch mehr die Einsamkeit - er braucht einen Raum, in den er sich zur\u00fcckziehen kann.\u201d<br><br><\/span><\/p>\n<p style=\"text-align: left;\"><span style=\"color: #000000;\">Lehrerin: \u201cEinen Raum zu haben, in den er sich ein wenig zur\u00fcckziehen kann, ist f\u00fcr jemanden wie Theo sehr wichtig. Es bedeutet, dass er in der Klasse bleiben und sich wirklich mit seinen Aufgaben besch\u00e4ftigen kann, mit den anderen Kindern mithalten kann, aber gleichzeitig auch Zeit f\u00fcr sich haben m\u00f6chte.\u201d<br><br><\/span><\/p>\n<p style=\"text-align: left;\"><span style=\"color: #000000;\">Die Mutter: \u201cDie Kuschelecke in der Schule hilft ihm sehr, und seine aufmerksamen Lehrer erlauben ihm, dorthin zu gehen, wenn sie merken, dass er mit anderen k\u00e4mpft oder die Konzentration verliert. Kopfh\u00f6rer helfen auch, aber was er wirklich braucht, ist ein kleiner, sensorisch reduzierter Raum, in dem er sein Gleichgewicht wiederfinden kann. Ich muss zugeben - auch ich muss meine Batterien aufladen. Unser Alltag ist so vollgepackt mit Terminen und Hektik... In der Reha hat mir zum Beispiel die Badewanne, die ich freundlicherweise ausnahmsweise benutzen durfte, sehr geholfen, kurz zur Ruhe zu kommen. Zu Hause ist mein Bett mein absoluter Lieblingsplatz. Wenn er schl\u00e4ft, kann ich endlich zur Ruhe kommen und alle Sorgen loslassen.\u201d<\/span><\/p>\n<p style=\"text-align: left;\"><span style=\"color: #000000;\">\u00a0<\/span><\/p>\n<blockquote>\n<p><span style=\"color: #374c9b;\"><em><strong>\u201cWas er wirklich braucht, ist ein kleiner, sinnesreduzierter Raum, in dem er sein Gleichgewicht wiederfinden kann.\u201d\u00a0<\/strong><\/em><br><em><strong>\u201cIch muss auch meine Batterien aufladen\u201d<\/strong><\/em> Mutter<\/span><\/p>\n<\/blockquote>    <\/div>\n<\/div>\n<!-- \/module text -->        <\/div>\n                    <\/div>\n                    <\/div><!-- .accordion-content -->\n        <\/li>\n            <li>\n            <div class=\"accordion-title tf_rel\">\n                <a href=\"#acc-clhe234-2\" class=\"tb_title_accordion\" aria-controls=\"acc-clhe234-2-content\" aria-expanded=\"false\">\n                                                            <span class=\"accordion-title-wrap\">Die Therapie nach Hause holen<\/span>                <\/a>\n            <\/div><!-- .accordion-title -->\n            <div id=\"acc-clhe234-2-content\" data-id=\"acc-clhe234-2\" aria-hidden=\"true\" class=\"accordion-content tf_hide tf_clearfix\">\n                        <div  data-lazy=\"1\" class=\"module_subrow themify_builder_sub_row tf_w col_align_top tb_col_count_1 tb_92b7568\">\n                <div  data-lazy=\"1\" class=\"module_column sub_column tb_uag0568 first\">\n                    <!-- module text -->\n<div  class=\"module module-text tb_qiw8568\" data-lazy=\"1\">\n        <div  class=\"tb_text_wrap\">\n        <p style=\"text-align: left;\"><span style=\"color: #000000;\">Die Mutter: \u201cTheo hat jede Woche Besch\u00e4ftigungstherapie. Fr\u00fcher mussten wir f\u00fcr die Therapie in die n\u00e4chste Stadt fahren, was f\u00fcr ihn ziemlich anstrengend und nervig war. Jetzt sind wir zu einem 10-Sitzungs-Therapie-Block in einer Kletterhalle in der N\u00e4he gewechselt und er liebt es.\u201d<\/span><\/p>\n<p style=\"text-align: left;\"><span style=\"color: #000000;\"><br>Theo: \u201cIch mag die Klettertherapie. Der Trainer zeigt mir immer neue Wege, um meine H\u00e4nde und Finger zu st\u00e4rken. Am Anfang konnte ich nur die sehr, sehr leichten Boulderrouten klettern, aber letzte Woche habe ich eine schwierigere Route geklettert. Meine Beine sind sehr wichtig, aber ich h\u00e4tte es nicht geschafft, wenn ich nicht auch mit meinen H\u00e4nden gegriffen h\u00e4tte. Sogar meine helfende Hand wird immer st\u00e4rker.\u201d<\/span><\/p>\n<p style=\"text-align: left;\"><span style=\"color: #000000;\"><br>Die Mutter: \u201cEr f\u00fchlt sich wirklich wieder lebendig, denn er scheint das Klettern wirklich zu genie\u00dfen. Es hilft nicht nur bei seinen motorischen F\u00e4higkeiten, sondern st\u00e4rkt auch sein Selbstvertrauen. Seit dem Schlaganfall war er sehr zur\u00fcckhaltend, neue Dinge auszuprobieren. Letztes Weihnachten bekam er von mir und einigen Freunden eine Boulderwand f\u00fcr sein Zimmer geschenkt. Ich versuche immer, die Therapie in unser Haus zu holen - sei es aus der Ergotherapie oder der Reha -, indem ich zum Beispiel einen Sitzball und eine Schaukel oder kleine Spiele einbaue, die er mag. Die Motivation zu Hause ist schwierig, aber ich versuche, die Therapie auf spielerische Weise einzubauen - das hilft wirklich.\u201d<\/span><\/p>    <\/div>\n<\/div>\n<!-- \/module text -->        <\/div>\n                    <\/div>\n                    <\/div><!-- .accordion-content -->\n        <\/li>\n        <\/ul>\n\n<\/div><!-- \/module accordion -->        <\/div>\n                    <\/div>\n                    <\/div><!-- .accordion-content -->\n        <\/li>\n        <\/ul>\n\n<\/div><!-- \/module accordion -->        <\/div>\n                        <\/div>\n        <\/div>\n                        <div  data-anchor=\"6\" data-css_id=\"8r7k273\" data-lazy=\"1\" class=\"module_row themify_builder_row fullwidth tb_has_section tb_section-6 tb_8r7k273 tf_w\">\n                        <div class=\"row_inner col_align_top tb_col_count_1 tf_box tf_rel\">\n                        <div  data-lazy=\"1\" class=\"module_column tb-column col-full tb_og1d273 first\">\n                            <div  data-lazy=\"1\" class=\"module_subrow themify_builder_sub_row tf_w col_align_top tb_col_count_2 tb_frbl638\">\n                <div  data-lazy=\"1\" class=\"module_column sub_column col4-2 tb_2o8z638 first\">\n                    <!-- module image -->\n<div  class=\"module module-image tb_uniy638 image-center   tf_mw\" data-lazy=\"1\">\n        <div class=\"image-wrap tf_rel tf_mw\">\n            <img loading=\"lazy\" decoding=\"async\" src=\"https:\/\/build-care.codip.tu-dresden.de\/wp-content\/uploads\/2025\/11\/Zack.jpg\" width=\"348\" height=\"353\" title=\"Anna\" alt=\"Anna\">    \n        <\/div>\n    <!-- \/image-wrap -->\n    \n        <div class=\"image-content\">\n                    <h3 class=\"image-title\">\n                                    Anna                            <\/h3>\n                    <\/div>\n    <!-- \/image-content -->\n        <\/div>\n<!-- \/module image -->        <\/div>\n                    <div  data-lazy=\"1\" class=\"module_column sub_column col4-2 tb_17oq638 last\">\n                            <div  data-lazy=\"1\" class=\"module_subrow themify_builder_sub_row tf_w col_align_top tb_col_count_2 tb_vblw638\">\n                <div  data-lazy=\"1\" class=\"module_column sub_column col4-2 tb_dxap638 first\">\n                    <!-- module text -->\n<div  class=\"module module-text tb_1ayv638\" data-lazy=\"1\">\n        <div  class=\"tb_text_wrap\">\n        <h3>Zack<\/h3>    <\/div>\n<\/div>\n<!-- \/module text -->        <\/div>\n                    <div  data-lazy=\"1\" class=\"module_column sub_column col4-2 tb_43hu638 last\">\n                            <\/div>\n                    <\/div>\n        <!-- module text -->\n<div  class=\"module module-text tb_n85l638\" data-lazy=\"1\">\n        <div  class=\"tb_text_wrap\">\n        <p style=\"text-align: left;\"><strong>Pers\u00f6nlich<\/strong><\/p>\n<ul>\n<li style=\"text-align: left;\">14-j\u00e4hriger Junge<\/li>\n<li style=\"text-align: left;\">Familie: Eltern, 1 Schwester (19), 1 Bruder (16), eine Katze, ein Hahn<\/li>\n<li style=\"text-align: left;\">Lebt in einem Reihenhaus<\/li>\n<li style=\"text-align: left;\">Besucht das Internat Mo-Fr.<\/li>\n<\/ul>\n<p>&nbsp;<\/p>\n<p><span style=\"font-weight: bold;\">Mag:<\/span> Z\u00fcge, PlayStation, sein elektrisches Schlagzeug<\/p>\n<p><span style=\"font-weight: bold;\">Abneigungen:<\/span> Unterbrechungen seiner Routinen<\/p>    <\/div>\n<\/div>\n<!-- \/module text -->        <\/div>\n                    <\/div>\n        <!-- module accordion -->\n<div  class=\"module module-accordion tb_ht4p273\" data-behavior=\"toggle\" data-lazy=\"1\">\n    \n    <ul class=\"ui module-accordion separate rounded gradient embossed tb_default_color\">\n            <li>\n            <div class=\"accordion-title tf_rel\">\n                <a href=\"#acc-ht4p273-0\" class=\"tb_title_accordion\" aria-controls=\"acc-ht4p273-0-content\" aria-expanded=\"false\">\n                    <i class=\"accordion-icon\"><svg  class=\"tf_fa tf-ti-angle-down\" xmlns:xlink=\"http:\/\/www.w3.org\/1999\/xlink\" aria-hidden=\"true\"><use href=\"#tf-ti-angle-down\" xlink:href=\"#tf-ti-angle-down\"><\/use><\/svg><\/i>                    <i class=\"accordion-active-icon tf_hide\"><svg  class=\"tf_fa tf-ti-angle-up\" xmlns:xlink=\"http:\/\/www.w3.org\/1999\/xlink\" aria-hidden=\"true\"><use href=\"#tf-ti-angle-up\" xlink:href=\"#tf-ti-angle-up\"><\/use><\/svg><\/i>                    <span class=\"accordion-title-wrap\">Schlaganfall<\/span>                <\/a>\n            <\/div><!-- .accordion-title -->\n            <div id=\"acc-ht4p273-0-content\" data-id=\"acc-ht4p273-0\" aria-hidden=\"true\" class=\"accordion-content tf_hide tf_clearfix\">\n                        <div  data-lazy=\"1\" class=\"module_subrow themify_builder_sub_row tf_w col_align_top tb_col_count_1 tb_w9z0273\">\n                <div  data-lazy=\"1\" class=\"module_column sub_column tb_pbbv273 first\">\n                    <!-- module text -->\n<div  class=\"module module-text tb_ga43273\" data-lazy=\"1\">\n        <div  class=\"tb_text_wrap\">\n        <div style=\"text-align: left;\"><span style=\"color: #000000;\">Kurze Zeit nach seiner Geburt<\/span><\/div>\n<div style=\"text-align: left;\">In der linken Hemisph\u00e4re des Gehirns<\/div>\n<div style=\"text-align: left;\">\u00a0<\/div>\n<p style=\"text-align: left;\"><span style=\"color: #000000;\">Dies ist nach wie vor der Fall:<\/span><\/p>\n<ul>\n<li style=\"text-align: left;\"><span style=\"color: #000000;\">Rechtsseitige Hemiparese<\/span><\/li>\n<li style=\"text-align: left;\"><span style=\"color: #000000;\">Kognitive Beeintr\u00e4chtigung<\/span><\/li>\n<li style=\"text-align: left;\"><span style=\"color: #000000;\">Epilepsie (therapieresistent)<\/span><\/li>\n<\/ul>\n<p><span style=\"color: #000000;\">\u00a0<\/span><\/p>\n<div style=\"text-align: left;\"><span style=\"color: #000000;\">Zack hat auch (nicht direkt <\/span>Schlaganfall-bedingt)<\/div>\n<ul>\n<li style=\"text-align: left;\"><span style=\"color: #000000;\">Eine H\u00f6rbehinderung; hat ein Cochlea-Implantat<\/span><\/li>\n<\/ul>    <\/div>\n<\/div>\n<!-- \/module text -->        <\/div>\n                    <\/div>\n                    <\/div><!-- .accordion-content -->\n        <\/li>\n            <li>\n            <div class=\"accordion-title tf_rel\">\n                <a href=\"#acc-ht4p273-1\" class=\"tb_title_accordion\" aria-controls=\"acc-ht4p273-1-content\" aria-expanded=\"false\">\n                    <i class=\"accordion-icon\"><svg  class=\"tf_fa tf-ti-angle-down\" xmlns:xlink=\"http:\/\/www.w3.org\/1999\/xlink\" aria-hidden=\"true\"><use href=\"#tf-ti-angle-down\" xlink:href=\"#tf-ti-angle-down\"><\/use><\/svg><\/i>                    <i class=\"accordion-active-icon tf_hide\"><svg  class=\"tf_fa tf-ti-angle-up\" xmlns:xlink=\"http:\/\/www.w3.org\/1999\/xlink\" aria-hidden=\"true\"><use href=\"#tf-ti-angle-up\" xlink:href=\"#tf-ti-angle-up\"><\/use><\/svg><\/i>                    <span class=\"accordion-title-wrap\">Betreuungspersonen und Kosten<\/span>                <\/a>\n            <\/div><!-- .accordion-title -->\n            <div id=\"acc-ht4p273-1-content\" data-id=\"acc-ht4p273-1\" aria-hidden=\"true\" class=\"accordion-content tf_hide tf_clearfix\">\n                        <div  data-lazy=\"1\" class=\"module_subrow themify_builder_sub_row tf_w col_align_top tb_col_count_1 tb_jahs273\">\n                <div  data-lazy=\"1\" class=\"module_column sub_column tb_4h08273 first\">\n                            <div  data-lazy=\"1\" class=\"module_subrow themify_builder_sub_row tf_w col_align_top tb_col_count_2 tb_6noz912\">\n                <div  data-lazy=\"1\" class=\"module_column sub_column col4-2 tb_ln5f912 first\">\n                    <!-- module text -->\n<div  class=\"module module-text tb_grcz112\" data-lazy=\"1\">\n        <div  class=\"tb_text_wrap\">\n        <p><span style=\"color: #000000;\">- Beide Elternteile arbeiten 80%<br>- In ihrer Freizeit trainiert Zacks Mutter Handball, sein Vater ist Imker.<br>- Was sie nachts wach h\u00e4lt, ist die Frage, wo Zack leben wird und wer sich in Zukunft um ihn k\u00fcmmern wird<\/span><\/p>\n<p><span style=\"color: #000000;\"><br>W\u00e4hrend Zacks Eltern beide berufst\u00e4tig sind, ging seine Mutter einer Teilzeitbesch\u00e4ftigung nach, um die rund 28 Stunden pro Woche f\u00fcr seine besonderen Bed\u00fcrfnisse aufbringen zu k\u00f6nnen und auch Zeit f\u00fcr die Betreuung seiner Geschwister zu haben, vor allem als diese noch j\u00fcnger waren. Ihr j\u00e4hrliches Einkommen von 87 000 EUR deckt das Lebensnotwendige f\u00fcr die Familie, aber sie haben in Anpassungen der Wohnung und spezielle Ger\u00e4te f\u00fcr Zack investiert, von denen einige nicht von der Versicherung \u00fcbernommen wurden.\u00a0<\/span><\/p>\n<p><span style=\"color: #000000;\">\u00a0<\/span><\/p>\n<p><span style=\"color: #000000;\">Zack geht in ein spezielles Internat, f\u00fcr das sie bezahlen m\u00fcssen. Ein Pflegegeld von rund 190 \u20ac pro Monat aufgrund von Zacks Pflegestufe 1 hilft, diese Kosten zu decken. Sie haben mehr als 13 000 \u20ac f\u00fcr Sonderausstattungen und Wohnungsanpassungen ausgegeben und erhalten etwa 6 500 \u20ac von ihrer Kranken- und Pflegeversicherung zur\u00fcck. Derzeit sparen sie etwa 3 000 \u20ac f\u00fcr die Installation eines zweiten Handlaufs, damit Zack sich in seiner Wohnung unabh\u00e4ngiger bewegen kann, da sie nicht sicher sind, ob sie die Kosten f\u00fcr diese Anpassung ein zweites Mal erstattet bekommen.<\/span><\/p>    <\/div>\n<\/div>\n<!-- \/module text -->        <\/div>\n                    <div  data-lazy=\"1\" class=\"module_column sub_column col4-2 tb_lzo3912 last\">\n                    <!-- module image -->\n<div  class=\"module module-image tb_290v87 image-center   tf_mw\" data-lazy=\"1\">\n        <div class=\"image-wrap tf_rel tf_mw\">\n            <a href=\"https:\/\/build-care.codip.tu-dresden.de\/wp-content\/uploads\/2026\/01\/Zack_expenses-scaled.jpg\">\n                   <img loading=\"lazy\" decoding=\"async\" src=\"https:\/\/build-care.codip.tu-dresden.de\/wp-content\/uploads\/2026\/01\/Zack_expenses-scaled.jpg\" width=\"250\" height=\"2560\" title=\"PERSONAS\" alt=\"PERSONAS\">        <\/a>\n    \n        <\/div>\n    <!-- \/image-wrap -->\n    \n        <\/div>\n<!-- \/module image -->        <\/div>\n                    <\/div>\n                <\/div>\n                    <\/div>\n                    <\/div><!-- .accordion-content -->\n        <\/li>\n            <li>\n            <div class=\"accordion-title tf_rel\">\n                <a href=\"#acc-ht4p273-2\" class=\"tb_title_accordion\" aria-controls=\"acc-ht4p273-2-content\" aria-expanded=\"false\">\n                    <i class=\"accordion-icon\"><svg  class=\"tf_fa tf-ti-angle-down\" xmlns:xlink=\"http:\/\/www.w3.org\/1999\/xlink\" aria-hidden=\"true\"><use href=\"#tf-ti-angle-down\" xlink:href=\"#tf-ti-angle-down\"><\/use><\/svg><\/i>                    <i class=\"accordion-active-icon tf_hide\"><svg  class=\"tf_fa tf-ti-angle-up\" xmlns:xlink=\"http:\/\/www.w3.org\/1999\/xlink\" aria-hidden=\"true\"><use href=\"#tf-ti-angle-up\" xlink:href=\"#tf-ti-angle-up\"><\/use><\/svg><\/i>                    <span class=\"accordion-title-wrap\">Landschaft der Pflege<\/span>                <\/a>\n            <\/div><!-- .accordion-title -->\n            <div id=\"acc-ht4p273-2-content\" data-id=\"acc-ht4p273-2\" aria-hidden=\"true\" class=\"accordion-content tf_hide tf_clearfix\">\n                        <div  data-lazy=\"1\" class=\"module_subrow themify_builder_sub_row tf_w col_align_top tb_col_count_1 tb_wgmf273\">\n                <div  data-lazy=\"1\" class=\"module_column sub_column tb_36b4273 first\">\n                    <!-- module image -->\n<div  class=\"module module-image tb_kds1305 image-top   auto_fullwidth tf_mw\" data-lazy=\"1\">\n        <div class=\"image-wrap tf_rel tf_mw\">\n            <a href=\"https:\/\/build-care.codip.tu-dresden.de\/wp-content\/uploads\/2025\/12\/Zack_wILLUSTR-scaled.jpg\">\n                   <img loading=\"lazy\" decoding=\"async\" src=\"https:\/\/build-care.codip.tu-dresden.de\/wp-content\/uploads\/2025\/12\/Zack_wILLUSTR-scaled.jpg\" width=\"2560\" height=\"1370\" title=\"PERSONAS\" alt=\"PERSONAS\">        <\/a>\n    \n        <\/div>\n    <!-- \/image-wrap -->\n    \n        <\/div>\n<!-- \/module image -->        <\/div>\n                    <\/div>\n                    <\/div><!-- .accordion-content -->\n        <\/li>\n            <li>\n            <div class=\"accordion-title tf_rel\">\n                <a href=\"#acc-ht4p273-3\" class=\"tb_title_accordion\" aria-controls=\"acc-ht4p273-3-content\" aria-expanded=\"false\">\n                    <i class=\"accordion-icon\"><svg  class=\"tf_fa tf-ti-angle-down\" xmlns:xlink=\"http:\/\/www.w3.org\/1999\/xlink\" aria-hidden=\"true\"><use href=\"#tf-ti-angle-down\" xlink:href=\"#tf-ti-angle-down\"><\/use><\/svg><\/i>                    <i class=\"accordion-active-icon tf_hide\"><svg  class=\"tf_fa tf-ti-angle-up\" xmlns:xlink=\"http:\/\/www.w3.org\/1999\/xlink\" aria-hidden=\"true\"><use href=\"#tf-ti-angle-up\" xlink:href=\"#tf-ti-angle-up\"><\/use><\/svg><\/i>                    <span class=\"accordion-title-wrap\">Szenarien<\/span>                <\/a>\n            <\/div><!-- .accordion-title -->\n            <div id=\"acc-ht4p273-3-content\" data-id=\"acc-ht4p273-3\" aria-hidden=\"true\" class=\"accordion-content tf_hide tf_clearfix\">\n                        <div  data-lazy=\"1\" class=\"module_subrow themify_builder_sub_row tf_w col_align_top tb_col_count_1 tb_zzjc82\">\n                <div  data-lazy=\"1\" class=\"module_column sub_column tb_pj2d82 first\">\n                    <!-- module accordion -->\n<div  class=\"module module-accordion tb_5n67896\" data-behavior=\"accordion\" data-lazy=\"1\">\n    \n    <ul class=\"ui module-accordion separate rounded shadow light-blue\">\n            <li>\n            <div class=\"accordion-title tf_rel\">\n                <a href=\"#acc-5n67896-0\" class=\"tb_title_accordion\" aria-controls=\"acc-5n67896-0-content\" aria-expanded=\"false\">\n                                                            <span class=\"accordion-title-wrap\">Anpassung des Hauses an Zacks Routinen<\/span>                <\/a>\n            <\/div><!-- .accordion-title -->\n            <div id=\"acc-5n67896-0-content\" data-id=\"acc-5n67896-0\" aria-hidden=\"true\" class=\"accordion-content tf_hide tf_clearfix\">\n                        <div  data-lazy=\"1\" class=\"module_subrow themify_builder_sub_row tf_w col_align_top tb_col_count_1 tb_mzx4954\">\n                <div  data-lazy=\"1\" class=\"module_column sub_column tb_sv99954 first\">\n                    <!-- module text -->\n<div  class=\"module module-text tb_ks20954\" data-lazy=\"1\">\n        <div  class=\"tb_text_wrap\">\n        <p style=\"text-align: left;\"><span style=\"color: #000000; font-family: atk;\">Die Mutter: \u201cAls er \u00e4lter wurde, wurde das Baden im Obergeschoss schwierig. Wir mussten uns etwas einfallen lassen, und so beschlossen wir, unten ein zweites Bad zu bauen.\u201d\u00a0<\/span><\/p>\n<p style=\"text-align: left;\"><span style=\"color: #000000; font-family: atk;\">Zack: \u201cIch mag die gro\u00dfe Dusche! Sie macht Spa\u00df, und sie ist gro\u00df genug f\u00fcr mich - und sogar f\u00fcr dich, Mama! Wir haben Platz f\u00fcr viele Leute.\u201d\u00a0<\/span><\/p>\n<p style=\"text-align: left;\"><span style=\"color: #000000; font-family: atk;\">Die Mutter: \u201cDie Einstiegsdusche im Erdgeschoss ist viel praktischer f\u00fcr uns. Das hat einen gro\u00dfen Unterschied gemacht. Wir haben das Gl\u00fcck, dass wir genug Platz im Haus haben.\u201d\u00a0<\/span><\/p>\n<p style=\"text-align: left;\"><span style=\"color: #000000; font-family: atk;\">Zack: \u201cIch habe Leinen im Badezimmer. Ich liebe sie! Ich zeichne sie mit meinen Fingern nach.\u201d\u00a0<\/span><\/p>\n<p style=\"text-align: left;\"><span style=\"color: #000000; font-family: atk;\">Die Mutter: \u201cDie Leinen sind ein wichtiger Teil seiner Routine. Die Leinen helfen ihm, sich zu konzentrieren und ruhig zu sein, und sie erleichtern mir das Waschen. An der Hintert\u00fcr haben wir auch Leinen.\u201d\u00a0<\/span><\/p>\n<p style=\"text-align: left;\"><span style=\"color: #000000; font-family: atk;\">Zack: \u201cJa, unten. Wenn ich meine Schuhe anziehe oder meinen Rucksack nehme. Wenn ich nach drau\u00dfen oder in den Garten gehe, um auf dem Trampolin oder mit dem Ball zu spielen. Wir haben ein richtiges Tor mit einem richtigen Netz. Und einen Hahn im Garten.\u201d\u00a0<\/span><\/p>\n<p style=\"text-align: left;\"><span style=\"color: #000000; font-family: atk;\">Die Mutter: \u201cDas Trampolin wird auf eine ganz besondere Art und Weise genutzt, da Zack darauf im Sitzen oder Liegen ganz sanft h\u00fcpft, oft mit einem Ball und einem von uns dabei.\u201d<\/span><\/p>\n<p style=\"text-align: left;\"><span style=\"color: #000000; font-family: atk;\">\u00a0<\/span><\/p>\n<blockquote>\n<p style=\"text-align: center;\"><span style=\"color: #374c9b;\"><em><strong><span style=\"font-family: atk;\">\u201cIch habe Zeilen in der <\/span><span style=\"font-family: atk;\">Badezimmer. <\/span><span style=\"font-family: atk;\">Sie sind gelb und wei\u00df. I <\/span><\/strong><\/em><span style=\"font-family: atk;\"><em><strong>Ich liebe sie!\u201d<\/strong><\/em> Zack<\/span><\/span><\/p>\n<\/blockquote>    <\/div>\n<\/div>\n<!-- \/module text -->        <\/div>\n                    <\/div>\n                    <\/div><!-- .accordion-content -->\n        <\/li>\n            <li>\n            <div class=\"accordion-title tf_rel\">\n                <a href=\"#acc-5n67896-1\" class=\"tb_title_accordion\" aria-controls=\"acc-5n67896-1-content\" aria-expanded=\"false\">\n                                                            <span class=\"accordion-title-wrap\">Zack's Footprint: Von K\u00fcchenschienen zu Waldpfaden<\/span>                <\/a>\n            <\/div><!-- .accordion-title -->\n            <div id=\"acc-5n67896-1-content\" data-id=\"acc-5n67896-1\" aria-hidden=\"true\" class=\"accordion-content tf_hide tf_clearfix\">\n                        <div  data-lazy=\"1\" class=\"module_subrow themify_builder_sub_row tf_w col_align_top tb_col_count_1 tb_9s6e355\">\n                <div  data-lazy=\"1\" class=\"module_column sub_column tb_uu2s355 first\">\n                    <!-- module text -->\n<div  class=\"module module-text tb_9hjl355\" data-lazy=\"1\">\n        <div  class=\"tb_text_wrap\">\n        <p style=\"text-align: left;\"><span style=\"color: #000000;\">\u201cDas Leben mit meinem Bruder ist einzigartig. Seine Z\u00fcge nehmen das ganze Wohnzimmer ein und reichen manchmal bis in die K\u00fcche. Meine Mutter verschiebt den Couchtisch, damit Zack Platz hat. Mein Bruder stampft mit den F\u00fc\u00dfen auf und ist schnell frustriert. Das kann ganz sch\u00f6n heftig sein, deshalb halten unsere Eltern ihn zur Sicherheit unten, wo er oft mit seinem Spielzeug auf \u2018meiner\u2019 PlayStation sitzt. Er braucht ein bisschen Hilfe dabei, hat aber auch seine eigenen Tricks, damit es f\u00fcr ihn funktioniert. Papa und ich konzentrieren uns auf andere Dinge - ich bin oft auf dem Dachboden, Papa hat seine Imkert\u00e4tigkeit und arbeitet regelm\u00e4\u00dfig abends. An den Wochenenden ist mehr los, wenn er vom Internat nach Hause kommt, vor allem, wenn unsere Schwester zu Besuch ist. Papa geht mit ihm in den Wald, w\u00e4hrend Mama joggt, Hausarbeiten erledigt oder mit mir zu Handballspielen geht. Der Handballverein ist wirklich ein Ventil f\u00fcr unsere Familie. Zack liebt die Sporthalle, in der er durch die gro\u00dfe Freifl\u00e4che beim Training alles sehen kann - das Werfen des Balls, das \u00dcberwinden von Hindernissen im Zickzack. Es ist mir ein R\u00e4tsel, wie er sich dort auf einer recht schmalen Bank zurechtfinden kann, aber bei so etwas Einfachem wie der Toilette zu Hause Hilfe braucht. Ich hatte manchmal Probleme damit, wie viel Aufmerksamkeit er brauchte, also haben unsere Eltern das Dachgeschoss zu meinem R\u00fcckzugsort gemacht. Mama sagt, mein Bruder sei am gl\u00fccklichsten, wenn nur sie, Papa und er zu Hause sind. Selbst der Besuch unserer \u00e4lteren Schwester kann ihn aus der Fassung bringen, was das Gleichgewicht in der Familie manchmal schwierig macht.\u201d<\/span><\/p>\n<p style=\"text-align: left;\"><span style=\"color: #000000;\">\u00a0<\/span><\/p>\n<blockquote>\n<p><span style=\"color: #374c9b;\"><em><strong>\u201cIch hatte manchmal Probleme damit, wie viel Aufmerksamkeit er brauchte, also haben unsere Eltern ihn umgewandelt. <\/strong><\/em><em><strong>den Dachboden zu meinem R\u00fcckzugsort.\u201d<\/strong><\/em> Bruder<\/span><\/p>\n<\/blockquote>    <\/div>\n<\/div>\n<!-- \/module text -->        <\/div>\n                    <\/div>\n                    <\/div><!-- .accordion-content -->\n        <\/li>\n            <li>\n            <div class=\"accordion-title tf_rel\">\n                <a href=\"#acc-5n67896-2\" class=\"tb_title_accordion\" aria-controls=\"acc-5n67896-2-content\" aria-expanded=\"false\">\n                                                            <span class=\"accordion-title-wrap\">Menschen und R\u00e4ume, die Zack unterst\u00fctzen<\/span>                <\/a>\n            <\/div><!-- .accordion-title -->\n            <div id=\"acc-5n67896-2-content\" data-id=\"acc-5n67896-2\" aria-hidden=\"true\" class=\"accordion-content tf_hide tf_clearfix\">\n                        <div  data-lazy=\"1\" class=\"module_subrow themify_builder_sub_row tf_w col_align_top tb_col_count_1 tb_41b5108\">\n                <div  data-lazy=\"1\" class=\"module_column sub_column tb_mbtr108 first\">\n                    <!-- module text -->\n<div  class=\"module module-text tb_99j9108\" data-lazy=\"1\">\n        <div  class=\"tb_text_wrap\">\n        <p style=\"text-align: left;\"><span style=\"color: #000000;\">Vater: \u201cWir waren sehr, sehr oft im Krankenhaus: P\u00e4diatrie, Urologie, Psychiatrie, Immunologie, spezielle zahn\u00e4rztliche Versorgung ... Zurzeit gehen wir etwa alle drei Wochen. Er hat furchtbare Angst vor Krankenh\u00e4usern. Der Hauptgrund ist, dass er dort nicht gerne allein \u00fcbernachtet. Wenn irgend m\u00f6glich, bleibt meine Frau bei ihm. F\u00fcr ihn ist es etwas ganz anderes als die Erfahrung im Internat.\u00a0<\/span><\/p>\n<p style=\"text-align: left;\"><span style=\"color: #000000;\">\u00a0<\/span><\/p>\n<p style=\"text-align: left;\"><span style=\"color: #000000;\">An den Wochenenden gehen wir zu Hause in nahegelegene Therapiepraxen, zum Beispiel zur Logop\u00e4die und zur Physiotherapie. Im Internat ist die Logop\u00e4die inbegriffen, aber die Physiotherapie mussten wir selbst organisieren. Es ist nicht einfach, einen guten Physiotherapeuten an einem Ort zu finden, an dem man nicht wohnt, der aber gleichzeitig nahe genug am Internat liegt. Die Schule hilft bei der Organisation des Transports.\u00a0<\/span><\/p>\n<p style=\"text-align: left;\"><span style=\"color: #000000;\">\u00a0<\/span><\/p>\n<p style=\"text-align: left;\"><span style=\"color: #000000;\">Was uns wirklich hilft, als Familie durchzuhalten, sind die Organisationen, die ihre Betreuung und das Umfeld, in dem sie stattfindet, auf Kinder und Jugendliche wie Zack abstimmen. Wann immer wir k\u00f6nnen, nehmen wir die Programme in Anspruch, die sie anbieten. Er liebt es dort - es ist ganz in der N\u00e4he, und wir vertrauen darauf, dass er in guten H\u00e4nden ist. In den Schulferien nimmt er an ihren Camps teil, in denen sie soziale Aktivit\u00e4ten mit Therapie verbinden. Sie haben sogar einen speziell angelegten Garten, in dem man \u00fcber verschiedene Wege und Pflanzen Texturen und Ger\u00fcche erforschen kann - sie nennen das einen \u2018Snoezelgarten\u2019.\u201d<\/span><\/p>    <\/div>\n<\/div>\n<!-- \/module text -->        <\/div>\n                    <\/div>\n                    <\/div><!-- .accordion-content -->\n        <\/li>\n        <\/ul>\n\n<\/div><!-- \/module accordion -->        <\/div>\n                    <\/div>\n                    <\/div><!-- .accordion-content -->\n        <\/li>\n        <\/ul>\n\n<\/div><!-- \/module accordion -->        <\/div>\n                        <\/div>\n        <\/div>\n                        <div  data-anchor=\"6\" data-css_id=\"efij517\" data-lazy=\"1\" class=\"module_row themify_builder_row fullwidth_row_container tb_has_section tb_section-6 tb_efij517 tf_w\">\n                        <div class=\"row_inner col_align_top tb_col_count_1 tf_box tf_rel\">\n                        <div  data-lazy=\"1\" class=\"module_column tb-column col-full tb_fy9q517 first\">\n                            <div  data-lazy=\"1\" class=\"module_subrow themify_builder_sub_row tf_w col_align_top tb_col_count_1 tb_k42s517\">\n                <div  data-lazy=\"1\" class=\"module_column sub_column col-full tb_1g5e517 first\">\n                    <!-- module text -->\n<div  class=\"module module-text tb_y4qy590\" data-lazy=\"1\">\n        <div  class=\"tb_text_wrap\">\n        <h3 style=\"text-align: left;\"><strong style=\"color: #374c9b;\">Feedback von Architekten\/Designern, Fachleuten aus dem Gesundheitswesen und Personen mit Lebenserfahrung<\/strong><\/h3>    <\/div>\n<\/div>\n<!-- \/module text --><!-- module text -->\n<div  class=\"module module-text tb_803u204\" data-lazy=\"1\">\n        <div  class=\"tb_text_wrap\">\n        <p style=\"text-align: left;\"><span style=\"color: #000000;\">Das folgende anonyme Feedback stammt aus zwei Expertenrunden, die in deutscher und niederl\u00e4ndischer Sprache durchgef\u00fchrt wurden und in denen Experten aus den Bereichen Architektur und Design, Gesundheitswesen und Menschen mit Lebenserfahrung das Persona-Set mit den BUILD CARE-Forschern diskutierten. Nachfolgend finden Sie eine Auswahl von Kommentaren, die zeigen, was gut funktioniert hat und was verbessert werden k\u00f6nnte. Um den vollst\u00e4ndigen Feedback-Bericht des Expertenpanels zu lesen, laden Sie bitte das PDF-Dokument herunter.<\/span><\/p>    <\/div>\n<\/div>\n<!-- \/module text --><div  class=\"module themify_builder_slider_wrap tf_clearfix module-testimonial-slider tb_s89n527  image-top\" data-lazy=\"1\">\n        <div class=\"themify_builder_slider tf_carousel tf_swiper-container tf_rel tf_overflow\" data-lazy=\"1\"        data-visible=\"1\"\n        data-tab-visible=\"\"\n        data-mob-visible=\"\"\n        data-scroll=\"\"\n                        data-speed=\"1\"\n        data-wrapvar=\"1\"\n        data-slider_nav=\"1\"\n        data-pager=\"1\"\n        data-effect=\"scroll\" \n        data-height=\"variable\"\n        data-css_url=\"https:\/\/build-care.eu\/wp-content\/plugins\/themify-builder\/css\/modules\/sliders\/carousel,https:\/\/build-care.eu\/wp-content\/plugins\/themify-builder\/css\/modules\/sliders\/testimonial-slider\"\n                    >\n        <div class=\"tf_swiper-wrapper tf_lazy tf_rel tf_w tf_h tf_textc\">\n                <div class=\"post tf_swiper-slide\">            <div class=\"testimonial-item\">\n                                <div class=\"testimonial-content\">\n                                            <h3 class=\"testimonial-title\">Inwiefern k\u00f6nnte dieses Persona-Set f\u00fcr Ihr berufliches oder privates Leben relevant sein?<\/h3>\n                                                                                    <div class=\"testimonial-entry-content\">\n                            <p><em style=\"color: #000000;\">Das Persona-Set liefert eine detaillierte und genaue Beschreibung der verschiedenen Situationen, mit denen Familien konfrontiert sind, die ein Kind mit einem Schlaganfall betreuen. \u00c4hnliche Berichte kenne ich von meinen Kunden, die ich als Coach betreue. Die meisten von ihnen sind Eltern von Kindern, die einen Schlaganfall erlitten haben. Vieles wei\u00df ich auch aus eigener Erfahrung, weil ich selbst von einer Hemiparese betroffen bin. Daher ist das Persona-Set sowohl pers\u00f6nlich als auch beruflich interessant und relevant f\u00fcr mich.<\/em><\/p>\n<p><em style=\"color: #000000;\">\u00a0<\/em><\/p>                        <\/div>\n                                        \n                                            <div class=\"testimonial-author\">\n                                                            <div class=\"person-name\">Von Schlaganfall in der Kindheit betroffene Person<\/div>\n                                                                                                            <\/div>\n                                    <\/div>\n            <\/div>\n        <\/div><!-- .post -->            <div class=\"post tf_swiper-slide\" style=\"content-visibility:hidden\">            <div class=\"testimonial-item\">\n                                <div class=\"testimonial-content\">\n                                            <h3 class=\"testimonial-title\">Was ist Ihnen bei der Betrachtung der Personas aufgefallen? <\/h3>\n                                                                                    <div class=\"testimonial-entry-content\">\n                            <p><span style=\"color: #000000;\"><em>Sie erhalten Informationen \u00fcber ein breites Spektrum von Aspekten einer Persona, so dass Sie das Gef\u00fchl haben, ein ziemlich vollst\u00e4ndiges Bild von jeder Persona zu haben. Sie erhalten viele Informationen in einer \u201cknappen\u201d oder kompakten Form.<\/em><\/span><\/p>\n<p><span style=\"color: #000000;\"><em>\u00a0<\/em><\/span><\/p>\n<p><span style=\"color: #000000;\"><em>Das bedeutet aber auch, dass man nach der Lekt\u00fcre des Buches nicht das Gef\u00fchl hat, sofort damit loslegen zu k\u00f6nnen. Es sind viele Informationen zu verschiedenen Aspekten, so dass man das Gef\u00fchl hat, dass man sich weiter einarbeiten oder \u00fcben muss, um mit der Gestaltung beginnen zu k\u00f6nnen.<\/em><\/span><\/p>\n<p><span style=\"color: #000000;\"><i><br><\/i><em>Das Ganze ist grafisch sehr sch\u00f6n gestaltet.<\/em><\/span><\/p>\n<p><span style=\"color: #000000;\"><em>\u00a0<\/em><\/span><\/p>                        <\/div>\n                                        \n                                            <div class=\"testimonial-author\">\n                                                            <div class=\"person-name\">Architekt\/Planer<\/div>\n                                                                                                            <\/div>\n                                    <\/div>\n            <\/div>\n        <\/div><!-- .post -->            <div class=\"post tf_swiper-slide\" style=\"content-visibility:hidden\">            <div class=\"testimonial-item\">\n                                <div class=\"testimonial-content\">\n                                            <h3 class=\"testimonial-title\">Inwiefern k\u00f6nnte dieses Persona-Set f\u00fcr Ihr berufliches oder privates Leben relevant sein?<\/h3>\n                                                                                    <div class=\"testimonial-entry-content\">\n                            <p><em style=\"color: #000000;\">Zum einen, um die Menschen in unserem Umfeld daf\u00fcr zu sensibilisieren, dass Schlaganf\u00e4lle auch in der Kindheit auftreten k\u00f6nnen, und zum anderen, um f\u00fcr uns selbst zu erfahren, welche Arten von Schlaganf\u00e4llen andere \u00dcberlebende erlitten haben, welche Auswirkungen sie erfahren haben und wie sie damit umgehen.<\/em><\/p>\n<p><em>\u00a0<\/em><\/p>                        <\/div>\n                                        \n                                            <div class=\"testimonial-author\">\n                                                            <div class=\"person-name\">Pflegende Angeh\u00f6rige<\/div>\n                                                                                                            <\/div>\n                                    <\/div>\n            <\/div>\n        <\/div><!-- .post -->            <div class=\"post tf_swiper-slide\" style=\"content-visibility:hidden\">            <div class=\"testimonial-item\">\n                                <div class=\"testimonial-content\">\n                                            <h3 class=\"testimonial-title\">Inwiefern k\u00f6nnte dieses Persona-Set f\u00fcr Ihr berufliches oder privates Leben relevant sein?<\/h3>\n                                                                                    <div class=\"testimonial-entry-content\">\n                            <p><em style=\"color: #000000;\">Das Persona-Set ist f\u00fcr mich von beruflichem Interesse, da ich auch in meiner eigenen Doktorarbeit mit Personas arbeiten werde. In meiner Lehre habe ich das bereits getan. Ich finde die \u00dcbersicht \u00fcber die Standorte sehr gut dargestellt, man kann die Zusammenh\u00e4nge und Entfernungen gut nachvollziehen. Die Auswirkungen des Schlaganfalls auf Kinder kann man sehr gut nachvollziehen.<\/em><\/p>\n<p><em>\u00a0<\/em><\/p>                        <\/div>\n                                        \n                                            <div class=\"testimonial-author\">\n                                                            <div class=\"person-name\">Lehrerin\/Forscherin<\/div>\n                                                                                                            <\/div>\n                                    <\/div>\n            <\/div>\n        <\/div><!-- .post -->            <div class=\"post tf_swiper-slide\" style=\"content-visibility:hidden\">            <div class=\"testimonial-item\">\n                                <div class=\"testimonial-content\">\n                                            <h3 class=\"testimonial-title\">Was fehlt Ihrer Meinung nach oder sollte st\u00e4rker hervorgehoben werden?<\/h3>\n                                                                                    <div class=\"testimonial-entry-content\">\n                            <p><em style=\"color: #000000;\">Beispiele konkreter Wahrnehmungen beim Besuch der oben genannten, h\u00e4ufig genutzten Gesundheitseinrichtung, um Anforderungen an Planung und Gestaltung zu evaluieren und auf die psychische und physische Situation des Kindes und der Familie eingehen zu k\u00f6nnen - z.B. was Angst und Unbehagen bei Krankenhausbesuchen ausl\u00f6st und wie die Gestaltung dem entgegenwirken k\u00f6nnte.<\/em><\/p>\n<p><em style=\"color: #000000;\">\u00a0<\/em><\/p>                        <\/div>\n                                        \n                                            <div class=\"testimonial-author\">\n                                                            <div class=\"person-name\">Architekt\/Planer<\/div>\n                                                                                                            <\/div>\n                                    <\/div>\n            <\/div>\n        <\/div><!-- .post -->            <div class=\"post tf_swiper-slide\" style=\"content-visibility:hidden\">            <div class=\"testimonial-item\">\n                                <div class=\"testimonial-content\">\n                                            <h3 class=\"testimonial-title\">Inwiefern k\u00f6nnte dieses Persona-Set f\u00fcr Ihr berufliches oder privates Leben relevant sein?<\/h3>\n                                                                                    <div class=\"testimonial-entry-content\">\n                            <p><em style=\"color: #000000;\">Das Persona-Set pr\u00e4sentiert gute und interessante L\u00f6sungen, wie die r\u00e4umlichen Bedingungen f\u00fcr Kinder, die einen Schlaganfall erlitten haben, sowohl im privaten als auch im \u00f6ffentlichen Umfeld effektiv angepasst und verbessert werden k\u00f6nnen.<\/em><\/p>\n<p><em>\u00a0<\/em><\/p>                        <\/div>\n                                        \n                                            <div class=\"testimonial-author\">\n                                                            <div class=\"person-name\">Vertreter der Patientenf\u00fcrsprecherorganisation<\/div>\n                                                                                                            <\/div>\n                                    <\/div>\n            <\/div>\n        <\/div><!-- .post -->            <div class=\"post tf_swiper-slide\" style=\"content-visibility:hidden\">            <div class=\"testimonial-item\">\n                                <div class=\"testimonial-content\">\n                                            <h3 class=\"testimonial-title\">Was fehlt Ihrer Meinung nach oder sollte st\u00e4rker hervorgehoben werden?<\/h3>\n                                                                                    <div class=\"testimonial-entry-content\">\n                            <p><em style=\"color: #000000;\">Obwohl die Personas bereits sehr umfangreich sind, h\u00e4tte ich einen spezifischeren Fokus auf die eigene Wohnung und eventuell erforderliche \u00c4nderungen erwartet.<\/em><\/p>\n<p><em style=\"color: #000000;\">\u00a0<\/em><\/p>                        <\/div>\n                                        \n                                            <div class=\"testimonial-author\">\n                                                            <div class=\"person-name\">Architekt\/Planer<\/div>\n                                                                                                            <\/div>\n                                    <\/div>\n            <\/div>\n        <\/div><!-- .post -->            <div class=\"post tf_swiper-slide\" style=\"content-visibility:hidden\">            <div class=\"testimonial-item\">\n                                <div class=\"testimonial-content\">\n                                            <h3 class=\"testimonial-title\">Was ist Ihnen bei der Betrachtung der Personas aufgefallen?<\/h3>\n                                                                                    <div class=\"testimonial-entry-content\">\n                            <p><em style=\"color: #000000;\">Die verschiedenen Erlebnisse wurden so anschaulich beschrieben, dass man sich schnell in das Leben und die Erfahrungen der Person und ihrer Angeh\u00f6rigen einf\u00fchlen konnte. Dazu tragen auch die vielen Details bei.<\/em><\/p>\n<p><em>\u00a0<\/em><\/p>                        <\/div>\n                                        \n                                            <div class=\"testimonial-author\">\n                                                            <div class=\"person-name\">Ingenieur<\/div>\n                                                                                                            <\/div>\n                                    <\/div>\n            <\/div>\n        <\/div><!-- .post -->            <div class=\"post tf_swiper-slide\" style=\"content-visibility:hidden\">            <div class=\"testimonial-item\">\n                                <div class=\"testimonial-content\">\n                                            <h3 class=\"testimonial-title\">Was ist Ihnen bei der Betrachtung der Personas aufgefallen?<\/h3>\n                                                                                    <div class=\"testimonial-entry-content\">\n                            <p><em style=\"color: #000000;\">Mit gro\u00dfer Sorgfalt erstellt, sehr umfassend und mit einem Auge f\u00fcr verschiedene Punkte von Interesse. Sch\u00f6ne visuelle Darstellung der Landschaft.<\/em><\/p>\n<p><em style=\"color: #000000;\">\u00a0<\/em><\/p>                        <\/div>\n                                        \n                                            <div class=\"testimonial-author\">\n                                                            <div class=\"person-name\">Fachmann im Gesundheitswesen<\/div>\n                                                                                                            <\/div>\n                                    <\/div>\n            <\/div>\n        <\/div><!-- .post -->            <div class=\"post tf_swiper-slide\" style=\"content-visibility:hidden\">            <div class=\"testimonial-item\">\n                                <div class=\"testimonial-content\">\n                                            <h3 class=\"testimonial-title\">Was fehlt Ihrer Meinung nach oder sollte st\u00e4rker hervorgehoben werden?<\/h3>\n                                                                                    <div class=\"testimonial-entry-content\">\n                            <p style=\"text-align: center;\"><em style=\"color: #000000;\">Das Set deckt nun viele Kontexte ab: das eigene Zuhause, das Rehabilitationszentrum, die Schule, das Krankenhaus... Das ist sicherlich eine St\u00e4rke, denn so erh\u00e4lt man ein breiteres Bild und kann sie f\u00fcr die Gestaltung verschiedener Geb\u00e4udetypen verwenden. Gleichzeitig kann ich mir vorstellen, dass man, wenn man mit der Arbeit an einem Entwurf f\u00fcr einen bestimmten Ort beginnt, mehr \u00fcber die Erfahrungen der Personas mit diesem Ort wissen m\u00f6chte. Vielleicht ist das etwas weit hergeholt, aber in einer idealen Welt k\u00f6nnten Sie beim Herunterladen des Persona-Sets eine Option f\u00fcr den Geb\u00e4udetyp ankreuzen, den Sie entwerfen, und dann eine Version erhalten, die noch detaillierter ist? Nat\u00fcrlich sind auch Erfahrungen aus anderen Kontexten relevant, und als Designer kann man daraus f\u00fcr andere Situationen lernen.<\/em><\/p>\n<p style=\"text-align: center;\"><em>\u00a0<\/em><\/p>                        <\/div>\n                                        \n                                            <div class=\"testimonial-author\">\n                                                            <div class=\"person-name\">Architekt\/Planer<\/div>\n                                                                                                            <\/div>\n                                    <\/div>\n            <\/div>\n        <\/div><!-- .post -->            <div class=\"post tf_swiper-slide\" style=\"content-visibility:hidden\">            <div class=\"testimonial-item\">\n                                <div class=\"testimonial-content\">\n                                            <h3 class=\"testimonial-title\">Was fehlt Ihrer Meinung nach oder sollte st\u00e4rker hervorgehoben werden?<\/h3>\n                                                                                    <div class=\"testimonial-entry-content\">\n                            <p><em><span style=\"color: #000000;\">Ich w\u00fcrde die Situation der Kinder auf Seite 1 der Steckbriefe etwas mehr betonen; nach meinem Eindruck erf\u00e4hrt man sehr viel \u00fcber die Betreuerinnen. Au\u00dferdem finde ich, dass die Situationen f\u00fcr das Kind im Text nicht besonders leicht zu erkennen sind; die verschiedenen Zeilentypen machen den Text f\u00fcr mich eher un\u00fcbersichtlich.<\/span><\/em><\/p>\n<p><em><span style=\"color: #000000;\">\u00a0<\/span><\/em><\/p>                        <\/div>\n                                        \n                                            <div class=\"testimonial-author\">\n                                                            <div class=\"person-name\">Lehrerin\/Forscherin<\/div>\n                                                                                                            <\/div>\n                                    <\/div>\n            <\/div>\n        <\/div><!-- .post -->            <div class=\"post tf_swiper-slide\" style=\"content-visibility:hidden\">            <div class=\"testimonial-item\">\n                                <div class=\"testimonial-content\">\n                                            <h3 class=\"testimonial-title\">Was fehlt Ihrer Meinung nach oder sollte st\u00e4rker hervorgehoben werden?<\/h3>\n                                                                                    <div class=\"testimonial-entry-content\">\n                            <p><em><span style=\"color: #000000;\">M\u00f6glicherweise Informationen \u00fcber Organisationen oder Plattformen, die angeben, an wen man sich wenden kann, wenn man Unterst\u00fctzung braucht, sei es therapeutische, psychologische oder finanzielle.<\/span><\/em><\/p>\n<p><em><span style=\"color: #000000;\">\u00a0<\/span><\/em><\/p>                        <\/div>\n                                        \n                                            <div class=\"testimonial-author\">\n                                                            <div class=\"person-name\">Pflegende Angeh\u00f6rige<\/div>\n                                                                                                            <\/div>\n                                    <\/div>\n            <\/div>\n        <\/div><!-- .post -->                <\/div>\n    <\/div>\n<\/div>\n        <\/div>\n                    <\/div>\n        <!-- module buttons -->\n<div  class=\"module module-buttons tb_9g95404 buttons-horizontal solid   circle buttons-fullwidth\" data-lazy=\"1\">\n        <div class=\"module-buttons-item tf_in_flx\">\n                        <a href=\"https:\/\/build-care.codip.tu-dresden.de\/wp-content\/uploads\/2026\/01\/BUILD-CARE-Expert-Panel-Report.pdf\" class=\"ui builder_button tf_in_flx blue\" target=\"_blank\" rel=\"noopener\">\n                                                Vollst\u00e4ndiger Bericht des Expertengremiums herunterladen                                        <\/a>\n                <\/div>\n            <\/div>\n<!-- \/module buttons -->\n        <\/div>\n                        <\/div>\n        <\/div>\n                        <div  data-lazy=\"1\" class=\"module_row themify_builder_row tb_ih60383 tf_w\">\n                        <div class=\"row_inner col_align_top tb_col_count_1 tf_box tf_rel\">\n                        <div  data-lazy=\"1\" class=\"module_column tb-column tb_xdke689 first\">\n                            <\/div>\n                        <\/div>\n        <\/div>\n                        <div  data-lazy=\"1\" class=\"module_row themify_builder_row tb_krhw247 tf_w\">\n                        <div class=\"row_inner col_align_top tb_col_count_1 tf_box tf_rel\">\n                        <div  data-lazy=\"1\" class=\"module_column tb-column col-full tb_o17z247 first\">\n                            <\/div>\n                        <\/div>\n        <\/div>\n        <\/div>\n<!--\/themify_builder_content-->","protected":false},"excerpt":{"rendered":"<p>Personas PROFILE VON KINDERN, DIE VON SCHLAGANFALL BETROFFEN SIND Um die Erfahrungen von Kindern, die von einem Schlaganfall betroffen sind, im Designprozess besser sichtbar zu machen, haben wir auf der Grundlage unserer Forschung detaillierte Personas entwickelt. Eine Persona ist ein fiktives, aber forschungsbasiertes Profil, das die wichtigsten Merkmale, Bed\u00fcrfnisse und Verhaltensweisen einer Benutzergruppe darstellt. In diesem Projekt erfasst jede Persona<a class=\"more-link\" href=\"https:\/\/build-care.eu\/de\/personas\/\"><span class=\"screen-reader-text\">\"PERSONAS\"<\/span> weiterlesen<\/a><\/p>","protected":false},"author":2,"featured_media":0,"parent":0,"menu_order":0,"comment_status":"closed","ping_status":"closed","template":"","meta":{"footnotes":""},"class_list":["post-1379","page","type-page","status-publish","hentry","entry"],"_links":{"self":[{"href":"https:\/\/build-care.eu\/de\/wp-json\/wp\/v2\/pages\/1379","targetHints":{"allow":["GET"]}}],"collection":[{"href":"https:\/\/build-care.eu\/de\/wp-json\/wp\/v2\/pages"}],"about":[{"href":"https:\/\/build-care.eu\/de\/wp-json\/wp\/v2\/types\/page"}],"author":[{"embeddable":true,"href":"https:\/\/build-care.eu\/de\/wp-json\/wp\/v2\/users\/2"}],"replies":[{"embeddable":true,"href":"https:\/\/build-care.eu\/de\/wp-json\/wp\/v2\/comments?post=1379"}],"version-history":[{"count":1381,"href":"https:\/\/build-care.eu\/de\/wp-json\/wp\/v2\/pages\/1379\/revisions"}],"predecessor-version":[{"id":10857,"href":"https:\/\/build-care.eu\/de\/wp-json\/wp\/v2\/pages\/1379\/revisions\/10857"}],"wp:attachment":[{"href":"https:\/\/build-care.eu\/de\/wp-json\/wp\/v2\/media?parent=1379"}],"curies":[{"name":"wp","href":"https:\/\/api.w.org\/{rel}","templated":true}]}}